{"id":1286,"date":"2016-11-10T10:47:15","date_gmt":"2016-11-10T09:47:15","guid":{"rendered":"https:\/\/www.rijeka.hr\/en\/?page_id=1286"},"modified":"2020-09-15T11:00:31","modified_gmt":"2020-09-15T09:00:31","slug":"elementary-schools","status":"publish","type":"page","link":"https:\/\/www.rijeka.hr\/en\/city-government\/institutions\/educational-institutions\/elementary-schools\/","title":{"rendered":"Elementary schools"},"content":{"rendered":"<p><a href=\"https:\/\/www.rijeka.hr\/wp-content\/uploads\/2016\/10\/OS-SE-Dolac.jpg\" data-rel=\"lightbox-image-0\" data-rl_title=\"\" data-rl_caption=\"\" title=\"\"><img decoding=\"async\" class=\"alignnone wp-image-28573 size-medium\" src=\"https:\/\/www.rijeka.hr\/wp-content\/uploads\/2016\/10\/OS-SE-Dolac-600x450.jpg\" alt=\"OS SE Dolac\" \/><\/a><\/p>\n\n     <div class=\"component component-address-book\">\n        <div class=\"component-content\">\n            <table>\n                <thead>\n                    <tr>\n                                                    <th>Phone<\/th>\n                        \n                                                    <th>Fax<\/th>\n                        \n                                                    <th>Address<\/th>\n                        \n                                                    <th>Contact Person<\/th>\n                        \n                                                    <th>Email<\/th>\n                        \n                                                    <th>Web<\/th>\n                                            <\/tr>\n                <\/thead>\n                <tbody>\n                    <tr class=\"title\">\n\t<th colspan=\"6\"><h2>Elementary schools<\/h2><\/th>\n<\/tr><tr class=\"contact\">\n\t<th class=\"meta-title\">Elementary school Nikola Tesla<\/th>\n\t\t\t<td class=\"meta-phone\">\n\t\t\t\t\t\t\t<span class=\"description\">T. <\/span><a href=\"tel:+385 51 315 229\">+385 51 315 229<\/a>\n\t\t\t\t\t\t\t\t\t  <br><span class=\"description\">T. <\/span><a href=\"tel:+385 51 315 226\">+385 51 315 226<\/a>\n\t\t\t\t\t<\/td>\n\t\t\t\t<td class=\"meta-fax\">\n\t\t  \t  \t  <span class=\"description\">F. <\/span>+385 51 317 165\t\t  \t\t<\/td>\n\t\t\t\t<td class=\"meta-address\">\n\t\t\tTrg Ivana Klobu\u010dari\u0107a 1, Rijeka\t\t<\/td>\n\t\t\t\t<td class=\"meta-contact-person\">\n\t\t\t\t\t\t\t\n\t\t\t\t\t\t\t\t\t\n\t\t\t\t\t<span class=\"meta\">Head<\/span><br><span class=\"meta\">Tatjana Bandera-Mrakov\u010di\u0107<\/span><br>\t\t\t\t\t\n\t\t\t\t\n\t\t\t\t\t<\/td>\n\t\t\t\t<td class=\"meta-email\"><a href=\"m&#97;&#105;&#x6c;&#x74;&#x6f;:&#111;&#115;&#x2d;&#x6e;&#x74;es&#108;&#x61;&#x40;&#x6e;et&#46;&#104;&#x72;\">&#111;&#x73;&#45;&#x6e;&#116;&#x65;s&#x6c;a&#64;&#x6e;&#101;&#x74;&#46;&#x68;r<\/a><\/td>\n\t\t\t\t<td class=\"meta-url\"><a href=\"http:\/\/www.os-ntesla-ri.skole.hr\/\">http:\/\/www.os-ntesla-ri.skole.hr\/<\/a><\/td>\n\t<\/tr><tr class=\"contact\">\n\t<th class=\"meta-title\">Elementary school San Nicolo<\/th>\n\t\t\t<td class=\"meta-phone\">\n\t\t\t\t\t\t\t<span class=\"description\">T. <\/span><a href=\"tel:+385 51 641 524\">+385 51 641 524<\/a>\n\t\t\t\t\t\t\t\t<\/td>\n\t\t\t\t<td class=\"meta-fax\">\n\t\t  \t  \t  <span class=\"description\">F. <\/span>+385 51 645 915\t\t  \t\t<\/td>\n\t\t\t\t<td class=\"meta-address\">\n\t\t\tMirka \u010curbega 18\t\t<\/td>\n\t\t\t\t<td class=\"meta-contact-person\">\n\t\t\t\t\t\t\t\n\t\t\t\t\t\t\t\t\t\n\t\t\t\t\t<span class=\"meta\">Head<\/span><br><span class=\"meta\">Iva Bradaschia Ko\u017eul<\/span><br>\t\t\t\t\t\n\t\t\t\t\n\t\t\t\t\t<\/td>\n\t\t\t\t<td class=\"meta-email\"><a href=\"&#x6d;&#x61;&#x69;&#108;&#116;&#111;:s&#x65;&#x40;&#x6f;&#x73;&#45;&#115;an&#x2d;&#x6e;&#x69;&#x63;&#111;&#108;o-&#x72;&#x69;&#x2e;&#x73;&#107;&#111;&#108;e&#46;&#x68;&#x72;\">s&#101;&#64;&#111;&#x73;&#x2d;&#x73;an&#45;&#110;&#x69;&#x63;&#x6f;&#x6c;o-&#114;&#105;&#x2e;&#x73;&#x6b;&#x6f;l&#101;&#46;&#104;&#x72;<\/a><\/td>\n\t\t\t\t<td class=\"meta-url\"><a href=\"http:\/\/os-san-nicolo-ri.skole.hr\/\">http:\/\/os-san-nicolo-ri.skole.hr\/<\/a><\/td>\n\t<\/tr><tr class=\"contact\">\n\t<th class=\"meta-title\">Elementary school Zamet<\/th>\n\t\t\t<td class=\"meta-phone\">\n\t\t\t\t\t\t\t<span class=\"description\">T. <\/span><a href=\"tel:+385 51 631 224 \">+385 51 631 224 <\/a>\n\t\t\t\t\t\t\t\t\t  <br><span class=\"description\">T. <\/span><a href=\"tel:+385 51 261 113\">+385 51 261 113<\/a>\n\t\t\t\t\t<\/td>\n\t\t\t\t<td class=\"meta-fax\">\n\t\t  \t  \t  <span class=\"description\">F. <\/span>+385 51 685 050\t\t  \t\t<\/td>\n\t\t\t\t<td class=\"meta-address\">\n\t\t\tBo\u017ee Vidasa 12, Rijeka\t\t<\/td>\n\t\t\t\t<td class=\"meta-contact-person\">\n\t\t\t\t\t\t\t\n\t\t\t\t\t\t\t\t\t\n\t\t\t\t\t<span class=\"meta\">Head<\/span><br><span class=\"meta\">Marjana Ser\u0161i\u0107<\/span><br>\t\t\t\t\t\n\t\t\t\t\n\t\t\t\t\t<\/td>\n\t\t\t\t<td class=\"meta-email\"><a href=\"&#109;&#x61;i&#x6c;&#x74;&#111;&#x3a;z&#97;&#x6d;&#101;&#x74;&#64;&#111;&#x73;-&#x7a;a&#109;&#x65;t&#x2d;&#x72;&#105;&#x2e;s&#107;&#x6f;&#108;&#x65;&#46;&#104;&#x72;\">&#x7a;&#97;m&#x65;&#x74;&#64;o&#x73;&#x2d;&#122;a&#x6d;&#x65;&#116;-&#x72;&#x69;&#46;s&#x6b;&#111;&#108;e&#x2e;&#104;r<\/a><\/td>\n\t\t\t\t<td class=\"meta-url\"><a href=\"http:\/\/www.os-zamet-ri.skole.hr\/\">http:\/\/www.os-zamet-ri.skole.hr\/<\/a><\/td>\n\t<\/tr><tr class=\"contact\">\n\t<th class=\"meta-title\">Elementary school of classical ballet and modern dance<\/th>\n\t\t\t<td class=\"meta-phone\">\n\t\t\t\t\t\t\t<span class=\"description\">T. <\/span><a href=\"tel:+385 51 455 682\">+385 51 455 682<\/a>\n\t\t\t\t\t\t\t\t\t  <br><span class=\"description\">T. <\/span><a href=\"tel:+385 51 453 868\">+385 51 453 868<\/a>\n\t\t\t\t\t<\/td>\n\t\t\t\t<td class=\"meta-fax\">\n\t\t  \t  \t  <span class=\"description\">F. <\/span>+385 51 455 680\t\t  \t\t<\/td>\n\t\t\t\t<td class=\"meta-address\">\n\t\t\tKvaternikova 49, Rijeka\t\t<\/td>\n\t\t\t\t<td class=\"meta-contact-person\">\n\t\t\t\t\t\t\t\n\t\t\t\t\t\t\t\t\t\n\t\t\t\t\t<span class=\"meta\">Head<\/span><br><span class=\"meta\">Violeta Nikoli\u0107<\/span><br>\t\t\t\t\t\n\t\t\t\t\n\t\t\t\t\t<\/td>\n\t\t\t\t<td class=\"meta-email\"><a href=\"&#109;&#97;&#x69;l&#116;&#x6f;&#x3a;v&#105;&#x6f;&#x6c;e&#116;&#x61;&#x2e;n&#105;&#x6b;&#x6f;l&#105;&#x63;&#x40;m&#101;&#x2e;c&#111;&#109;\">&#118;&#x69;o&#x6c;&#x65;&#116;&#x61;&#46;&#x6e;&#x69;&#107;&#x6f;l&#x69;&#x63;&#64;&#x6d;e&#x2e;&#x63;&#111;&#x6d;<\/a><\/td>\n\t\t\t\t<td class=\"meta-url\"><a href=\"http:\/\/www.os-vezica-ri.skole.hr\/\">http:\/\/www.os-vezica-ri.skole.hr\/<\/a><\/td>\n\t<\/tr><tr class=\"contact\">\n\t<th class=\"meta-title\">Elementary school Vladimir Gortan<\/th>\n\t\t\t<td class=\"meta-phone\">\n\t\t\t\t\t\t\t<span class=\"description\">T. <\/span><a href=\"tel:+385 51 218 749\">+385 51 218 749<\/a>\n\t\t\t\t\t\t\t\t\t  <br><span class=\"description\">T. <\/span><a href=\"tel:+385 51 218 781 \">+385 51 218 781 <\/a>\n\t\t\t\t\t<\/td>\n\t\t\t\t<td class=\"meta-fax\">\n\t\t  \t  \t  <span class=\"description\">F. <\/span>+385 51 218 749\t\t  \t\t<\/td>\n\t\t\t\t<td class=\"meta-address\">\n\t\t\tPrilaz Vladimira Gortana 2, Rijeka\t\t<\/td>\n\t\t\t\t<td class=\"meta-contact-person\">\n\t\t\t\t\t\t\t\n\t\t\t\t\t\t\t\t\t\n\t\t\t\t\t<span class=\"meta\">Head<\/span><br><span class=\"meta\">Ana Bio\u010di\u0107<\/span><br>\t\t\t\t\t\n\t\t\t\t\n\t\t\t\t\t<\/td>\n\t\t\t\t<td class=\"meta-email\"><a href=\"m&#97;&#x69;&#x6c;t&#111;&#58;&#x75;&#x72;e&#100;&#64;&#x6f;&#x73;-&#118;&#x67;&#x6f;&#x72;t&#97;&#x6e;&#x2d;r&#105;&#46;&#x73;&#x6b;o&#108;&#101;&#x2e;&#x68;r\">&#117;&#x72;&#101;&#x64;&#64;&#x6f;&#115;&#x2d;&#118;&#x67;&#111;&#x72;&#116;&#x61;&#110;&#x2d;&#114;&#x69;&#46;&#x73;&#107;&#x6f;&#108;&#x65;&#46;&#x68;&#114;<\/a><\/td>\n\t\t\t\t<td class=\"meta-url\"><a href=\"http:\/\/os-vgortan-ri.skole.hr\/\">http:\/\/os-vgortan-ri.skole.hr\/<\/a><\/td>\n\t<\/tr><tr class=\"contact\">\n\t<th class=\"meta-title\">Elementary school Ve\u017eica<\/th>\n\t\t\t<td class=\"meta-phone\">\n\t\t\t\t\t\t\t<span class=\"description\">T. <\/span><a href=\"tel:+385 51 455 682 \">+385 51 455 682 <\/a>\n\t\t\t\t\t\t\t\t\t  <br><span class=\"description\">T. <\/span><a href=\"tel:+385 51 453 868\">+385 51 453 868<\/a>\n\t\t\t\t\t<\/td>\n\t\t\t\t<td class=\"meta-fax\">\n\t\t  \t  \t  <span class=\"description\">F. <\/span>+385 51 455 680\t\t  \t\t<\/td>\n\t\t\t\t<td class=\"meta-address\">\n\t\t\tKvaternikova ulica 49, Rijeka\t\t<\/td>\n\t\t\t\t<td class=\"meta-contact-person\">\n\t\t\t\t\t\t\t\n\t\t\t\t\t\t\t\t\t\n\t\t\t\t\t<span class=\"meta\">Head<\/span><br><span class=\"meta\">Violeta Nikoli\u0107<\/span><br>\t\t\t\t\t\n\t\t\t\t\n\t\t\t\t\t<\/td>\n\t\t\t\t<td class=\"meta-email\"><a href=\"&#x6d;a&#x69;&#108;&#x74;&#111;:&#x69;&#115;&#x6b;&#111;l&#x61;&#64;&#x6f;&#115;-&#x76;e&#x7a;&#105;&#x63;&#x61;-&#x72;&#105;&#x2e;&#115;k&#x6f;&#108;&#x65;&#46;h&#x72;\">&#x69;&#115;k&#x6f;&#x6c;&#97;&#64;&#x6f;&#x73;&#45;v&#x65;&#122;i&#x63;&#x61;&#45;r&#x69;&#x2e;&#115;k&#x6f;&#108;&#101;&#x2e;&#x68;&#114;<\/a><\/td>\n\t\t\t\t<td class=\"meta-url\"><a href=\"http:\/\/www.os-vezica-ri.skole.hr\/\">http:\/\/www.os-vezica-ri.skole.hr\/<\/a><\/td>\n\t<\/tr><tr class=\"contact\">\n\t<th class=\"meta-title\">Elementary school Turni\u0107<\/th>\n\t\t\t<td class=\"meta-phone\">\n\t\t\t\t\t\t\t<span class=\"description\">T. <\/span><a href=\"tel:+385 51 659 480\">+385 51 659 480<\/a>\n\t\t\t\t\t\t\t\t\t  <br><span class=\"description\">T. <\/span><a href=\"tel:+385 51 659-481\">+385 51 659-481<\/a>\n\t\t\t\t\t<\/td>\n\t\t\t\t<td class=\"meta-fax\">\n\t\t  \t  \t  <span class=\"description\">F. <\/span>+385 51 645 286\t\t  \t\t<\/td>\n\t\t\t\t<td class=\"meta-address\">\n\t\t\tFranje \u010candeka 20, Rijeka\t\t<\/td>\n\t\t\t\t<td class=\"meta-contact-person\">\n\t\t\t\t\t\t\t\n\t\t\t\t\t\t\t\t\t\n\t\t\t\t\t<span class=\"meta\">Head<\/span><br><span class=\"meta\">Ljiljana Kula\u0161-Jutrovi\u0107<\/span><br>\t\t\t\t\t\n\t\t\t\t\n\t\t\t\t\t<\/td>\n\t\t\t\t<td class=\"meta-email\"><a href=\"&#x6d;&#x61;&#x69;&#x6c;&#x74;&#x6f;&#x3a;&#x6f;&#115;&#45;&#116;&#117;&#114;&#110;&#105;c&#64;os&#x2d;&#x74;&#x75;&#x72;&#x6e;&#x69;&#x63;&#x2d;&#x72;&#105;&#46;&#115;&#107;&#111;&#108;&#101;&#46;hr\">&#111;&#x73;&#x2d;t&#117;&#x72;&#x6e;i&#99;&#x40;o&#115;&#x2d;&#x74;u&#114;&#x6e;i&#99;&#x2d;&#x72;i&#46;&#x73;&#x6b;&#111;&#x6c;&#x65;&#46;&#104;&#x72;<\/a><\/td>\n\t\t\t\t<td class=\"meta-url\"><a href=\"http:\/\/www.os-turnic-ri.skole.hr\/\">http:\/\/www.os-turnic-ri.skole.hr\/<\/a><\/td>\n\t<\/tr><tr class=\"contact\">\n\t<th class=\"meta-title\">Elementary school Trsat<\/th>\n\t\t\t<td class=\"meta-phone\">\n\t\t\t\t\t\t\t<span class=\"description\">T. <\/span><a href=\"tel:+385 51 217 206\">+385 51 217 206<\/a>\n\t\t\t\t\t\t\t\t\t  <br><span class=\"description\">T. <\/span><a href=\"tel:+385 51 400 576  \">+385 51 400 576  <\/a>\n\t\t\t\t\t<\/td>\n\t\t\t\t<td class=\"meta-fax\">\n\t\t  \t  \t  <span class=\"description\">F. <\/span>+385 51 216 775\t\t  \t\t<\/td>\n\t\t\t\t<td class=\"meta-address\">\n\t\t\tSlavka Krautzeka 23, Rijeka\t\t<\/td>\n\t\t\t\t<td class=\"meta-contact-person\">\n\t\t\t\t\t\t\t\n\t\t\t\t\t\t\t\t\t\n\t\t\t\t\t<span class=\"meta\">Head<\/span><br><span class=\"meta\">Sonja Lefler<\/span><br>\t\t\t\t\t\n\t\t\t\t\n\t\t\t\t\t<\/td>\n\t\t\t\t<td class=\"meta-email\"><a href=\"&#109;&#97;&#x69;l&#116;&#x6f;&#x3a;o&#115;&#x2e;&#x74;r&#115;&#x61;t&#46;&#x72;&#x69;j&#101;&#x6b;&#x61;&#64;&#111;&#x73;-&#116;&#x72;&#x73;a&#116;&#x2d;&#x72;i&#46;&#x73;&#x6b;&#111;&#108;&#x65;&#46;&#104;&#x72;\">&#111;&#x73;&#x2e;&#116;&#x72;&#x73;a&#x74;&#x2e;r&#105;&#x6a;e&#107;&#x61;&#64;&#111;&#x73;-&#116;&#x72;s&#97;&#x74;&#x2d;&#114;&#x69;&#x2e;&#115;&#x6b;&#x6f;l&#x65;&#x2e;h&#114;<\/a><\/td>\n\t\t\t\t<td class=\"meta-url\"><a href=\"http:\/\/www.os-trsat-ri.skole.hr\/\">http:\/\/www.os-trsat-ri.skole.hr\/<\/a><\/td>\n\t<\/tr><tr class=\"contact\">\n\t<th class=\"meta-title\">Elementary school Srdo\u010di<\/th>\n\t\t\t<td class=\"meta-phone\">\n\t\t\t\t\t\t\t<span class=\"description\">T. <\/span><a href=\"tel:+385 51 625 950  \">+385 51 625 950  <\/a>\n\t\t\t\t\t\t\t\t\t  <br><span class=\"description\">T. <\/span><a href=\"tel:+385 51 625 797\">+385 51 625 797<\/a>\n\t\t\t\t\t<\/td>\n\t\t\t\t<td class=\"meta-fax\">\n\t\t  \t  \t  <span class=\"description\">F. <\/span>+385 51 628 371\t\t  \t\t<\/td>\n\t\t\t\t<td class=\"meta-address\">\n\t\t\tAnte Modru\u0161ana 33\t\t<\/td>\n\t\t\t\t<td class=\"meta-contact-person\">\n\t\t\t\t\t\t\t\n\t\t\t\t\t\t\t\t\t\n\t\t\t\t\t<span class=\"meta\">Head<\/span><br><span class=\"meta\">Ivan Vuki\u0107<\/span><br>\t\t\t\t\t\n\t\t\t\t\n\t\t\t\t\t<\/td>\n\t\t\t\t<td class=\"meta-email\"><a href=\"&#x6d;a&#x69;l&#x74;&#111;&#x3a;&#111;s&#x73;r&#x64;&#111;&#x63;&#105;&#x40;&#103;m&#x61;i&#x6c;&#46;&#x63;&#111;&#x6d;\">&#111;&#x73;s&#x72;d&#111;&#x63;&#105;&#x40;g&#109;&#x61;&#105;&#x6c;&#46;&#x63;&#x6f;&#109;<\/a><\/td>\n\t\t\t\t<td class=\"meta-url\"><a href=\"http:\/\/os-srdoci-ri.skole.hr\/\">http:\/\/os-srdoci-ri.skole.hr\/<\/a><\/td>\n\t<\/tr><tr class=\"contact\">\n\t<th class=\"meta-title\">Elementary school \u0160kurinje<\/th>\n\t\t\t<td class=\"meta-phone\">\n\t\t\t\t\t\t\t<span class=\"description\">T. <\/span><a href=\"tel:+385 51 511 595 \">+385 51 511 595 <\/a>\n\t\t\t\t\t\t\t\t\t  <br><span class=\"description\">T. <\/span><a href=\"tel:+385 51 516 237\">+385 51 516 237<\/a>\n\t\t\t\t\t<\/td>\n\t\t\t\t<td class=\"meta-fax\">\n\t\t  \t  \t  <span class=\"description\">F. <\/span>+385 51 516 237\t\t  \t\t<\/td>\n\t\t\t\t<td class=\"meta-address\">\n\t\t\tMiha\u010deva draga 13, Rijeka\t\t<\/td>\n\t\t\t\t<td class=\"meta-contact-person\">\n\t\t\t\t\t\t\t\n\t\t\t\t\t\t\t\t\t\n\t\t\t\t\t<span class=\"meta\">Head<\/span><br><span class=\"meta\">Orlando Bali\u010devi\u0107<\/span><br>\t\t\t\t\t\n\t\t\t\t\n\t\t\t\t\t<\/td>\n\t\t\t\t<td class=\"meta-email\"><a href=\"m&#97;&#x69;&#x6c;t&#111;&#x3a;&#x73;k&#111;&#x6c;&#x61;&#64;&#111;&#x73;&#x2d;s&#107;&#x75;&#x72;i&#110;&#106;&#x65;&#x2d;r&#105;&#x2e;&#x73;k&#111;&#x6c;&#x65;&#46;&#104;&#x72;\">&#115;&#x6b;o&#108;&#x61;&#64;&#111;&#x73;-&#x73;&#x6b;&#117;&#x72;i&#110;&#x6a;e&#45;&#x72;i&#x2e;&#x73;&#107;&#x6f;&#x6c;&#101;&#x2e;h&#114;<\/a><\/td>\n\t\t\t\t<td class=\"meta-url\"><a href=\"http:\/\/os-skurinje-ri.skole.hr\/\">http:\/\/os-skurinje-ri.skole.hr\/<\/a><\/td>\n\t<\/tr><tr class=\"contact\">\n\t<th class=\"meta-title\">Elementary school Podmurvice<\/th>\n\t\t\t<td class=\"meta-phone\">\n\t\t\t\t\t\t\t<span class=\"description\">T. <\/span><a href=\"tel:+385 51 675 404\">+385 51 675 404<\/a>\n\t\t\t\t\t\t\t\t\t  <br><span class=\"description\">T. <\/span><a href=\"tel:+385 51 678 177\">+385 51 678 177<\/a>\n\t\t\t\t\t<\/td>\n\t\t\t\t<td class=\"meta-fax\">\n\t\t  \t  \t  <span class=\"description\">F. <\/span>+385 51 676 177\t\t  \t\t<\/td>\n\t\t\t\t<td class=\"meta-address\">\n\t\t\tPodmurvice 6\t\t<\/td>\n\t\t\t\t<td class=\"meta-contact-person\">\n\t\t\t\t\t\t\t\n\t\t\t\t\t\t\t\t\t\n\t\t\t\t\t<span class=\"meta\">Head<\/span><br><span class=\"meta\">Loredana Jakomini\u0107<\/span><br>\t\t\t\t\t\n\t\t\t\t\n\t\t\t\t\t<\/td>\n\t\t\t\t<td class=\"meta-email\"><a href=\"&#109;&#x61;&#x69;l&#116;&#x6f;&#x3a;o&#115;&#x70;o&#100;&#x6d;&#x75;r&#118;&#x69;c&#101;&#x40;&#x6f;s&#45;&#x70;&#x6f;&#100;&#x6d;&#x75;r&#118;&#x69;&#x63;e&#45;&#x72;i&#46;&#x73;&#x6b;o&#108;&#x65;&#46;&#104;&#x72;\">&#111;&#x73;p&#111;&#x64;m&#117;&#x72;v&#105;&#x63;e&#64;&#x6f;s&#45;&#x70;o&#100;&#x6d;u&#114;&#x76;i&#99;&#x65;-&#114;&#x69;&#46;&#115;&#x6b;o&#x6c;&#x65;&#46;&#x68;&#x72;<\/a><\/td>\n\t\t\t\t<td class=\"meta-url\"><a href=\"http:\/\/www.os-podmurvice-ri.skole.hr\/\">http:\/\/www.os-podmurvice-ri.skole.hr\/<\/a><\/td>\n\t<\/tr><tr class=\"contact\">\n\t<th class=\"meta-title\">Elementary school Pehlin<\/th>\n\t\t\t<td class=\"meta-phone\">\n\t\t\t\t\t\t\t<span class=\"description\">T. <\/span><a href=\"tel:+385 51 260 217\">+385 51 260 217<\/a>\n\t\t\t\t\t\t\t\t\t  <br><span class=\"description\">T. <\/span><a href=\"tel:+385 51 269 296\">+385 51 269 296<\/a>\n\t\t\t\t\t<\/td>\n\t\t\t\t<td class=\"meta-fax\">\n\t\t  \t  \t  <span class=\"description\">F. <\/span>+385 51 329 008\t\t  \t\t<\/td>\n\t\t\t\t<td class=\"meta-address\">\n\t\t\tPehlin 34,\t\t<\/td>\n\t\t\t\t<td class=\"meta-contact-person\">\n\t\t\t\t\t\t\t\n\t\t\t\t\t\t\t\t\t\n\t\t\t\t\t<span class=\"meta\">Head<\/span><br><span class=\"meta\">\u017deljko \u0160imun<\/span><br>\t\t\t\t\t\n\t\t\t\t\n\t\t\t\t\t<\/td>\n\t\t\t\t<td class=\"meta-email\"><a href=\"&#109;&#x61;&#x69;l&#116;&#x6f;:&#117;&#x72;e&#100;&#x40;o&#115;&#x2d;&#x70;&#101;&#x63;&#x69;n&#101;&#x2d;r&#105;&#x2e;s&#107;&#x6f;&#x6c;&#101;&#x2e;&#x68;r\">ured&#64;o&#115;&#45;&#112;&#101;&#99;&#105;&#110;&#x65;&#x2d;&#x72;&#x69;&#x2e;&#x73;&#x6b;&#x6f;&#x6c;&#x65;&#x2e;&#x68;r<\/a><\/td>\n\t\t\t\t<td class=\"meta-url\"><a href=\"http:\/\/www.os-pehlin-ri.skole.hr\/\">http:\/\/www.os-pehlin-ri.skole.hr\/<\/a><\/td>\n\t<\/tr><tr class=\"contact\">\n\t<th class=\"meta-title\">Elementary school Pe\u0107ine<\/th>\n\t\t\t<td class=\"meta-phone\">\n\t\t\t\t\t\t\t<span class=\"description\">T. <\/span><a href=\"tel:+385 51 217 035\">+385 51 217 035<\/a>\n\t\t\t\t\t\t\t\t\t  <br><span class=\"description\">T. <\/span><a href=\"tel:+385 51 216 179\">+385 51 216 179<\/a>\n\t\t\t\t\t<\/td>\n\t\t\t\t<td class=\"meta-fax\">\n\t\t  \t  \t  <span class=\"description\">F. <\/span>+385 51 458 648\t\t  \t\t<\/td>\n\t\t\t\t<td class=\"meta-address\">\n\t\t\t\u0160etali\u0161te 13. divizije 25 \t\t<\/td>\n\t\t\t\t<td class=\"meta-contact-person\">\n\t\t\t\t\t\t\t\n\t\t\t\t\t\t\t\t\t\n\t\t\t\t\t<span class=\"meta\">Head<\/span><br><span class=\"meta\">Jasna Vukoni\u0107-\u017duni\u010d<\/span><br>\t\t\t\t\t\n\t\t\t\t\n\t\t\t\t\t<\/td>\n\t\t\t\t<td class=\"meta-email\"><a href=\"&#x6d;&#x61;&#x69;&#x6c;&#116;&#111;&#58;ur&#x65;&#x64;&#x40;&#x6f;&#x73;&#45;&#112;&#101;ci&#x6e;&#x65;&#x2d;&#x72;&#x69;&#46;&#115;&#107;ol&#x65;&#x2e;&#x68;&#x72;\">u&#114;&#101;&#100;&#x40;&#x6f;&#x73;-p&#101;&#99;&#x69;&#x6e;&#x65;&#x2d;ri&#46;&#115;&#x6b;&#x6f;&#x6c;&#x65;&#46;&#104;&#114;<\/a><\/td>\n\t\t\t\t<td class=\"meta-url\"><a href=\"http:\/\/www.os-pecine-ri.skole.hr\/\">http:\/\/www.os-pecine-ri.skole.hr\/<\/a><\/td>\n\t<\/tr><tr class=\"contact\">\n\t<th class=\"meta-title\">Rijeka Autism Centre<\/th>\n\t\t\t<td class=\"meta-phone\">\n\t\t\t\t\t\t\t<span class=\"description\">T. <\/span><a href=\"tel:+385 51 648 715\">+385 51 648 715<\/a>\n\t\t\t\t\t\t\t\t\t  <br><span class=\"description\">T. <\/span><a href=\"tel:+385 51 642 465\">+385 51 642 465<\/a>\n\t\t\t\t\t<\/td>\n\t\t\t\t<td class=\"meta-fax\">\n\t\t  \t\t<\/td>\n\t\t\t\t<td class=\"meta-address\">\n\t\t\tStane Von\u010dine 1, 51000 Rijeka\t\t<\/td>\n\t\t\t\t<td class=\"meta-contact-person\">\n\t\t\t\t\t\t\t\n\t\t\t\t\t\t\t\t\t\n\t\t\t\t\t<span class=\"meta\">Head<\/span><br><span class=\"meta\">Sandra \u010cavrak<\/span><br>\t\t\t\t\t\n\t\t\t\t\n\t\t\t\t\t<\/td>\n\t\t\t\t<td class=\"meta-email\"><a href=\"&#x6d;&#x61;&#x69;&#x6c;&#x74;&#x6f;&#x3a;&#x61;&#x75;&#x74;&#x69;&#x7a;&#x61;&#x6d;&#x2e;&#x72;&#x69;&#x40;&#x67;&#x6d;&#x61;&#x69;&#x6c;&#x2e;&#x63;&#x6f;&#x6d;\">&#97;&#x75;&#116;&#x69;&#122;&#x61;&#109;&#x2e;r&#x69;&#64;&#x67;m&#x61;i&#108;&#x2e;&#99;&#x6f;&#109;<\/a><\/td>\n\t\t\t\t<td class=\"meta-url\"><a href=\"http:\/\/cza-ri.hr\/en\/center-for-autism-rijeka-2\/\">http:\/\/cza-ri.hr\/en\/center-for-autism-rijeka-2\/<\/a><\/td>\n\t<\/tr><tr class=\"contact\">\n\t<th class=\"meta-title\">Elementary school Kozala<\/th>\n\t\t\t<td class=\"meta-phone\">\n\t\t\t\t\t\t\t<span class=\"description\">T. <\/span><a href=\"tel:+385 51 516 997\">+385 51 516 997<\/a>\n\t\t\t\t\t\t\t\t<\/td>\n\t\t\t\t<td class=\"meta-fax\">\n\t\t  \t  \t  <span class=\"description\">F. <\/span>+385 51 689 945\t\t  \t\t<\/td>\n\t\t\t\t<td class=\"meta-address\">\n\t\t\tAnte Kova\u010di\u0107a 21, Rijeka\t\t<\/td>\n\t\t\t\t<td class=\"meta-contact-person\">\n\t\t\t\t\t\t\t\n\t\t\t\t\t\t\t\t\t\n\t\t\t\t\t<span class=\"meta\">Head<\/span><br><span class=\"meta\">Kim Ani\u0107<\/span><br>\t\t\t\t\t\n\t\t\t\t\n\t\t\t\t\t<\/td>\n\t\t\t\t<td class=\"meta-email\"><a href=\"&#109;&#x61;&#105;&#x6c;&#116;&#x6f;:&#x6f;s&#107;&#x6f;&#122;&#x61;&#108;&#x61;&#64;&#x6f;s&#45;&#x6b;&#111;&#x7a;&#97;&#x6c;&#97;&#x2d;r&#x69;&#46;&#115;&#x6b;&#111;&#x6c;&#101;&#x2e;h&#x72;\">&#x6f;&#x73;&#x6b;&#x6f;&#x7a;&#x61;&#x6c;&#97;&#64;&#111;&#115;&#45;koza&#x6c;&#x61;&#x2d;&#x72;&#x69;&#x2e;&#x73;&#x6b;&#111;&#108;&#101;&#46;&#104;r<\/a><\/td>\n\t\t\t\t<td class=\"meta-url\"><a href=\"http:\/\/www.os-kozala-ri.skole.hr\/\">http:\/\/www.os-kozala-ri.skole.hr\/<\/a><\/td>\n\t<\/tr><tr class=\"contact\">\n\t<th class=\"meta-title\">Elementary school Kantrida<\/th>\n\t\t\t<td class=\"meta-phone\">\n\t\t\t\t\t\t\t<span class=\"description\">T. <\/span><a href=\"tel:+385 51 622 170\">+385 51 622 170<\/a>\n\t\t\t\t\t\t\t\t<\/td>\n\t\t\t\t<td class=\"meta-fax\">\n\t\t  \t  \t  <span class=\"description\">F. <\/span>+385 51 622 255\t\t  \t\t<\/td>\n\t\t\t\t<td class=\"meta-address\">\n\t\t\tIzvi\u0111a\u010dka 9, Rijeka\t\t<\/td>\n\t\t\t\t<td class=\"meta-contact-person\">\n\t\t\t\t\t\t\t\n\t\t\t\t\t\t\t\t\t\n\t\t\t\t\t<span class=\"meta\">Head<\/span><br><span class=\"meta\">Sanja Kvaternik Hren<\/span><br>\t\t\t\t\t\n\t\t\t\t\n\t\t\t\t\t<\/td>\n\t\t\t\t<td class=\"meta-email\"><a href=\"&#x6d;&#x61;&#x69;&#108;&#116;o:&#x72;&#x61;&#x76;&#x6e;&#97;&#116;el&#x6a;&#x40;&#x6f;&#115;&#45;&#107;an&#x74;&#x72;&#x69;&#100;&#97;-r&#x69;&#x2e;&#x73;&#x6b;&#111;&#108;e&#46;&#x68;&#x72;\">ravnatel&#106;&#64;&#111;&#115;&#45;&#107;&#97;&#110;&#116;&#114;&#x69;&#x64;&#x61;&#x2d;&#x72;&#x69;&#x2e;&#x73;&#x6b;&#x6f;&#x6c;&#x65;&#x2e;&#x68;&#x72;<\/a><\/td>\n\t\t\t\t<td class=\"meta-url\"><a href=\"http:\/\/www.os-kantrida-ri.skole.hr\/\">http:\/\/www.os-kantrida-ri.skole.hr\/<\/a><\/td>\n\t<\/tr><tr class=\"contact\">\n\t<th class=\"meta-title\">Elementary school Ivana Zajca<\/th>\n\t\t\t<td class=\"meta-phone\">\n\t\t\t\t\t\t\t<span class=\"description\">T. <\/span><a href=\"tel:+385 51 266 084\">+385 51 266 084<\/a>\n\t\t\t\t\t\t\t\t<\/td>\n\t\t\t\t<td class=\"meta-fax\">\n\t\t  \t  \t  <span class=\"description\">F. <\/span>+385 51 266 085\t\t  \t\t<\/td>\n\t\t\t\t<td class=\"meta-address\">\n\t\t\t\u0160kurinjska cesta 7a,\t\t<\/td>\n\t\t\t\t<td class=\"meta-contact-person\">\n\t\t\t\t\t\t\t\n\t\t\t\t\t\t\t\t\t\n\t\t\t\t\t<span class=\"meta\">Head<\/span><br><span class=\"meta\">Josipa Gra\u010danin<\/span><br>\t\t\t\t\t\n\t\t\t\t\n\t\t\t\t\t<\/td>\n\t\t\t\t<td class=\"meta-email\"><a href=\"&#109;&#x61;&#x69;l&#116;&#x6f;:&#115;&#x6b;o&#108;&#x61;&#64;&#111;&#x73;&#x2d;&#105;&#x7a;&#x61;j&#99;&#x61;-&#114;&#x69;&#46;&#115;&#x6b;&#x6f;&#108;&#x65;&#x2e;h&#114;\">&#x73;&#x6b;&#111;l&#x61;&#x40;&#111;&#115;-&#x69;&#x7a;&#97;&#106;c&#x61;&#x2d;&#114;i&#46;&#x73;&#x6b;&#111;l&#x65;&#x2e;&#104;&#114;<\/a><\/td>\n\t\t\t\t<td class=\"meta-url\"><a href=\"http:\/\/www.os-izajca-ri.skole.hr\/\">http:\/\/www.os-izajca-ri.skole.hr\/<\/a><\/td>\n\t<\/tr><tr class=\"contact\">\n\t<th class=\"meta-title\">Elementary school Gornja Ve\u017eica<\/th>\n\t\t\t<td class=\"meta-phone\">\n\t\t\t\t\t\t\t<span class=\"description\">T. <\/span><a href=\"tel:+385 51 411 516\">+385 51 411 516<\/a>\n\t\t\t\t\t\t\t\t<\/td>\n\t\t\t\t<td class=\"meta-fax\">\n\t\t  \t  \t  <span class=\"description\">F. <\/span>+385 51 411 516\t\t  \t\t<\/td>\n\t\t\t\t<td class=\"meta-address\">\n\t\t\tGornja Ve\u017eica 31, Rijeka\t\t<\/td>\n\t\t\t\t<td class=\"meta-contact-person\">\n\t\t\t\t\t\t\t\n\t\t\t\t\t\t\t\t\t\n\t\t\t\t\t<span class=\"meta\">Head<\/span><br><span class=\"meta\">Bojana Mate\u0161in<\/span><br>\t\t\t\t\t\n\t\t\t\t\n\t\t\t\t\t<\/td>\n\t\t\t\t<td class=\"meta-email\"><a href=\"&#x6d;a&#x69;&#108;&#x74;&#x6f;:&#x75;&#114;&#x65;&#x64;&#64;&#x6f;&#115;&#x2d;&#x67;o&#x72;&#110;&#x6a;&#x61;-&#x76;&#101;&#x7a;&#x69;c&#x61;&#45;&#x72;&#x69;&#46;&#x73;&#107;&#x6f;&#x6c;e&#x2e;&#104;&#x72;\">u&#114;&#101;&#x64;&#x40;&#x6f;&#x73;-&#103;&#111;&#114;&#x6e;&#x6a;&#x61;-v&#101;&#122;&#x69;&#x63;&#x61;-r&#105;&#46;&#x73;&#x6b;&#x6f;le&#46;&#104;&#x72;<\/a><\/td>\n\t\t\t\t<td class=\"meta-url\"><a href=\"http:\/\/os-gornja-vezica-ri.skole.hr\/\">http:\/\/os-gornja-vezica-ri.skole.hr\/<\/a><\/td>\n\t<\/tr><tr class=\"contact\">\n\t<th class=\"meta-title\">Elementary school Fran Frankovi\u0107<\/th>\n\t\t\t<td class=\"meta-phone\">\n\t\t\t\t\t\t\t<span class=\"description\">T. <\/span><a href=\"tel:+385 51 255 447\">+385 51 255 447<\/a>\n\t\t\t\t\t\t\t\t<\/td>\n\t\t\t\t<td class=\"meta-fax\">\n\t\t  \t  \t  <span class=\"description\">F. <\/span>+385 51 504 708\u00a0\t\t  \t\t<\/td>\n\t\t\t\t<td class=\"meta-address\">\n\t\t\tIvana \u017dor\u017ea 17a, Rijeka \t\t<\/td>\n\t\t\t\t<td class=\"meta-contact-person\">\n\t\t\t\t\t\t\t\n\t\t\t\t\t\t\t\t\t\n\t\t\t\t\t<span class=\"meta\">Head<\/span><br><span class=\"meta\">Marko Star\u010devi\u0107<\/span><br>\t\t\t\t\t\n\t\t\t\t\n\t\t\t\t\t<\/td>\n\t\t\t\t<td class=\"meta-email\"><a href=\"&#x6d;&#x61;&#x69;&#x6c;&#x74;&#x6f;&#x3a;&#x6f;&#x73;&#x2d;&#x66;&#x72;&#x61;&#x6e;&#x2e;&#x66;&#x72;&#x61;&#x6e;&#x6b;&#x6f;&#x76;&#x69;&#x63;&#x40;&#x72;&#x69;&#x2e;&#x74;&#x2d;&#x63;&#x6f;&#x6d;&#x2e;&#x68;&#x72;\">&#x6f;&#x73;&#x2d;&#x66;&#x72;&#x61;&#x6e;&#x2e;&#x66;&#x72;&#x61;&#x6e;&#x6b;&#x6f;&#x76;&#x69;&#x63;&#x40;&#x72;&#x69;&#x2e;&#x74;&#x2d;&#x63;&#x6f;&#x6d;&#x2e;&#x68;&#x72;<\/a><\/td>\n\t\t\t\t<td class=\"meta-url\"><a href=\"http:\/\/www.os-ffrankovic-ri.skole.hr\/\">http:\/\/www.os-ffrankovic-ri.skole.hr\/<\/a><\/td>\n\t<\/tr><tr class=\"contact\">\n\t<th class=\"meta-title\">Elementary school Eugen Kumi\u010di\u0107<\/th>\n\t\t\t<td class=\"meta-phone\">\n\t\t\t\t\t\t\t<span class=\"description\">T. <\/span><a href=\"tel:+385 51 642 129\">+385 51 642 129<\/a>\n\t\t\t\t\t\t\t\t\t  <br><span class=\"description\">T. <\/span><a href=\"tel:+385 51 689 150\">+385 51 689 150<\/a>\n\t\t\t\t\t<\/td>\n\t\t\t\t<td class=\"meta-fax\">\n\t\t  \t  \t  <span class=\"description\">F. <\/span>+385 51 689 154\t\t  \t\t<\/td>\n\t\t\t\t<td class=\"meta-address\">\n\t\t\tFranje \u010candeka 40, Rijeka\t\t<\/td>\n\t\t\t\t<td class=\"meta-contact-person\">\n\t\t\t\t\t\t\t\n\t\t\t\t\t\t\t\t\t\n\t\t\t\t\t<span class=\"meta\">Head<\/span><br><span class=\"meta\">Ana Ani\u0107 Opa\u0161i\u0107<\/span><br>\t\t\t\t\t\n\t\t\t\t\n\t\t\t\t\t<\/td>\n\t\t\t\t<td class=\"meta-email\"><a href=\"&#x6d;&#97;&#105;&#x6c;&#x74;&#111;&#58;&#x65;&#x6b;&#64;&#111;&#x73;&#x2d;&#101;&#107;&#x75;&#x6d;&#105;&#99;&#x69;&#x63;&#45;&#114;&#x69;&#x2e;&#115;&#107;&#x6f;&#x6c;&#101;&#46;&#x68;&#x72;\">&#x65;&#x6b;&#x40;&#x6f;&#x73;&#x2d;&#x65;&#x6b;&#117;&#109;&#105;&#99;&#105;&#99;&#45;ri&#46;s&#x6b;&#x6f;&#x6c;&#x65;&#x2e;&#x68;&#x72;<\/a><\/td>\n\t\t\t\t<td class=\"meta-url\"><a href=\"http:\/\/www.os-ekumicic-ri.skole.hr\/\">http:\/\/www.os-ekumicic-ri.skole.hr\/<\/a><\/td>\n\t<\/tr><tr class=\"contact\">\n\t<th class=\"meta-title\">Elementary school Centar<\/th>\n\t\t\t<td class=\"meta-phone\">\n\t\t\t\t\t\t\t<span class=\"description\">T. <\/span><a href=\"tel:+385 51 372 038\">+385 51 372 038<\/a>\n\t\t\t\t\t\t\t\t<\/td>\n\t\t\t\t<td class=\"meta-fax\">\n\t\t  \t  \t  <span class=\"description\">F. <\/span>+385 51 372 033\t\t  \t\t<\/td>\n\t\t\t\t<td class=\"meta-address\">\n\t\t\tPodhumskih \u017ertava 5, Rijeka\t\t<\/td>\n\t\t\t\t<td class=\"meta-contact-person\">\n\t\t\t\t\t\t\t\n\t\t\t\t\t\t\t\t\t\n\t\t\t\t\t<span class=\"meta\">Head<\/span><br><span class=\"meta\">Nedjeljka Debeli\u0107<\/span><br>\t\t\t\t\t\n\t\t\t\t\n\t\t\t\t\t<\/td>\n\t\t\t\t<td class=\"meta-email\"><a href=\"&#109;&#x61;&#105;&#x6c;t&#x6f;:&#99;&#x65;&#110;&#x74;&#97;&#x72;&#64;&#x6f;s&#45;&#x63;&#101;&#x6e;t&#x61;r&#x2d;&#x72;&#105;&#x2e;&#115;&#x6b;o&#x6c;e&#46;&#x68;&#114;\">centar&#64;o&#115;&#45;&#99;&#101;&#110;&#116;&#97;&#114;&#45;&#114;&#x69;&#x2e;&#x73;&#x6b;&#x6f;&#x6c;&#x65;&#x2e;&#x68;&#x72;<\/a><\/td>\n\t\t\t\t<td class=\"meta-url\"><a href=\"http:\/\/www.os-centar-ri.skole.hr\/\">http:\/\/www.os-centar-ri.skole.hr\/<\/a><\/td>\n\t<\/tr><tr class=\"contact\">\n\t<th class=\"meta-title\">Elementary school Brajda<\/th>\n\t\t\t<td class=\"meta-phone\">\n\t\t\t\t\t\t\t<span class=\"description\">T. <\/span><a href=\"tel:+385 51 500-744\">+385 51 500-744<\/a>\n\t\t\t\t\t\t\t\t\t  <br><span class=\"description\">T. <\/span><a href=\"tel:+385 51 500 353\">+385 51 500 353<\/a>\n\t\t\t\t\t<\/td>\n\t\t\t\t<td class=\"meta-fax\">\n\t\t  \t  \t  <span class=\"description\">F. <\/span>+385 51 500 011\t\t  \t\t<\/td>\n\t\t\t\t<td class=\"meta-address\">\n\t\t\tIvana Rendi\u0107a 6, Rijeka\t\t<\/td>\n\t\t\t\t<td class=\"meta-contact-person\">\n\t\t\t\t\t\t\t\n\t\t\t\t\t\t\t\t\t\n\t\t\t\t\t<span class=\"meta\">Head<\/span><br><span class=\"meta\">Adriana Rubignoni \u2013 Ceci\u0107<\/span><br>\t\t\t\t\t\n\t\t\t\t\n\t\t\t\t\t<\/td>\n\t\t\t\t<td class=\"meta-email\"><a href=\"&#x6d;&#97;&#x69;&#x6c;&#116;&#x6f;&#58;o&#x73;&#98;r&#x61;&#106;d&#x61;&#64;o&#x73;&#45;&#x62;&#x72;&#97;&#x6a;&#x64;&#97;&#x2d;&#114;i&#x2e;&#115;k&#x6f;&#108;e&#x2e;&#104;r\">&#111;&#x73;b&#x72;&#x61;&#106;&#x64;a&#x40;&#x6f;&#115;&#x2d;b&#x72;&#x61;&#106;&#x64;a&#x2d;&#x72;&#105;&#x2e;s&#x6b;&#x6f;&#108;&#x65;&#46;&#x68;&#x72;<\/a><\/td>\n\t\t\t\t<td class=\"meta-url\"><a href=\"http:\/\/os-brajda-ri.skole.hr\/\">http:\/\/os-brajda-ri.skole.hr\/<\/a><\/td>\n\t<\/tr><tr class=\"contact\">\n\t<th class=\"meta-title\">Elementary school Gelsi<\/th>\n\t\t\t<td class=\"meta-phone\">\n\t\t\t\t\t\t\t<span class=\"description\">T. <\/span><a href=\"tel:+385 51 675 837\">+385 51 675 837<\/a>\n\t\t\t\t\t\t\t\t<\/td>\n\t\t\t\t<td class=\"meta-fax\">\n\t\t  \t  \t  <span class=\"description\">F. <\/span>+385 51 678 680\t\t  \t\t<\/td>\n\t\t\t\t<td class=\"meta-address\">\n\t\t\tVukovarska 27, Rijeka\t\t<\/td>\n\t\t\t\t<td class=\"meta-contact-person\">\n\t\t\t\t\t\t\t\n\t\t\t\t\t\t\t\t\t\n\t\t\t\t\t<span class=\"meta\">Head<\/span><br><span class=\"meta\">Gloria Tijan<\/span><br>\t\t\t\t\t\n\t\t\t\t\n\t\t\t\t\t<\/td>\n\t\t\t\t<td class=\"meta-email\"><a href=\"ma&#105;&#108;&#116;&#111;&#x3a;&#x73;&#x65;&#x40;&#x6f;s-&#103;&#101;&#108;&#115;&#x69;&#x2d;&#x72;&#x69;&#x2e;sk&#111;&#108;&#101;&#46;&#x68;&#x72;\">se&#64;&#111;&#115;&#x2d;&#x67;&#x65;&#x6c;&#x73;i-&#114;&#105;&#46;&#x73;&#x6b;&#x6f;&#x6c;&#x65;&#46;h&#114;<\/a><\/td>\n\t\t\t\t<td class=\"meta-url\"><a href=\"http:\/\/os-gelsi-ri.skole.hr\/\">http:\/\/os-gelsi-ri.skole.hr\/<\/a><\/td>\n\t<\/tr><tr class=\"contact\">\n\t<th class=\"meta-title\">Elementary school Dolac<\/th>\n\t\t\t<td class=\"meta-phone\">\n\t\t\t\t\t\t\t<span class=\"description\">T. <\/span><a href=\"tel:+385 51 337 185 \">+385 51 337 185 <\/a>\n\t\t\t\t\t\t\t\t\t  <br><span class=\"description\">T. <\/span><a href=\"tel:+385 51 336 855\">+385 51 336 855<\/a>\n\t\t\t\t\t<\/td>\n\t\t\t\t<td class=\"meta-fax\">\n\t\t  \t\t<\/td>\n\t\t\t\t<td class=\"meta-address\">\n\t\t\tDolac 12, Rijeka\t\t<\/td>\n\t\t\t\t<td class=\"meta-contact-person\">\n\t\t\t\t\t\t\t\n\t\t\t\t\t\t\t\t\t\n\t\t\t\t\t<span class=\"meta\">Head<\/span><br><span class=\"meta\">Nadja Poropat<\/span><br>\t\t\t\t\t\n\t\t\t\t\n\t\t\t\t\t<\/td>\n\t\t\t\t<td class=\"meta-email\"><a href=\"m&#97;&#105;&#x6c;&#x74;&#x6f;&#x3a;u&#114;&#101;&#100;&#x40;&#x6f;&#x73;-d&#111;&#108;&#x61;&#x63;&#x2d;ri&#46;&#115;&#x6b;&#x6f;&#x6c;e&#46;&#104;&#114;\">u&#114;&#101;&#x64;&#x40;&#x6f;s-&#100;&#111;&#x6c;&#x61;&#x63;-&#114;&#105;&#46;&#x73;&#x6b;&#x6f;l&#101;&#46;&#x68;&#x72;<\/a><\/td>\n\t\t\t\t<td class=\"meta-url\"><a href=\"http:\/\/os-dolac-ri.skole.hr\/\">http:\/\/os-dolac-ri.skole.hr\/<\/a><\/td>\n\t<\/tr><tr class=\"contact\">\n\t<th class=\"meta-title\">Elementary school Belvedere<\/th>\n\t\t\t<td class=\"meta-phone\">\n\t\t\t\t\t\t\t<span class=\"description\">T. <\/span><a href=\"tel:+385 51 226 718  \">+385 51 226 718  <\/a>\n\t\t\t\t\t\t\t\t\t  <br><span class=\"description\">T. <\/span><a href=\"tel:+385 51 512 317\">+385 51 512 317<\/a>\n\t\t\t\t\t<\/td>\n\t\t\t\t<td class=\"meta-fax\">\n\t\t  \t  \t  <span class=\"description\">F. <\/span>+385 51 500 754 \t\t  \t\t<\/td>\n\t\t\t\t<td class=\"meta-address\">\n\t\t\tKozala 41, Rijeka\t\t<\/td>\n\t\t\t\t<td class=\"meta-contact-person\">\n\t\t\t\t\t\t\t\n\t\t\t\t\t\t\t\t\t\n\t\t\t\t\t<span class=\"meta\">Head<\/span><br><span class=\"meta\">Denis Stefan<\/span><br>\t\t\t\t\t\n\t\t\t\t\n\t\t\t\t\t<\/td>\n\t\t\t\t<td class=\"meta-email\"><a href=\"mailto:belvedere&#64;os-belv&#101;&#100;&#101;&#114;&#101;&#45;&#114;&#105;&#46;&#115;&#107;&#111;&#108;&#101;&#46;&#104;&#114;\">&#98;&#x65;&#x6c;v&#101;&#x64;e&#114;&#x65;&#x40;o&#115;&#x2d;b&#101;&#x6c;&#x76;e&#100;&#x65;r&#101;&#x2d;&#x72;&#105;&#46;&#x73;k&#111;&#x6c;&#x65;&#46;&#x68;&#x72;<\/a><\/td>\n\t\t\t\t<td class=\"meta-url\"><a href=\"http:\/\/os-belvedere-ri.skole.hr\/\">http:\/\/os-belvedere-ri.skole.hr\/<\/a><\/td>\n\t<\/tr><tr class=\"contact\">\n\t<th class=\"meta-title\">Education centre  - as elementary school and high school <\/th>\n\t\t\t<td class=\"meta-phone\">\n\t\t\t\t\t\t\t<span class=\"description\">T. <\/span><a href=\"tel:+385 51 344 145  \">+385 51 344 145  <\/a>\n\t\t\t\t\t\t\t\t\t  <br><span class=\"description\">T. <\/span><a href=\"tel:+385 51 344 146\">+385 51 344 146<\/a>\n\t\t\t\t\t<\/td>\n\t\t\t\t<td class=\"meta-fax\">\n\t\t  \t  \t  <span class=\"description\">F. <\/span>+385 51 344 423\t\t  \t\t<\/td>\n\t\t\t\t<td class=\"meta-address\">\n\t\t\tSenjskih uskoka 2, Rijeka\t\t<\/td>\n\t\t\t\t<td class=\"meta-contact-person\">\n\t\t\t\t\t\t\t\n\t\t\t\t\t\t\t\t\t\n\t\t\t\t\t<span class=\"meta\">Head<\/span><br><span class=\"meta\">Ivone \u0160abari\u0107 Rube\u0161a<\/span><br>\t\t\t\t\t\n\t\t\t\t\n\t\t\t\t\t<\/td>\n\t\t\t\t<td class=\"meta-email\"><a href=\"&#x6d;&#x61;&#x69;&#x6c;&#116;&#111;&#58;ur&#x65;&#x64;&#x40;&#x63;&#x65;&#110;&#116;&#97;r-&#x6f;&#x64;&#x67;&#x6f;&#x6a;&#105;&#111;&#98;ra&#x7a;&#x6f;&#x76;&#x61;&#x6e;&#106;&#101;&#45;ri&#x2e;&#x73;&#x6b;&#x6f;&#x6c;&#101;&#46;&#104;r\">&#117;&#114;&#x65;d&#64;&#x63;&#x65;n&#116;&#x61;&#x72;-&#111;&#x64;&#x67;o&#106;&#x69;&#x6f;b&#114;&#x61;&#x7a;o&#118;&#x61;n&#106;&#101;&#x2d;r&#105;&#x2e;&#x73;k&#111;&#x6c;&#x65;&#46;&#104;&#x72;<\/a><\/td>\n\t\t\t\t<td class=\"meta-url\"><a href=\"http:\/\/centar-odgojiobrazovanje-ri.skole.hr\/\">http:\/\/centar-odgojiobrazovanje-ri.skole.hr\/<\/a><\/td>\n\t<\/tr>                <\/tbody>\n            <\/table>\n        <\/div>\n    <\/div>\n\n    \n","protected":false},"excerpt":{"rendered":"","protected":false},"author":13,"featured_media":0,"parent":1278,"menu_order":0,"comment_status":"closed","ping_status":"closed","template":"","meta":{"_acf_changed":false,"_trash_the_other_posts":false,"footnotes":"","_links_to":"","_links_to_target":""},"tags":[],"class_list":["post-1286","page","type-page","status-publish","hentry"],"acf":[],"yoast_head":"<!-- This site is optimized with the Yoast SEO plugin v24.4 - https:\/\/yoast.com\/wordpress\/plugins\/seo\/ -->\n<title>Elementary schools - City of Rijeka<\/title>\n<meta name=\"robots\" content=\"index, follow, max-snippet:-1, max-image-preview:large, max-video-preview:-1\" \/>\n<link rel=\"canonical\" href=\"https:\/\/www.rijeka.hr\/en\/city-government\/institutions\/educational-institutions\/elementary-schools\/\" \/>\n<meta property=\"og:locale\" content=\"en_US\" \/>\n<meta property=\"og:type\" content=\"article\" \/>\n<meta property=\"og:title\" content=\"Elementary schools - City of Rijeka\" \/>\n<meta property=\"og:url\" content=\"https:\/\/www.rijeka.hr\/en\/city-government\/institutions\/educational-institutions\/elementary-schools\/\" \/>\n<meta property=\"og:site_name\" content=\"City of Rijeka\" \/>\n<meta property=\"article:modified_time\" content=\"2020-09-15T09:00:31+00:00\" \/>\n<meta property=\"og:image\" content=\"https:\/\/www.rijeka.hr\/wp-content\/uploads\/2016\/10\/OS-SE-Dolac-600x450.jpg\" \/>\n<meta name=\"twitter:card\" content=\"summary_large_image\" \/>\n<script type=\"application\/ld+json\" class=\"yoast-schema-graph\">{\"@context\":\"https:\/\/schema.org\",\"@graph\":[{\"@type\":\"WebPage\",\"@id\":\"https:\/\/www.rijeka.hr\/en\/city-government\/institutions\/educational-institutions\/elementary-schools\/\",\"url\":\"https:\/\/www.rijeka.hr\/en\/city-government\/institutions\/educational-institutions\/elementary-schools\/\",\"name\":\"Elementary schools - City of Rijeka\",\"isPartOf\":{\"@id\":\"https:\/\/www.rijeka.hr\/en\/#website\"},\"primaryImageOfPage\":{\"@id\":\"https:\/\/www.rijeka.hr\/en\/city-government\/institutions\/educational-institutions\/elementary-schools\/#primaryimage\"},\"image\":{\"@id\":\"https:\/\/www.rijeka.hr\/en\/city-government\/institutions\/educational-institutions\/elementary-schools\/#primaryimage\"},\"thumbnailUrl\":\"https:\/\/www.rijeka.hr\/wp-content\/uploads\/2016\/10\/OS-SE-Dolac-600x450.jpg\",\"datePublished\":\"2016-11-10T09:47:15+00:00\",\"dateModified\":\"2020-09-15T09:00:31+00:00\",\"breadcrumb\":{\"@id\":\"https:\/\/www.rijeka.hr\/en\/city-government\/institutions\/educational-institutions\/elementary-schools\/#breadcrumb\"},\"inLanguage\":\"en-US\",\"potentialAction\":[{\"@type\":\"ReadAction\",\"target\":[\"https:\/\/www.rijeka.hr\/en\/city-government\/institutions\/educational-institutions\/elementary-schools\/\"]}]},{\"@type\":\"ImageObject\",\"inLanguage\":\"en-US\",\"@id\":\"https:\/\/www.rijeka.hr\/en\/city-government\/institutions\/educational-institutions\/elementary-schools\/#primaryimage\",\"url\":\"https:\/\/www.rijeka.hr\/wp-content\/uploads\/2016\/10\/OS-SE-Dolac-600x450.jpg\",\"contentUrl\":\"https:\/\/www.rijeka.hr\/wp-content\/uploads\/2016\/10\/OS-SE-Dolac-600x450.jpg\"},{\"@type\":\"BreadcrumbList\",\"@id\":\"https:\/\/www.rijeka.hr\/en\/city-government\/institutions\/educational-institutions\/elementary-schools\/#breadcrumb\",\"itemListElement\":[{\"@type\":\"ListItem\",\"position\":1,\"name\":\"Po\u010detna stranica\",\"item\":\"https:\/\/www.rijeka.hr\/en\/\"},{\"@type\":\"ListItem\",\"position\":2,\"name\":\"City administration\",\"item\":\"https:\/\/www.rijeka.hr\/en\/city-government\/\"},{\"@type\":\"ListItem\",\"position\":3,\"name\":\"Institutions\",\"item\":\"https:\/\/www.rijeka.hr\/en\/city-government\/institutions\/\"},{\"@type\":\"ListItem\",\"position\":4,\"name\":\"Educational institutions\",\"item\":\"https:\/\/www.rijeka.hr\/en\/city-government\/institutions\/educational-institutions\/\"},{\"@type\":\"ListItem\",\"position\":5,\"name\":\"Elementary schools\"}]},{\"@type\":\"WebSite\",\"@id\":\"https:\/\/www.rijeka.hr\/en\/#website\",\"url\":\"https:\/\/www.rijeka.hr\/en\/\",\"name\":\"City of Rijeka\",\"description\":\"City of Rijeka web Portal\",\"potentialAction\":[{\"@type\":\"SearchAction\",\"target\":{\"@type\":\"EntryPoint\",\"urlTemplate\":\"https:\/\/www.rijeka.hr\/en\/?s={search_term_string}\"},\"query-input\":{\"@type\":\"PropertyValueSpecification\",\"valueRequired\":true,\"valueName\":\"search_term_string\"}}],\"inLanguage\":\"en-US\"}]}<\/script>\n<!-- \/ Yoast SEO plugin. -->","yoast_head_json":{"title":"Elementary schools - City of Rijeka","robots":{"index":"index","follow":"follow","max-snippet":"max-snippet:-1","max-image-preview":"max-image-preview:large","max-video-preview":"max-video-preview:-1"},"canonical":"https:\/\/www.rijeka.hr\/en\/city-government\/institutions\/educational-institutions\/elementary-schools\/","og_locale":"en_US","og_type":"article","og_title":"Elementary schools - City of Rijeka","og_url":"https:\/\/www.rijeka.hr\/en\/city-government\/institutions\/educational-institutions\/elementary-schools\/","og_site_name":"City of Rijeka","article_modified_time":"2020-09-15T09:00:31+00:00","og_image":[{"url":"https:\/\/www.rijeka.hr\/wp-content\/uploads\/2016\/10\/OS-SE-Dolac-600x450.jpg","type":"","width":"","height":""}],"twitter_card":"summary_large_image","schema":{"@context":"https:\/\/schema.org","@graph":[{"@type":"WebPage","@id":"https:\/\/www.rijeka.hr\/en\/city-government\/institutions\/educational-institutions\/elementary-schools\/","url":"https:\/\/www.rijeka.hr\/en\/city-government\/institutions\/educational-institutions\/elementary-schools\/","name":"Elementary schools - City of Rijeka","isPartOf":{"@id":"https:\/\/www.rijeka.hr\/en\/#website"},"primaryImageOfPage":{"@id":"https:\/\/www.rijeka.hr\/en\/city-government\/institutions\/educational-institutions\/elementary-schools\/#primaryimage"},"image":{"@id":"https:\/\/www.rijeka.hr\/en\/city-government\/institutions\/educational-institutions\/elementary-schools\/#primaryimage"},"thumbnailUrl":"https:\/\/www.rijeka.hr\/wp-content\/uploads\/2016\/10\/OS-SE-Dolac-600x450.jpg","datePublished":"2016-11-10T09:47:15+00:00","dateModified":"2020-09-15T09:00:31+00:00","breadcrumb":{"@id":"https:\/\/www.rijeka.hr\/en\/city-government\/institutions\/educational-institutions\/elementary-schools\/#breadcrumb"},"inLanguage":"en-US","potentialAction":[{"@type":"ReadAction","target":["https:\/\/www.rijeka.hr\/en\/city-government\/institutions\/educational-institutions\/elementary-schools\/"]}]},{"@type":"ImageObject","inLanguage":"en-US","@id":"https:\/\/www.rijeka.hr\/en\/city-government\/institutions\/educational-institutions\/elementary-schools\/#primaryimage","url":"https:\/\/www.rijeka.hr\/wp-content\/uploads\/2016\/10\/OS-SE-Dolac-600x450.jpg","contentUrl":"https:\/\/www.rijeka.hr\/wp-content\/uploads\/2016\/10\/OS-SE-Dolac-600x450.jpg"},{"@type":"BreadcrumbList","@id":"https:\/\/www.rijeka.hr\/en\/city-government\/institutions\/educational-institutions\/elementary-schools\/#breadcrumb","itemListElement":[{"@type":"ListItem","position":1,"name":"Po\u010detna stranica","item":"https:\/\/www.rijeka.hr\/en\/"},{"@type":"ListItem","position":2,"name":"City administration","item":"https:\/\/www.rijeka.hr\/en\/city-government\/"},{"@type":"ListItem","position":3,"name":"Institutions","item":"https:\/\/www.rijeka.hr\/en\/city-government\/institutions\/"},{"@type":"ListItem","position":4,"name":"Educational institutions","item":"https:\/\/www.rijeka.hr\/en\/city-government\/institutions\/educational-institutions\/"},{"@type":"ListItem","position":5,"name":"Elementary schools"}]},{"@type":"WebSite","@id":"https:\/\/www.rijeka.hr\/en\/#website","url":"https:\/\/www.rijeka.hr\/en\/","name":"City of Rijeka","description":"City of Rijeka web Portal","potentialAction":[{"@type":"SearchAction","target":{"@type":"EntryPoint","urlTemplate":"https:\/\/www.rijeka.hr\/en\/?s={search_term_string}"},"query-input":{"@type":"PropertyValueSpecification","valueRequired":true,"valueName":"search_term_string"}}],"inLanguage":"en-US"}]}},"_links":{"self":[{"href":"https:\/\/www.rijeka.hr\/en\/wp-json\/wp\/v2\/pages\/1286","targetHints":{"allow":["GET"]}}],"collection":[{"href":"https:\/\/www.rijeka.hr\/en\/wp-json\/wp\/v2\/pages"}],"about":[{"href":"https:\/\/www.rijeka.hr\/en\/wp-json\/wp\/v2\/types\/page"}],"author":[{"embeddable":true,"href":"https:\/\/www.rijeka.hr\/en\/wp-json\/wp\/v2\/users\/13"}],"replies":[{"embeddable":true,"href":"https:\/\/www.rijeka.hr\/en\/wp-json\/wp\/v2\/comments?post=1286"}],"version-history":[{"count":5,"href":"https:\/\/www.rijeka.hr\/en\/wp-json\/wp\/v2\/pages\/1286\/revisions"}],"predecessor-version":[{"id":9813,"href":"https:\/\/www.rijeka.hr\/en\/wp-json\/wp\/v2\/pages\/1286\/revisions\/9813"}],"up":[{"embeddable":true,"href":"https:\/\/www.rijeka.hr\/en\/wp-json\/wp\/v2\/pages\/1278"}],"wp:attachment":[{"href":"https:\/\/www.rijeka.hr\/en\/wp-json\/wp\/v2\/media?parent=1286"}],"wp:term":[{"taxonomy":"post_tag","embeddable":true,"href":"https:\/\/www.rijeka.hr\/en\/wp-json\/wp\/v2\/tags?post=1286"}],"curies":[{"name":"wp","href":"https:\/\/api.w.org\/{rel}","templated":true}]}}