{"id":13255,"date":"2022-11-08T12:31:11","date_gmt":"2022-11-08T11:31:11","guid":{"rendered":"https:\/\/www.rijeka.hr\/en\/?page_id=13255"},"modified":"2023-05-02T09:43:18","modified_gmt":"2023-05-02T07:43:18","slug":"garage-rastocine-conceptual-design","status":"publish","type":"page","link":"https:\/\/www.rijeka.hr\/en\/city-government\/city-projects\/ongoing-projects-2\/transport-and-mobility\/garage-rastocine-conceptual-design\/","title":{"rendered":"Garage Rasto\u010dine &#8211; Conceptual design"},"content":{"rendered":"<p>The construction of the garage is foreseen by the current spatial planning documentation of the City of Rijeka (General urban plan of the City of Rijeka, 2007). The garage is planned in the Rasto\u010dine housing estate, at the location which at present hosts a kindergarten (below residential skyscrapers the so called \u201ce\u0161evi\u201d), and has a connection to the same named street on the south side. Before the construction of the garage, the kindergarten needs to be relocated to a new building that will be built in the immediate vicinity (below Rasto\u010dine Street, further east, towards the cemetery). Within the construction of the garage, it has been envisaged that part of the traffic areas will be reconstructed and that traffic in the contact zone will be regulated.<\/p>\n<p><img loading=\"lazy\" decoding=\"async\" width=\"3000\" height=\"2582\" class=\"aligncenter wp-image-13259 size-full\" src=\"https:\/\/www.rijeka.hr\/en\/wp-content\/uploads\/sites\/2\/2022\/11\/Gara\u017ea-Rasto\u010dine-Idejno-rje\u0161enje-1.jpg\" alt=\"\" srcset=\"https:\/\/www.rijeka.hr\/en\/wp-content\/uploads\/sites\/2\/2022\/11\/Gara\u017ea-Rasto\u010dine-Idejno-rje\u0161enje-1.jpg 3000w, https:\/\/www.rijeka.hr\/en\/wp-content\/uploads\/sites\/2\/2022\/11\/Gara\u017ea-Rasto\u010dine-Idejno-rje\u0161enje-1-600x516.jpg 600w, https:\/\/www.rijeka.hr\/en\/wp-content\/uploads\/sites\/2\/2022\/11\/Gara\u017ea-Rasto\u010dine-Idejno-rje\u0161enje-1-768x661.jpg 768w, https:\/\/www.rijeka.hr\/en\/wp-content\/uploads\/sites\/2\/2022\/11\/Gara\u017ea-Rasto\u010dine-Idejno-rje\u0161enje-1-1200x1033.jpg 1200w, https:\/\/www.rijeka.hr\/en\/wp-content\/uploads\/sites\/2\/2022\/11\/Gara\u017ea-Rasto\u010dine-Idejno-rje\u0161enje-1-930x800.jpg 930w, https:\/\/www.rijeka.hr\/en\/wp-content\/uploads\/sites\/2\/2022\/11\/Gara\u017ea-Rasto\u010dine-Idejno-rje\u0161enje-1-465x400.jpg 465w, https:\/\/www.rijeka.hr\/en\/wp-content\/uploads\/sites\/2\/2022\/11\/Gara\u017ea-Rasto\u010dine-Idejno-rje\u0161enje-1-697x600.jpg 697w\" sizes=\"(max-width: 3000px) 100vw, 3000px\" \/><\/p>\n<p>The basic purpose of planning the garage at this location and preparing the garage project was to solve the chronic problem of a shortage of parking spaces in this urban area, whereby increasing the safety of road users and ensuring a better quality of life for the residents of the area (reduction in traffic of vehicles that circulate looking for a free parking space, less pollution and noise, more public areas around the skyscrapers). The residential skyscrapers were built in the period from 1976 to 1980, without adequate standards in terms of sufficient areas around the skyscrapers for public and traffic areas, which is the main reason for today&#8217;s problems.<\/p>\n<p><img loading=\"lazy\" decoding=\"async\" class=\"aligncenter wp-image-13261 size-full\" src=\"https:\/\/www.rijeka.hr\/en\/wp-content\/uploads\/sites\/2\/2022\/11\/Gara\u017ea-Rasto\u010dine-Idejno-rje\u0161enje-2.jpg\" alt=\"\" width=\"4978\" height=\"3000\" srcset=\"https:\/\/www.rijeka.hr\/en\/wp-content\/uploads\/sites\/2\/2022\/11\/Gara\u017ea-Rasto\u010dine-Idejno-rje\u0161enje-2.jpg 4978w, https:\/\/www.rijeka.hr\/en\/wp-content\/uploads\/sites\/2\/2022\/11\/Gara\u017ea-Rasto\u010dine-Idejno-rje\u0161enje-2-600x362.jpg 600w, https:\/\/www.rijeka.hr\/en\/wp-content\/uploads\/sites\/2\/2022\/11\/Gara\u017ea-Rasto\u010dine-Idejno-rje\u0161enje-2-768x463.jpg 768w, https:\/\/www.rijeka.hr\/en\/wp-content\/uploads\/sites\/2\/2022\/11\/Gara\u017ea-Rasto\u010dine-Idejno-rje\u0161enje-2-1200x723.jpg 1200w, https:\/\/www.rijeka.hr\/en\/wp-content\/uploads\/sites\/2\/2022\/11\/Gara\u017ea-Rasto\u010dine-Idejno-rje\u0161enje-2-996x600.jpg 996w, https:\/\/www.rijeka.hr\/en\/wp-content\/uploads\/sites\/2\/2022\/11\/Gara\u017ea-Rasto\u010dine-Idejno-rje\u0161enje-2-500x300.jpg 500w\" sizes=\"(max-width: 4978px) 100vw, 4978px\" \/><\/p>\n<p>As a preparation for creating the project, an analysis was made by monitoring the situation on the spot in the critical period, which, given that it is a residential area, are the late afternoon and evening hours during the working day, and weekends. It was found that all the existing parking spaces in the street (about 200) are filled, and approximately 300 more vehicles are illegally parked in unmarked parking spaces on the side of the road, reducing the width of the traffic lanes and making it difficult or even impossible to pass, as well as on the pavements, thus preventing pedestrian traffic. In general, as already emphasised, the safety of all road users is significantly reduced.<\/p>\n<p><img loading=\"lazy\" decoding=\"async\" class=\"aligncenter wp-image-13262 size-full\" src=\"https:\/\/www.rijeka.hr\/en\/wp-content\/uploads\/sites\/2\/2022\/11\/Gara\u017ea-Rasto\u010dine-Idejno-rje\u0161enje-3.jpg\" alt=\"\" width=\"7097\" height=\"3000\" srcset=\"https:\/\/www.rijeka.hr\/en\/wp-content\/uploads\/sites\/2\/2022\/11\/Gara\u017ea-Rasto\u010dine-Idejno-rje\u0161enje-3.jpg 7097w, https:\/\/www.rijeka.hr\/en\/wp-content\/uploads\/sites\/2\/2022\/11\/Gara\u017ea-Rasto\u010dine-Idejno-rje\u0161enje-3-600x254.jpg 600w, https:\/\/www.rijeka.hr\/en\/wp-content\/uploads\/sites\/2\/2022\/11\/Gara\u017ea-Rasto\u010dine-Idejno-rje\u0161enje-3-768x325.jpg 768w, https:\/\/www.rijeka.hr\/en\/wp-content\/uploads\/sites\/2\/2022\/11\/Gara\u017ea-Rasto\u010dine-Idejno-rje\u0161enje-3-1200x507.jpg 1200w, https:\/\/www.rijeka.hr\/en\/wp-content\/uploads\/sites\/2\/2022\/11\/Gara\u017ea-Rasto\u010dine-Idejno-rje\u0161enje-3-1000x423.jpg 1000w\" sizes=\"(max-width: 7097px) 100vw, 7097px\" \/><\/p>\n<p>According to the project, the garage has four floors for parking, and the roof is planned to serve as a public &#8211; green &#8211; area. The garage is completely buried on the north side and partially buried on the lateral sides. The height is maximally integrated into the existing terrain configuration. The main visible facades of the garage are on the south side. The height of the roof of the garage is approximately the same as the height of the existing plateau where the kindergarten is located, and there is a green area that can be designed as a children&#8217;s playground or some other small-scale public facility.<\/p>\n<p><img loading=\"lazy\" decoding=\"async\" class=\"aligncenter wp-image-13263 size-full\" src=\"https:\/\/www.rijeka.hr\/en\/wp-content\/uploads\/sites\/2\/2022\/11\/Gara\u017ea-Rasto\u010dine-Idejno-rje\u0161enje-4.jpg\" alt=\"\" width=\"3000\" height=\"1897\" srcset=\"https:\/\/www.rijeka.hr\/en\/wp-content\/uploads\/sites\/2\/2022\/11\/Gara\u017ea-Rasto\u010dine-Idejno-rje\u0161enje-4.jpg 3000w, https:\/\/www.rijeka.hr\/en\/wp-content\/uploads\/sites\/2\/2022\/11\/Gara\u017ea-Rasto\u010dine-Idejno-rje\u0161enje-4-600x379.jpg 600w, https:\/\/www.rijeka.hr\/en\/wp-content\/uploads\/sites\/2\/2022\/11\/Gara\u017ea-Rasto\u010dine-Idejno-rje\u0161enje-4-768x486.jpg 768w, https:\/\/www.rijeka.hr\/en\/wp-content\/uploads\/sites\/2\/2022\/11\/Gara\u017ea-Rasto\u010dine-Idejno-rje\u0161enje-4-1200x759.jpg 1200w, https:\/\/www.rijeka.hr\/en\/wp-content\/uploads\/sites\/2\/2022\/11\/Gara\u017ea-Rasto\u010dine-Idejno-rje\u0161enje-4-949x600.jpg 949w\" sizes=\"(max-width: 3000px) 100vw, 3000px\" \/><\/p>\n<p>It has been envisaged that 359 parking spaces will be available in the garage.<\/p>\n<p>The total estimate of costs relating to the construction of the garage and the regulation of external traffic areas amounts to HRK 35,500,000.<\/p>\n","protected":false},"excerpt":{"rendered":"<p>The construction of the garage is foreseen by the current spatial planning documentation of the City of Rijeka (General urban plan of the City of Rijeka, 2007). The garage is planned in the Rasto\u010dine housing estate, at the location which at present hosts a kindergarten (below residential skyscrapers the so called \u201ce\u0161evi\u201d), and has a&#8230;<\/p>\n","protected":false},"author":20,"featured_media":13259,"parent":12339,"menu_order":0,"comment_status":"closed","ping_status":"closed","template":"","meta":{"_acf_changed":false,"_trash_the_other_posts":false,"footnotes":"","_links_to":"","_links_to_target":""},"tags":[],"class_list":["post-13255","page","type-page","status-publish","has-post-thumbnail","hentry"],"acf":[],"yoast_head":"<!-- This site is optimized with the Yoast SEO plugin v24.4 - https:\/\/yoast.com\/wordpress\/plugins\/seo\/ -->\n<title>Garage Rasto\u010dine - Conceptual design - City of Rijeka<\/title>\n<meta name=\"robots\" content=\"index, follow, max-snippet:-1, max-image-preview:large, max-video-preview:-1\" \/>\n<link rel=\"canonical\" href=\"https:\/\/www.rijeka.hr\/en\/city-government\/city-projects\/ongoing-projects-2\/transport-and-mobility\/garage-rastocine-conceptual-design\/\" \/>\n<meta property=\"og:locale\" content=\"en_US\" \/>\n<meta property=\"og:type\" content=\"article\" \/>\n<meta property=\"og:title\" content=\"Garage Rasto\u010dine - Conceptual design - City of Rijeka\" \/>\n<meta property=\"og:description\" content=\"The construction of the garage is foreseen by the current spatial planning documentation of the City of Rijeka (General urban plan of the City of Rijeka, 2007). The garage is planned in the Rasto\u010dine housing estate, at the location which at present hosts a kindergarten (below residential skyscrapers the so called \u201ce\u0161evi\u201d), and has a...\" \/>\n<meta property=\"og:url\" content=\"https:\/\/www.rijeka.hr\/en\/city-government\/city-projects\/ongoing-projects-2\/transport-and-mobility\/garage-rastocine-conceptual-design\/\" \/>\n<meta property=\"og:site_name\" content=\"City of Rijeka\" \/>\n<meta property=\"article:modified_time\" content=\"2023-05-02T07:43:18+00:00\" \/>\n<meta property=\"og:image\" content=\"https:\/\/www.rijeka.hr\/en\/wp-content\/uploads\/sites\/2\/2022\/11\/Gara\u017ea-Rasto\u010dine-Idejno-rje\u0161enje-1.jpg\" \/>\n\t<meta property=\"og:image:width\" content=\"3000\" \/>\n\t<meta property=\"og:image:height\" content=\"2582\" \/>\n\t<meta property=\"og:image:type\" content=\"image\/jpeg\" \/>\n<meta name=\"twitter:card\" content=\"summary_large_image\" \/>\n<meta name=\"twitter:label1\" content=\"Est. reading time\" \/>\n\t<meta name=\"twitter:data1\" content=\"2 minutes\" \/>\n<script type=\"application\/ld+json\" class=\"yoast-schema-graph\">{\"@context\":\"https:\/\/schema.org\",\"@graph\":[{\"@type\":\"WebPage\",\"@id\":\"https:\/\/www.rijeka.hr\/en\/city-government\/city-projects\/ongoing-projects-2\/transport-and-mobility\/garage-rastocine-conceptual-design\/\",\"url\":\"https:\/\/www.rijeka.hr\/en\/city-government\/city-projects\/ongoing-projects-2\/transport-and-mobility\/garage-rastocine-conceptual-design\/\",\"name\":\"Garage Rasto\u010dine - Conceptual design - City of Rijeka\",\"isPartOf\":{\"@id\":\"https:\/\/www.rijeka.hr\/en\/#website\"},\"primaryImageOfPage\":{\"@id\":\"https:\/\/www.rijeka.hr\/en\/city-government\/city-projects\/ongoing-projects-2\/transport-and-mobility\/garage-rastocine-conceptual-design\/#primaryimage\"},\"image\":{\"@id\":\"https:\/\/www.rijeka.hr\/en\/city-government\/city-projects\/ongoing-projects-2\/transport-and-mobility\/garage-rastocine-conceptual-design\/#primaryimage\"},\"thumbnailUrl\":\"https:\/\/www.rijeka.hr\/en\/wp-content\/uploads\/sites\/2\/2022\/11\/Gara\u017ea-Rasto\u010dine-Idejno-rje\u0161enje-1.jpg\",\"datePublished\":\"2022-11-08T11:31:11+00:00\",\"dateModified\":\"2023-05-02T07:43:18+00:00\",\"breadcrumb\":{\"@id\":\"https:\/\/www.rijeka.hr\/en\/city-government\/city-projects\/ongoing-projects-2\/transport-and-mobility\/garage-rastocine-conceptual-design\/#breadcrumb\"},\"inLanguage\":\"en-US\",\"potentialAction\":[{\"@type\":\"ReadAction\",\"target\":[\"https:\/\/www.rijeka.hr\/en\/city-government\/city-projects\/ongoing-projects-2\/transport-and-mobility\/garage-rastocine-conceptual-design\/\"]}]},{\"@type\":\"ImageObject\",\"inLanguage\":\"en-US\",\"@id\":\"https:\/\/www.rijeka.hr\/en\/city-government\/city-projects\/ongoing-projects-2\/transport-and-mobility\/garage-rastocine-conceptual-design\/#primaryimage\",\"url\":\"https:\/\/www.rijeka.hr\/en\/wp-content\/uploads\/sites\/2\/2022\/11\/Gara\u017ea-Rasto\u010dine-Idejno-rje\u0161enje-1.jpg\",\"contentUrl\":\"https:\/\/www.rijeka.hr\/en\/wp-content\/uploads\/sites\/2\/2022\/11\/Gara\u017ea-Rasto\u010dine-Idejno-rje\u0161enje-1.jpg\",\"width\":3000,\"height\":2582,\"caption\":\"Gara\u017ea-Rasto\u010dine-Idejno-rje\u0161enje\"},{\"@type\":\"BreadcrumbList\",\"@id\":\"https:\/\/www.rijeka.hr\/en\/city-government\/city-projects\/ongoing-projects-2\/transport-and-mobility\/garage-rastocine-conceptual-design\/#breadcrumb\",\"itemListElement\":[{\"@type\":\"ListItem\",\"position\":1,\"name\":\"Po\u010detna stranica\",\"item\":\"https:\/\/www.rijeka.hr\/en\/\"},{\"@type\":\"ListItem\",\"position\":2,\"name\":\"City administration\",\"item\":\"https:\/\/www.rijeka.hr\/en\/city-government\/\"},{\"@type\":\"ListItem\",\"position\":3,\"name\":\"City projects\",\"item\":\"https:\/\/www.rijeka.hr\/en\/city-government\/city-projects\/\"},{\"@type\":\"ListItem\",\"position\":4,\"name\":\"Ongoing projects\",\"item\":\"https:\/\/www.rijeka.hr\/en\/city-government\/city-projects\/ongoing-projects-2\/\"},{\"@type\":\"ListItem\",\"position\":5,\"name\":\"Transport and mobility\",\"item\":\"https:\/\/www.rijeka.hr\/en\/city-government\/city-projects\/ongoing-projects-2\/transport-and-mobility\/\"},{\"@type\":\"ListItem\",\"position\":6,\"name\":\"Garage Rasto\u010dine &#8211; Conceptual design\"}]},{\"@type\":\"WebSite\",\"@id\":\"https:\/\/www.rijeka.hr\/en\/#website\",\"url\":\"https:\/\/www.rijeka.hr\/en\/\",\"name\":\"City of Rijeka\",\"description\":\"City of Rijeka web Portal\",\"potentialAction\":[{\"@type\":\"SearchAction\",\"target\":{\"@type\":\"EntryPoint\",\"urlTemplate\":\"https:\/\/www.rijeka.hr\/en\/?s={search_term_string}\"},\"query-input\":{\"@type\":\"PropertyValueSpecification\",\"valueRequired\":true,\"valueName\":\"search_term_string\"}}],\"inLanguage\":\"en-US\"}]}<\/script>\n<!-- \/ Yoast SEO plugin. -->","yoast_head_json":{"title":"Garage Rasto\u010dine - Conceptual design - City of Rijeka","robots":{"index":"index","follow":"follow","max-snippet":"max-snippet:-1","max-image-preview":"max-image-preview:large","max-video-preview":"max-video-preview:-1"},"canonical":"https:\/\/www.rijeka.hr\/en\/city-government\/city-projects\/ongoing-projects-2\/transport-and-mobility\/garage-rastocine-conceptual-design\/","og_locale":"en_US","og_type":"article","og_title":"Garage Rasto\u010dine - Conceptual design - City of Rijeka","og_description":"The construction of the garage is foreseen by the current spatial planning documentation of the City of Rijeka (General urban plan of the City of Rijeka, 2007). The garage is planned in the Rasto\u010dine housing estate, at the location which at present hosts a kindergarten (below residential skyscrapers the so called \u201ce\u0161evi\u201d), and has a...","og_url":"https:\/\/www.rijeka.hr\/en\/city-government\/city-projects\/ongoing-projects-2\/transport-and-mobility\/garage-rastocine-conceptual-design\/","og_site_name":"City of Rijeka","article_modified_time":"2023-05-02T07:43:18+00:00","og_image":[{"width":3000,"height":2582,"url":"https:\/\/www.rijeka.hr\/en\/wp-content\/uploads\/sites\/2\/2022\/11\/Gara\u017ea-Rasto\u010dine-Idejno-rje\u0161enje-1.jpg","type":"image\/jpeg"}],"twitter_card":"summary_large_image","twitter_misc":{"Est. reading time":"2 minutes"},"schema":{"@context":"https:\/\/schema.org","@graph":[{"@type":"WebPage","@id":"https:\/\/www.rijeka.hr\/en\/city-government\/city-projects\/ongoing-projects-2\/transport-and-mobility\/garage-rastocine-conceptual-design\/","url":"https:\/\/www.rijeka.hr\/en\/city-government\/city-projects\/ongoing-projects-2\/transport-and-mobility\/garage-rastocine-conceptual-design\/","name":"Garage Rasto\u010dine - Conceptual design - City of Rijeka","isPartOf":{"@id":"https:\/\/www.rijeka.hr\/en\/#website"},"primaryImageOfPage":{"@id":"https:\/\/www.rijeka.hr\/en\/city-government\/city-projects\/ongoing-projects-2\/transport-and-mobility\/garage-rastocine-conceptual-design\/#primaryimage"},"image":{"@id":"https:\/\/www.rijeka.hr\/en\/city-government\/city-projects\/ongoing-projects-2\/transport-and-mobility\/garage-rastocine-conceptual-design\/#primaryimage"},"thumbnailUrl":"https:\/\/www.rijeka.hr\/en\/wp-content\/uploads\/sites\/2\/2022\/11\/Gara\u017ea-Rasto\u010dine-Idejno-rje\u0161enje-1.jpg","datePublished":"2022-11-08T11:31:11+00:00","dateModified":"2023-05-02T07:43:18+00:00","breadcrumb":{"@id":"https:\/\/www.rijeka.hr\/en\/city-government\/city-projects\/ongoing-projects-2\/transport-and-mobility\/garage-rastocine-conceptual-design\/#breadcrumb"},"inLanguage":"en-US","potentialAction":[{"@type":"ReadAction","target":["https:\/\/www.rijeka.hr\/en\/city-government\/city-projects\/ongoing-projects-2\/transport-and-mobility\/garage-rastocine-conceptual-design\/"]}]},{"@type":"ImageObject","inLanguage":"en-US","@id":"https:\/\/www.rijeka.hr\/en\/city-government\/city-projects\/ongoing-projects-2\/transport-and-mobility\/garage-rastocine-conceptual-design\/#primaryimage","url":"https:\/\/www.rijeka.hr\/en\/wp-content\/uploads\/sites\/2\/2022\/11\/Gara\u017ea-Rasto\u010dine-Idejno-rje\u0161enje-1.jpg","contentUrl":"https:\/\/www.rijeka.hr\/en\/wp-content\/uploads\/sites\/2\/2022\/11\/Gara\u017ea-Rasto\u010dine-Idejno-rje\u0161enje-1.jpg","width":3000,"height":2582,"caption":"Gara\u017ea-Rasto\u010dine-Idejno-rje\u0161enje"},{"@type":"BreadcrumbList","@id":"https:\/\/www.rijeka.hr\/en\/city-government\/city-projects\/ongoing-projects-2\/transport-and-mobility\/garage-rastocine-conceptual-design\/#breadcrumb","itemListElement":[{"@type":"ListItem","position":1,"name":"Po\u010detna stranica","item":"https:\/\/www.rijeka.hr\/en\/"},{"@type":"ListItem","position":2,"name":"City administration","item":"https:\/\/www.rijeka.hr\/en\/city-government\/"},{"@type":"ListItem","position":3,"name":"City projects","item":"https:\/\/www.rijeka.hr\/en\/city-government\/city-projects\/"},{"@type":"ListItem","position":4,"name":"Ongoing projects","item":"https:\/\/www.rijeka.hr\/en\/city-government\/city-projects\/ongoing-projects-2\/"},{"@type":"ListItem","position":5,"name":"Transport and mobility","item":"https:\/\/www.rijeka.hr\/en\/city-government\/city-projects\/ongoing-projects-2\/transport-and-mobility\/"},{"@type":"ListItem","position":6,"name":"Garage Rasto\u010dine &#8211; Conceptual design"}]},{"@type":"WebSite","@id":"https:\/\/www.rijeka.hr\/en\/#website","url":"https:\/\/www.rijeka.hr\/en\/","name":"City of Rijeka","description":"City of Rijeka web Portal","potentialAction":[{"@type":"SearchAction","target":{"@type":"EntryPoint","urlTemplate":"https:\/\/www.rijeka.hr\/en\/?s={search_term_string}"},"query-input":{"@type":"PropertyValueSpecification","valueRequired":true,"valueName":"search_term_string"}}],"inLanguage":"en-US"}]}},"_links":{"self":[{"href":"https:\/\/www.rijeka.hr\/en\/wp-json\/wp\/v2\/pages\/13255","targetHints":{"allow":["GET"]}}],"collection":[{"href":"https:\/\/www.rijeka.hr\/en\/wp-json\/wp\/v2\/pages"}],"about":[{"href":"https:\/\/www.rijeka.hr\/en\/wp-json\/wp\/v2\/types\/page"}],"author":[{"embeddable":true,"href":"https:\/\/www.rijeka.hr\/en\/wp-json\/wp\/v2\/users\/20"}],"replies":[{"embeddable":true,"href":"https:\/\/www.rijeka.hr\/en\/wp-json\/wp\/v2\/comments?post=13255"}],"version-history":[{"count":3,"href":"https:\/\/www.rijeka.hr\/en\/wp-json\/wp\/v2\/pages\/13255\/revisions"}],"predecessor-version":[{"id":13264,"href":"https:\/\/www.rijeka.hr\/en\/wp-json\/wp\/v2\/pages\/13255\/revisions\/13264"}],"up":[{"embeddable":true,"href":"https:\/\/www.rijeka.hr\/en\/wp-json\/wp\/v2\/pages\/12339"}],"wp:featuredmedia":[{"embeddable":true,"href":"https:\/\/www.rijeka.hr\/en\/wp-json\/wp\/v2\/media\/13259"}],"wp:attachment":[{"href":"https:\/\/www.rijeka.hr\/en\/wp-json\/wp\/v2\/media?parent=13255"}],"wp:term":[{"taxonomy":"post_tag","embeddable":true,"href":"https:\/\/www.rijeka.hr\/en\/wp-json\/wp\/v2\/tags?post=13255"}],"curies":[{"name":"wp","href":"https:\/\/api.w.org\/{rel}","templated":true}]}}