{"id":14297,"date":"2022-02-16T12:10:14","date_gmt":"2022-02-16T11:10:14","guid":{"rendered":"https:\/\/www.rijeka.hr\/it\/wp-content\/uploads\/sites\/3\/2022\/02\/aUrbanisti\u010dko-arhitektonsko-rje\u0161enje-Sekundarnog-gradskog-sredi\u0161ta-Rujevica_1.-nagrada.jpg"},"modified":"2022-02-16T12:10:14","modified_gmt":"2022-02-16T11:10:14","slug":"aurbanisticko-arhitektonsko-rjesenje-sekundarnog-gradskog-sredista-rujevica_1-nagrada","status":"inherit","type":"attachment","link":"https:\/\/www.rijeka.hr\/it\/base-al-bando-di-gara-urbanistico-architettonico-e-stata-scelta-la-visione-di-sviluppo-del-secondario-centro-cittadino-rujevica\/aurbanisticko-arhitektonsko-rjesenje-sekundarnog-gradskog-sredista-rujevica_1-nagrada\/","title":{"rendered":"aUrbanisti\u010dko-arhitektonsko-rje\u0161enje-Sekundarnog-gradskog-sredi\u0161ta-Rujevica_1.-nagrada"},"author":17,"featured_media":0,"comment_status":"open","ping_status":"closed","template":"","meta":{"_acf_changed":false,"_trash_the_other_posts":false,"_links_to":"","_links_to_target":""},"class_list":["post-14297","attachment","type-attachment","status-inherit","hentry"],"acf":[],"yoast_head":"<!-- This site is optimized with the Yoast SEO plugin v24.4 - https:\/\/yoast.com\/wordpress\/plugins\/seo\/ -->\n<title>aUrbanisti\u010dko-arhitektonsko-rje\u0161enje-Sekundarnog-gradskog-sredi\u0161ta-Rujevica_1.-nagrada - Citt\u00e0 di Fiume<\/title>\n<meta name=\"robots\" content=\"index, follow, max-snippet:-1, max-image-preview:large, max-video-preview:-1\" \/>\n<link rel=\"canonical\" href=\"https:\/\/www.rijeka.hr\/it\/wp-content\/uploads\/sites\/3\/2022\/02\/aUrbanisti\u010dko-arhitektonsko-rje\u0161enje-Sekundarnog-gradskog-sredi\u0161ta-Rujevica_1.-nagrada.jpg\" \/>\n<meta property=\"og:locale\" content=\"it_IT\" \/>\n<meta property=\"og:type\" content=\"article\" \/>\n<meta property=\"og:title\" content=\"aUrbanisti\u010dko-arhitektonsko-rje\u0161enje-Sekundarnog-gradskog-sredi\u0161ta-Rujevica_1.-nagrada - Citt\u00e0 di Fiume\" \/>\n<meta property=\"og:url\" content=\"https:\/\/www.rijeka.hr\/it\/wp-content\/uploads\/sites\/3\/2022\/02\/aUrbanisti\u010dko-arhitektonsko-rje\u0161enje-Sekundarnog-gradskog-sredi\u0161ta-Rujevica_1.-nagrada.jpg\" \/>\n<meta property=\"og:site_name\" content=\"Citt\u00e0 di Fiume\" \/>\n<meta property=\"og:image\" content=\"https:\/\/www.rijeka.hr\/it\/wp-content\/uploads\/sites\/3\/2022\/02\/aUrbanisti\u010dko-arhitektonsko-rje\u0161enje-Sekundarnog-gradskog-sredi\u0161ta-Rujevica_1.-nagrada.jpg\" \/>\n\t<meta property=\"og:image:width\" content=\"615\" \/>\n\t<meta property=\"og:image:height\" content=\"345\" \/>\n\t<meta property=\"og:image:type\" content=\"image\/jpeg\" \/>\n<meta name=\"twitter:card\" content=\"summary_large_image\" \/>\n<script type=\"application\/ld+json\" class=\"yoast-schema-graph\">{\"@context\":\"https:\/\/schema.org\",\"@graph\":[{\"@type\":\"WebPage\",\"@id\":\"https:\/\/www.rijeka.hr\/it\/wp-content\/uploads\/sites\/3\/2022\/02\/aUrbanisti\u010dko-arhitektonsko-rje\u0161enje-Sekundarnog-gradskog-sredi\u0161ta-Rujevica_1.-nagrada.jpg\",\"url\":\"https:\/\/www.rijeka.hr\/it\/wp-content\/uploads\/sites\/3\/2022\/02\/aUrbanisti\u010dko-arhitektonsko-rje\u0161enje-Sekundarnog-gradskog-sredi\u0161ta-Rujevica_1.-nagrada.jpg\",\"name\":\"aUrbanisti\u010dko-arhitektonsko-rje\u0161enje-Sekundarnog-gradskog-sredi\u0161ta-Rujevica_1.-nagrada - Citt\u00e0 di Fiume\",\"isPartOf\":{\"@id\":\"https:\/\/www.rijeka.hr\/it\/#website\"},\"datePublished\":\"2022-02-16T11:10:14+00:00\",\"breadcrumb\":{\"@id\":\"https:\/\/www.rijeka.hr\/it\/wp-content\/uploads\/sites\/3\/2022\/02\/aUrbanisti\u010dko-arhitektonsko-rje\u0161enje-Sekundarnog-gradskog-sredi\u0161ta-Rujevica_1.-nagrada.jpg#breadcrumb\"},\"inLanguage\":\"it-IT\",\"potentialAction\":[{\"@type\":\"ReadAction\",\"target\":[\"https:\/\/www.rijeka.hr\/it\/wp-content\/uploads\/sites\/3\/2022\/02\/aUrbanisti\u010dko-arhitektonsko-rje\u0161enje-Sekundarnog-gradskog-sredi\u0161ta-Rujevica_1.-nagrada.jpg\"]}]},{\"@type\":\"BreadcrumbList\",\"@id\":\"https:\/\/www.rijeka.hr\/it\/wp-content\/uploads\/sites\/3\/2022\/02\/aUrbanisti\u010dko-arhitektonsko-rje\u0161enje-Sekundarnog-gradskog-sredi\u0161ta-Rujevica_1.-nagrada.jpg#breadcrumb\",\"itemListElement\":[{\"@type\":\"ListItem\",\"position\":1,\"name\":\"Po\u010detna stranica\",\"item\":\"https:\/\/www.rijeka.hr\/it\/\"},{\"@type\":\"ListItem\",\"position\":2,\"name\":\"In base al bando di gara urbanistico -architettonico \u00e8 stata scelta la visione di sviluppo del Secondario centro cittadino Rujevica\",\"item\":\"https:\/\/www.rijeka.hr\/it\/base-al-bando-di-gara-urbanistico-architettonico-e-stata-scelta-la-visione-di-sviluppo-del-secondario-centro-cittadino-rujevica\/\"},{\"@type\":\"ListItem\",\"position\":3,\"name\":\"aUrbanisti\u010dko-arhitektonsko-rje\u0161enje-Sekundarnog-gradskog-sredi\u0161ta-Rujevica_1.-nagrada\"}]},{\"@type\":\"WebSite\",\"@id\":\"https:\/\/www.rijeka.hr\/it\/#website\",\"url\":\"https:\/\/www.rijeka.hr\/it\/\",\"name\":\"Citt\u00e0 di Fiume\",\"description\":\"Portale web della Citta&#039; di Fiume\",\"potentialAction\":[{\"@type\":\"SearchAction\",\"target\":{\"@type\":\"EntryPoint\",\"urlTemplate\":\"https:\/\/www.rijeka.hr\/it\/?s={search_term_string}\"},\"query-input\":{\"@type\":\"PropertyValueSpecification\",\"valueRequired\":true,\"valueName\":\"search_term_string\"}}],\"inLanguage\":\"it-IT\"}]}<\/script>\n<!-- \/ Yoast SEO plugin. -->","yoast_head_json":{"title":"aUrbanisti\u010dko-arhitektonsko-rje\u0161enje-Sekundarnog-gradskog-sredi\u0161ta-Rujevica_1.-nagrada - Citt\u00e0 di Fiume","robots":{"index":"index","follow":"follow","max-snippet":"max-snippet:-1","max-image-preview":"max-image-preview:large","max-video-preview":"max-video-preview:-1"},"canonical":"https:\/\/www.rijeka.hr\/it\/wp-content\/uploads\/sites\/3\/2022\/02\/aUrbanisti\u010dko-arhitektonsko-rje\u0161enje-Sekundarnog-gradskog-sredi\u0161ta-Rujevica_1.-nagrada.jpg","og_locale":"it_IT","og_type":"article","og_title":"aUrbanisti\u010dko-arhitektonsko-rje\u0161enje-Sekundarnog-gradskog-sredi\u0161ta-Rujevica_1.-nagrada - Citt\u00e0 di Fiume","og_url":"https:\/\/www.rijeka.hr\/it\/wp-content\/uploads\/sites\/3\/2022\/02\/aUrbanisti\u010dko-arhitektonsko-rje\u0161enje-Sekundarnog-gradskog-sredi\u0161ta-Rujevica_1.-nagrada.jpg","og_site_name":"Citt\u00e0 di Fiume","og_image":[{"width":615,"height":345,"url":"https:\/\/www.rijeka.hr\/it\/wp-content\/uploads\/sites\/3\/2022\/02\/aUrbanisti\u010dko-arhitektonsko-rje\u0161enje-Sekundarnog-gradskog-sredi\u0161ta-Rujevica_1.-nagrada.jpg","type":"image\/jpeg"}],"twitter_card":"summary_large_image","schema":{"@context":"https:\/\/schema.org","@graph":[{"@type":"WebPage","@id":"https:\/\/www.rijeka.hr\/it\/wp-content\/uploads\/sites\/3\/2022\/02\/aUrbanisti\u010dko-arhitektonsko-rje\u0161enje-Sekundarnog-gradskog-sredi\u0161ta-Rujevica_1.-nagrada.jpg","url":"https:\/\/www.rijeka.hr\/it\/wp-content\/uploads\/sites\/3\/2022\/02\/aUrbanisti\u010dko-arhitektonsko-rje\u0161enje-Sekundarnog-gradskog-sredi\u0161ta-Rujevica_1.-nagrada.jpg","name":"aUrbanisti\u010dko-arhitektonsko-rje\u0161enje-Sekundarnog-gradskog-sredi\u0161ta-Rujevica_1.-nagrada - Citt\u00e0 di Fiume","isPartOf":{"@id":"https:\/\/www.rijeka.hr\/it\/#website"},"datePublished":"2022-02-16T11:10:14+00:00","breadcrumb":{"@id":"https:\/\/www.rijeka.hr\/it\/wp-content\/uploads\/sites\/3\/2022\/02\/aUrbanisti\u010dko-arhitektonsko-rje\u0161enje-Sekundarnog-gradskog-sredi\u0161ta-Rujevica_1.-nagrada.jpg#breadcrumb"},"inLanguage":"it-IT","potentialAction":[{"@type":"ReadAction","target":["https:\/\/www.rijeka.hr\/it\/wp-content\/uploads\/sites\/3\/2022\/02\/aUrbanisti\u010dko-arhitektonsko-rje\u0161enje-Sekundarnog-gradskog-sredi\u0161ta-Rujevica_1.-nagrada.jpg"]}]},{"@type":"BreadcrumbList","@id":"https:\/\/www.rijeka.hr\/it\/wp-content\/uploads\/sites\/3\/2022\/02\/aUrbanisti\u010dko-arhitektonsko-rje\u0161enje-Sekundarnog-gradskog-sredi\u0161ta-Rujevica_1.-nagrada.jpg#breadcrumb","itemListElement":[{"@type":"ListItem","position":1,"name":"Po\u010detna stranica","item":"https:\/\/www.rijeka.hr\/it\/"},{"@type":"ListItem","position":2,"name":"In base al bando di gara urbanistico -architettonico \u00e8 stata scelta la visione di sviluppo del Secondario centro cittadino Rujevica","item":"https:\/\/www.rijeka.hr\/it\/base-al-bando-di-gara-urbanistico-architettonico-e-stata-scelta-la-visione-di-sviluppo-del-secondario-centro-cittadino-rujevica\/"},{"@type":"ListItem","position":3,"name":"aUrbanisti\u010dko-arhitektonsko-rje\u0161enje-Sekundarnog-gradskog-sredi\u0161ta-Rujevica_1.-nagrada"}]},{"@type":"WebSite","@id":"https:\/\/www.rijeka.hr\/it\/#website","url":"https:\/\/www.rijeka.hr\/it\/","name":"Citt\u00e0 di Fiume","description":"Portale web della Citta&#039; di Fiume","potentialAction":[{"@type":"SearchAction","target":{"@type":"EntryPoint","urlTemplate":"https:\/\/www.rijeka.hr\/it\/?s={search_term_string}"},"query-input":{"@type":"PropertyValueSpecification","valueRequired":true,"valueName":"search_term_string"}}],"inLanguage":"it-IT"}]}},"description":{"rendered":"<p class=\"attachment\"><a href='https:\/\/www.rijeka.hr\/it\/wp-content\/uploads\/sites\/3\/2022\/02\/aUrbanisti\u010dko-arhitektonsko-rje\u0161enje-Sekundarnog-gradskog-sredi\u0161ta-Rujevica_1.-nagrada.jpg' title=\"\" data-rl_title=\"\" class=\"rl-gallery-link\" data-rl_caption=\"\" data-rel=\"lightbox-gallery-0\"><img decoding=\"async\" src=\"https:\/\/www.rijeka.hr\/it\/wp-content\/uploads\/sites\/3\/2022\/02\/aUrbanisti\u010dko-arhitektonsko-rje\u0161enje-Sekundarnog-gradskog-sredi\u0161ta-Rujevica_1.-nagrada-600x337.jpg\" class=\"attachment-medium size-medium\" alt=\"\" srcset=\"https:\/\/www.rijeka.hr\/it\/wp-content\/uploads\/sites\/3\/2022\/02\/aUrbanisti\u010dko-arhitektonsko-rje\u0161enje-Sekundarnog-gradskog-sredi\u0161ta-Rujevica_1.-nagrada-600x337.jpg 600w, https:\/\/www.rijeka.hr\/it\/wp-content\/uploads\/sites\/3\/2022\/02\/aUrbanisti\u010dko-arhitektonsko-rje\u0161enje-Sekundarnog-gradskog-sredi\u0161ta-Rujevica_1.-nagrada.jpg 615w\" sizes=\"(max-width: 600px) 100vw, 600px\" \/><\/a><\/p>\n"},"caption":{"rendered":""},"alt_text":"","media_type":"image","mime_type":"image\/jpeg","media_details":{"width":615,"height":345,"file":"2022\/02\/aUrbanisti\u010dko-arhitektonsko-rje\u0161enje-Sekundarnog-gradskog-sredi\u0161ta-Rujevica_1.-nagrada.jpg","sizes":{"thumbnail":{"file":"aUrbanisti\u010dko-arhitektonsko-rje\u0161enje-Sekundarnog-gradskog-sredi\u0161ta-Rujevica_1.-nagrada-250x250.jpg","width":250,"height":250,"mime_type":"image\/jpeg","source_url":"https:\/\/www.rijeka.hr\/it\/wp-content\/uploads\/sites\/3\/2022\/02\/aUrbanisti\u010dko-arhitektonsko-rje\u0161enje-Sekundarnog-gradskog-sredi\u0161ta-Rujevica_1.-nagrada-250x250.jpg"},"medium":{"file":"aUrbanisti\u010dko-arhitektonsko-rje\u0161enje-Sekundarnog-gradskog-sredi\u0161ta-Rujevica_1.-nagrada-600x337.jpg","width":600,"height":337,"mime_type":"image\/jpeg","source_url":"https:\/\/www.rijeka.hr\/it\/wp-content\/uploads\/sites\/3\/2022\/02\/aUrbanisti\u010dko-arhitektonsko-rje\u0161enje-Sekundarnog-gradskog-sredi\u0161ta-Rujevica_1.-nagrada-600x337.jpg"},"post-thumbnail":{"file":"aUrbanisti\u010dko-arhitektonsko-rje\u0161enje-Sekundarnog-gradskog-sredi\u0161ta-Rujevica_1.-nagrada-200x200.jpg","width":200,"height":200,"mime_type":"image\/jpeg","source_url":"https:\/\/www.rijeka.hr\/it\/wp-content\/uploads\/sites\/3\/2022\/02\/aUrbanisti\u010dko-arhitektonsko-rje\u0161enje-Sekundarnog-gradskog-sredi\u0161ta-Rujevica_1.-nagrada-200x200.jpg"},"header-image-small":{"file":"aUrbanisti\u010dko-arhitektonsko-rje\u0161enje-Sekundarnog-gradskog-sredi\u0161ta-Rujevica_1.-nagrada-600x345.jpg","width":600,"height":345,"mime_type":"image\/jpeg","source_url":"https:\/\/www.rijeka.hr\/it\/wp-content\/uploads\/sites\/3\/2022\/02\/aUrbanisti\u010dko-arhitektonsko-rje\u0161enje-Sekundarnog-gradskog-sredi\u0161ta-Rujevica_1.-nagrada-600x345.jpg"},"subpage-photo":{"file":"aUrbanisti\u010dko-arhitektonsko-rje\u0161enje-Sekundarnog-gradskog-sredi\u0161ta-Rujevica_1.-nagrada-350x250.jpg","width":350,"height":250,"mime_type":"image\/jpeg","source_url":"https:\/\/www.rijeka.hr\/it\/wp-content\/uploads\/sites\/3\/2022\/02\/aUrbanisti\u010dko-arhitektonsko-rje\u0161enje-Sekundarnog-gradskog-sredi\u0161ta-Rujevica_1.-nagrada-350x250.jpg"},"avatar":{"file":"aUrbanisti\u010dko-arhitektonsko-rje\u0161enje-Sekundarnog-gradskog-sredi\u0161ta-Rujevica_1.-nagrada-200x250.jpg","width":200,"height":250,"mime_type":"image\/jpeg","source_url":"https:\/\/www.rijeka.hr\/it\/wp-content\/uploads\/sites\/3\/2022\/02\/aUrbanisti\u010dko-arhitektonsko-rje\u0161enje-Sekundarnog-gradskog-sredi\u0161ta-Rujevica_1.-nagrada-200x250.jpg"},"gallery-thumb":{"file":"aUrbanisti\u010dko-arhitektonsko-rje\u0161enje-Sekundarnog-gradskog-sredi\u0161ta-Rujevica_1.-nagrada-600x337.jpg","width":600,"height":337,"mime_type":"image\/jpeg","source_url":"https:\/\/www.rijeka.hr\/it\/wp-content\/uploads\/sites\/3\/2022\/02\/aUrbanisti\u010dko-arhitektonsko-rje\u0161enje-Sekundarnog-gradskog-sredi\u0161ta-Rujevica_1.-nagrada-600x337.jpg"},"single-photo-medium":{"file":"aUrbanisti\u010dko-arhitektonsko-rje\u0161enje-Sekundarnog-gradskog-sredi\u0161ta-Rujevica_1.-nagrada-500x300.jpg","width":500,"height":300,"mime_type":"image\/jpeg","source_url":"https:\/\/www.rijeka.hr\/it\/wp-content\/uploads\/sites\/3\/2022\/02\/aUrbanisti\u010dko-arhitektonsko-rje\u0161enje-Sekundarnog-gradskog-sredi\u0161ta-Rujevica_1.-nagrada-500x300.jpg"},"banner-photo":{"file":"aUrbanisti\u010dko-arhitektonsko-rje\u0161enje-Sekundarnog-gradskog-sredi\u0161ta-Rujevica_1.-nagrada-310x150.jpg","width":310,"height":150,"mime_type":"image\/jpeg","source_url":"https:\/\/www.rijeka.hr\/it\/wp-content\/uploads\/sites\/3\/2022\/02\/aUrbanisti\u010dko-arhitektonsko-rje\u0161enje-Sekundarnog-gradskog-sredi\u0161ta-Rujevica_1.-nagrada-310x150.jpg"},"full":{"file":"aUrbanisti\u010dko-arhitektonsko-rje\u0161enje-Sekundarnog-gradskog-sredi\u0161ta-Rujevica_1.-nagrada.jpg","width":615,"height":345,"mime_type":"image\/jpeg","source_url":"https:\/\/www.rijeka.hr\/it\/wp-content\/uploads\/sites\/3\/2022\/02\/aUrbanisti\u010dko-arhitektonsko-rje\u0161enje-Sekundarnog-gradskog-sredi\u0161ta-Rujevica_1.-nagrada.jpg"}},"image_meta":{"aperture":"0","credit":"","camera":"","caption":"","created_timestamp":"0","copyright":"","focal_length":"0","iso":"0","shutter_speed":"0","title":"","orientation":"0","keywords":[]}},"post":14292,"source_url":"https:\/\/www.rijeka.hr\/it\/wp-content\/uploads\/sites\/3\/2022\/02\/aUrbanisti\u010dko-arhitektonsko-rje\u0161enje-Sekundarnog-gradskog-sredi\u0161ta-Rujevica_1.-nagrada.jpg","_links":{"self":[{"href":"https:\/\/www.rijeka.hr\/it\/wp-json\/wp\/v2\/media\/14297","targetHints":{"allow":["GET"]}}],"collection":[{"href":"https:\/\/www.rijeka.hr\/it\/wp-json\/wp\/v2\/media"}],"about":[{"href":"https:\/\/www.rijeka.hr\/it\/wp-json\/wp\/v2\/types\/attachment"}],"author":[{"embeddable":true,"href":"https:\/\/www.rijeka.hr\/it\/wp-json\/wp\/v2\/users\/17"}],"replies":[{"embeddable":true,"href":"https:\/\/www.rijeka.hr\/it\/wp-json\/wp\/v2\/comments?post=14297"}]}}