{"id":18899,"date":"2023-06-23T12:39:38","date_gmt":"2023-06-23T10:39:38","guid":{"rendered":"https:\/\/www.rijeka.hr\/it\/wp-content\/uploads\/sites\/3\/2023\/06\/70.-godina-rada-O\u0160-Gelsi-9-250x250.jpg"},"modified":"2023-06-23T12:40:42","modified_gmt":"2023-06-23T10:40:42","slug":"70-godina-rada-os-gelsi-9-250x250","status":"inherit","type":"attachment","link":"https:\/\/www.rijeka.hr\/it\/la-scuola-elementare-gelsi-ha-festeggiato-70-anni-dallinsediamento-della-scuola-e-115-anni-dalla-costruzione\/70-godina-rada-os-gelsi-9-250x250\/","title":{"rendered":"70.-godina-rada-O\u0160-Gelsi-9-250&#215;250"},"author":17,"featured_media":0,"comment_status":"open","ping_status":"closed","template":"","meta":{"_acf_changed":false,"_trash_the_other_posts":false,"_links_to":"","_links_to_target":""},"class_list":["post-18899","attachment","type-attachment","status-inherit","hentry"],"acf":[],"yoast_head":"<!-- This site is optimized with the Yoast SEO plugin v24.4 - https:\/\/yoast.com\/wordpress\/plugins\/seo\/ -->\n<title>70.-godina-rada-O\u0160-Gelsi-9-250x250 - Citt\u00e0 di Fiume<\/title>\n<meta name=\"robots\" content=\"index, follow, max-snippet:-1, max-image-preview:large, max-video-preview:-1\" \/>\n<link rel=\"canonical\" href=\"https:\/\/www.rijeka.hr\/it\/wp-content\/uploads\/sites\/3\/2023\/06\/70.-godina-rada-O\u0160-Gelsi-9-250x250.jpg\" \/>\n<meta property=\"og:locale\" content=\"it_IT\" \/>\n<meta property=\"og:type\" content=\"article\" \/>\n<meta property=\"og:title\" content=\"70.-godina-rada-O\u0160-Gelsi-9-250x250 - Citt\u00e0 di Fiume\" \/>\n<meta property=\"og:description\" content=\"Direttrice, Gloria Tijan e la vicesindaca Sandra Krpan\" \/>\n<meta property=\"og:url\" content=\"https:\/\/www.rijeka.hr\/it\/wp-content\/uploads\/sites\/3\/2023\/06\/70.-godina-rada-O\u0160-Gelsi-9-250x250.jpg\" \/>\n<meta property=\"og:site_name\" content=\"Citt\u00e0 di Fiume\" \/>\n<meta property=\"article:modified_time\" content=\"2023-06-23T10:40:42+00:00\" \/>\n<meta property=\"og:image\" content=\"https:\/\/www.rijeka.hr\/it\/wp-content\/uploads\/sites\/3\/2023\/06\/70.-godina-rada-O\u0160-Gelsi-9-250x250.jpg\" \/>\n\t<meta property=\"og:image:width\" content=\"250\" \/>\n\t<meta property=\"og:image:height\" content=\"250\" \/>\n\t<meta property=\"og:image:type\" content=\"image\/jpeg\" \/>\n<meta name=\"twitter:card\" content=\"summary_large_image\" \/>\n<script type=\"application\/ld+json\" class=\"yoast-schema-graph\">{\"@context\":\"https:\/\/schema.org\",\"@graph\":[{\"@type\":\"WebPage\",\"@id\":\"https:\/\/www.rijeka.hr\/it\/wp-content\/uploads\/sites\/3\/2023\/06\/70.-godina-rada-O\u0160-Gelsi-9-250x250.jpg\",\"url\":\"https:\/\/www.rijeka.hr\/it\/wp-content\/uploads\/sites\/3\/2023\/06\/70.-godina-rada-O\u0160-Gelsi-9-250x250.jpg\",\"name\":\"70.-godina-rada-O\u0160-Gelsi-9-250x250 - Citt\u00e0 di Fiume\",\"isPartOf\":{\"@id\":\"https:\/\/www.rijeka.hr\/it\/#website\"},\"datePublished\":\"2023-06-23T10:39:38+00:00\",\"dateModified\":\"2023-06-23T10:40:42+00:00\",\"breadcrumb\":{\"@id\":\"https:\/\/www.rijeka.hr\/it\/wp-content\/uploads\/sites\/3\/2023\/06\/70.-godina-rada-O\u0160-Gelsi-9-250x250.jpg#breadcrumb\"},\"inLanguage\":\"it-IT\",\"potentialAction\":[{\"@type\":\"ReadAction\",\"target\":[\"https:\/\/www.rijeka.hr\/it\/wp-content\/uploads\/sites\/3\/2023\/06\/70.-godina-rada-O\u0160-Gelsi-9-250x250.jpg\"]}]},{\"@type\":\"BreadcrumbList\",\"@id\":\"https:\/\/www.rijeka.hr\/it\/wp-content\/uploads\/sites\/3\/2023\/06\/70.-godina-rada-O\u0160-Gelsi-9-250x250.jpg#breadcrumb\",\"itemListElement\":[{\"@type\":\"ListItem\",\"position\":1,\"name\":\"Po\u010detna stranica\",\"item\":\"https:\/\/www.rijeka.hr\/it\/\"},{\"@type\":\"ListItem\",\"position\":2,\"name\":\"La scuola elementare Gelsi ha festeggiato i 70 anni dall&#8217;insediamento della scuola e i 115 anni dalla costruzione\",\"item\":\"https:\/\/www.rijeka.hr\/it\/la-scuola-elementare-gelsi-ha-festeggiato-70-anni-dallinsediamento-della-scuola-e-115-anni-dalla-costruzione\/\"},{\"@type\":\"ListItem\",\"position\":3,\"name\":\"70.-godina-rada-O\u0160-Gelsi-9-250&#215;250\"}]},{\"@type\":\"WebSite\",\"@id\":\"https:\/\/www.rijeka.hr\/it\/#website\",\"url\":\"https:\/\/www.rijeka.hr\/it\/\",\"name\":\"Citt\u00e0 di Fiume\",\"description\":\"Portale web della Citta&#039; di Fiume\",\"potentialAction\":[{\"@type\":\"SearchAction\",\"target\":{\"@type\":\"EntryPoint\",\"urlTemplate\":\"https:\/\/www.rijeka.hr\/it\/?s={search_term_string}\"},\"query-input\":{\"@type\":\"PropertyValueSpecification\",\"valueRequired\":true,\"valueName\":\"search_term_string\"}}],\"inLanguage\":\"it-IT\"}]}<\/script>\n<!-- \/ Yoast SEO plugin. -->","yoast_head_json":{"title":"70.-godina-rada-O\u0160-Gelsi-9-250x250 - Citt\u00e0 di Fiume","robots":{"index":"index","follow":"follow","max-snippet":"max-snippet:-1","max-image-preview":"max-image-preview:large","max-video-preview":"max-video-preview:-1"},"canonical":"https:\/\/www.rijeka.hr\/it\/wp-content\/uploads\/sites\/3\/2023\/06\/70.-godina-rada-O\u0160-Gelsi-9-250x250.jpg","og_locale":"it_IT","og_type":"article","og_title":"70.-godina-rada-O\u0160-Gelsi-9-250x250 - Citt\u00e0 di Fiume","og_description":"Direttrice, Gloria Tijan e la vicesindaca Sandra Krpan","og_url":"https:\/\/www.rijeka.hr\/it\/wp-content\/uploads\/sites\/3\/2023\/06\/70.-godina-rada-O\u0160-Gelsi-9-250x250.jpg","og_site_name":"Citt\u00e0 di Fiume","article_modified_time":"2023-06-23T10:40:42+00:00","og_image":[{"width":250,"height":250,"url":"https:\/\/www.rijeka.hr\/it\/wp-content\/uploads\/sites\/3\/2023\/06\/70.-godina-rada-O\u0160-Gelsi-9-250x250.jpg","type":"image\/jpeg"}],"twitter_card":"summary_large_image","schema":{"@context":"https:\/\/schema.org","@graph":[{"@type":"WebPage","@id":"https:\/\/www.rijeka.hr\/it\/wp-content\/uploads\/sites\/3\/2023\/06\/70.-godina-rada-O\u0160-Gelsi-9-250x250.jpg","url":"https:\/\/www.rijeka.hr\/it\/wp-content\/uploads\/sites\/3\/2023\/06\/70.-godina-rada-O\u0160-Gelsi-9-250x250.jpg","name":"70.-godina-rada-O\u0160-Gelsi-9-250x250 - Citt\u00e0 di Fiume","isPartOf":{"@id":"https:\/\/www.rijeka.hr\/it\/#website"},"datePublished":"2023-06-23T10:39:38+00:00","dateModified":"2023-06-23T10:40:42+00:00","breadcrumb":{"@id":"https:\/\/www.rijeka.hr\/it\/wp-content\/uploads\/sites\/3\/2023\/06\/70.-godina-rada-O\u0160-Gelsi-9-250x250.jpg#breadcrumb"},"inLanguage":"it-IT","potentialAction":[{"@type":"ReadAction","target":["https:\/\/www.rijeka.hr\/it\/wp-content\/uploads\/sites\/3\/2023\/06\/70.-godina-rada-O\u0160-Gelsi-9-250x250.jpg"]}]},{"@type":"BreadcrumbList","@id":"https:\/\/www.rijeka.hr\/it\/wp-content\/uploads\/sites\/3\/2023\/06\/70.-godina-rada-O\u0160-Gelsi-9-250x250.jpg#breadcrumb","itemListElement":[{"@type":"ListItem","position":1,"name":"Po\u010detna stranica","item":"https:\/\/www.rijeka.hr\/it\/"},{"@type":"ListItem","position":2,"name":"La scuola elementare Gelsi ha festeggiato i 70 anni dall&#8217;insediamento della scuola e i 115 anni dalla costruzione","item":"https:\/\/www.rijeka.hr\/it\/la-scuola-elementare-gelsi-ha-festeggiato-70-anni-dallinsediamento-della-scuola-e-115-anni-dalla-costruzione\/"},{"@type":"ListItem","position":3,"name":"70.-godina-rada-O\u0160-Gelsi-9-250&#215;250"}]},{"@type":"WebSite","@id":"https:\/\/www.rijeka.hr\/it\/#website","url":"https:\/\/www.rijeka.hr\/it\/","name":"Citt\u00e0 di Fiume","description":"Portale web della Citta&#039; di Fiume","potentialAction":[{"@type":"SearchAction","target":{"@type":"EntryPoint","urlTemplate":"https:\/\/www.rijeka.hr\/it\/?s={search_term_string}"},"query-input":{"@type":"PropertyValueSpecification","valueRequired":true,"valueName":"search_term_string"}}],"inLanguage":"it-IT"}]}},"description":{"rendered":"<p class=\"attachment\"><a href='https:\/\/www.rijeka.hr\/it\/wp-content\/uploads\/sites\/3\/2023\/06\/70.-godina-rada-O\u0160-Gelsi-9-250x250.jpg' title=\"\" data-rl_title=\"\" class=\"rl-gallery-link\" data-rl_caption=\"\" data-rel=\"lightbox-gallery-0\"><img decoding=\"async\" src=\"https:\/\/www.rijeka.hr\/it\/wp-content\/uploads\/sites\/3\/2023\/06\/70.-godina-rada-O\u0160-Gelsi-9-250x250.jpg\" class=\"attachment-medium size-medium\" alt=\"\" srcset=\"https:\/\/www.rijeka.hr\/it\/wp-content\/uploads\/sites\/3\/2023\/06\/70.-godina-rada-O\u0160-Gelsi-9-250x250.jpg 250w, https:\/\/www.rijeka.hr\/it\/wp-content\/uploads\/sites\/3\/2023\/06\/70.-godina-rada-O\u0160-Gelsi-9-250x250-200x200.jpg 200w\" sizes=\"(max-width: 250px) 100vw, 250px\" \/><\/a><\/p>\n"},"caption":{"rendered":"<p> Direttrice, Gloria Tijan e la vicesindaca Sandra Krpan<\/p>\n"},"alt_text":"","media_type":"image","mime_type":"image\/jpeg","media_details":{"width":250,"height":250,"file":"2023\/06\/70.-godina-rada-O\u0160-Gelsi-9-250x250.jpg","sizes":{"post-thumbnail":{"file":"70.-godina-rada-O\u0160-Gelsi-9-250x250-200x200.jpg","width":200,"height":200,"mime_type":"image\/jpeg","source_url":"https:\/\/www.rijeka.hr\/it\/wp-content\/uploads\/sites\/3\/2023\/06\/70.-godina-rada-O\u0160-Gelsi-9-250x250-200x200.jpg"},"subpage-photo":{"file":"70.-godina-rada-O\u0160-Gelsi-9-250x250-250x250.jpg","width":250,"height":250,"mime_type":"image\/jpeg","source_url":"https:\/\/www.rijeka.hr\/it\/wp-content\/uploads\/sites\/3\/2023\/06\/70.-godina-rada-O\u0160-Gelsi-9-250x250-250x250.jpg"},"avatar":{"file":"70.-godina-rada-O\u0160-Gelsi-9-250x250-200x250.jpg","width":200,"height":250,"mime_type":"image\/jpeg","source_url":"https:\/\/www.rijeka.hr\/it\/wp-content\/uploads\/sites\/3\/2023\/06\/70.-godina-rada-O\u0160-Gelsi-9-250x250-200x250.jpg"},"banner-photo":{"file":"70.-godina-rada-O\u0160-Gelsi-9-250x250-250x150.jpg","width":250,"height":150,"mime_type":"image\/jpeg","source_url":"https:\/\/www.rijeka.hr\/it\/wp-content\/uploads\/sites\/3\/2023\/06\/70.-godina-rada-O\u0160-Gelsi-9-250x250-250x150.jpg"},"full":{"file":"70.-godina-rada-O\u0160-Gelsi-9-250x250.jpg","width":250,"height":250,"mime_type":"image\/jpeg","source_url":"https:\/\/www.rijeka.hr\/it\/wp-content\/uploads\/sites\/3\/2023\/06\/70.-godina-rada-O\u0160-Gelsi-9-250x250.jpg"}},"image_meta":{"aperture":"0","credit":"","camera":"","caption":"","created_timestamp":"0","copyright":"","focal_length":"0","iso":"0","shutter_speed":"0","title":"","orientation":"0","keywords":[]}},"post":18895,"source_url":"https:\/\/www.rijeka.hr\/it\/wp-content\/uploads\/sites\/3\/2023\/06\/70.-godina-rada-O\u0160-Gelsi-9-250x250.jpg","_links":{"self":[{"href":"https:\/\/www.rijeka.hr\/it\/wp-json\/wp\/v2\/media\/18899","targetHints":{"allow":["GET"]}}],"collection":[{"href":"https:\/\/www.rijeka.hr\/it\/wp-json\/wp\/v2\/media"}],"about":[{"href":"https:\/\/www.rijeka.hr\/it\/wp-json\/wp\/v2\/types\/attachment"}],"author":[{"embeddable":true,"href":"https:\/\/www.rijeka.hr\/it\/wp-json\/wp\/v2\/users\/17"}],"replies":[{"embeddable":true,"href":"https:\/\/www.rijeka.hr\/it\/wp-json\/wp\/v2\/comments?post=18899"}]}}