{"id":10182,"date":"2020-04-27T16:21:39","date_gmt":"2020-04-27T14:21:39","guid":{"rendered":"https:\/\/www.rijeka.hr\/it\/?page_id=10182"},"modified":"2022-10-25T12:19:30","modified_gmt":"2022-10-25T10:19:30","slug":"il-panfilo-galeb","status":"publish","type":"page","link":"https:\/\/www.rijeka.hr\/it\/amministrazione-cittadina\/progetti-cittadini\/ongoing-projects\/cultura\/il-panfilo-galeb\/","title":{"rendered":"Trasformazione della nave \u201cGaleb\u201d in museo"},"content":{"rendered":"<p>La valorizzazione turistica dei monumenti rappresentativi del patrimonio industriale di Fiume \u00e8 un progetto triennale attuato dalla Citt\u00e0 di Fiume, in collaborazione con l\u2019Universit\u00e0 degli studi di Fiume e l\u2019Ente per il turismo della citt\u00e0 di Fiume. Il programma viene attuato attraverso la ristrutturazione e la messa in funzione di due monumenti culturali rappresentativi protetti: la motonave Galeb e il Palazzo dello Zuccherificio, nell\u2019ambito dell\u2019ex complesso industriale Rikard Ben\u010di\u0107.<\/p>\n<p>Per il restauro della motonave Galeb e il Palazzo barocco dell\u2019edificio amministrativo dell\u2019ex Zuccherificio, l\u2019importo di 69 milioni di kune a fondo perduto \u00e8 stato stanziato a favore della Citt\u00e0 di Fiume in un bando di gara dai fondi dell\u2019EU.<\/p>\n<h3>Informazioni sulla motonave \u201cGaleb\u201d<\/h3>\n<p>La motonave \u201cGaleb\u201d \u00e8 stata acquistata dalla Citt\u00e0 di Fiume in un\u2019asta pubblica a causa del fatto che era un protetto bene culturale della Repubblica di Croazia e anche una nave di storia interessante e turbolenta collegata a Fiume. Con un decreto emanato dall\u2019Amministrazione per la tutela del patrimonio culturale in seno al Ministero della Cultura della Repubblica di Croazia, il 10 ottobre 2006, la motonave \u201cGaleb\u201d \u00e8 stata proclamata bene culturale.<\/p>\n<h3>Scopo dell\u2019oggetto<\/h3>\n<p>L\u2019allestimento permanente e allestimenti occasionali a bordo della nave Galeb soni stati concepiti in modo tale da risultare interessanti per un vasto pubblico e tutte le fasce d\u2019et\u00e0. L\u2019allestimento permanente riguarda la nave stessa e tutti i reperti originali che di essa sono stati conservati. L\u2019intervento dei designer e dei curatori della mostra in questo spazio \u00e8 concentrato sulla presentazione e sulla conservazione del valore simbolico della nave.<\/p>\n<div id='gallery-1' class='gallery galleryid-10182 gallery-columns-3 gallery-size-thumbnail'><dl class='gallery-item'>\n            <dt class='gallery-icon landscape'>\n                <a href='https:\/\/www.rijeka.hr\/it\/wp-content\/uploads\/sites\/3\/2020\/04\/MB-Galeb-na-vezu-250x250.jpg' title=\"\" data-rl_title=\"\" class=\"rl-gallery-link\" data-rl_caption=\"\" data-rel=\"lightbox-gallery-1\"><img loading=\"lazy\" decoding=\"async\" width=\"250\" height=\"250\" src=\"https:\/\/www.rijeka.hr\/it\/wp-content\/uploads\/sites\/3\/2020\/04\/MB-Galeb-na-vezu-250x250.jpg\" class=\"attachment-thumbnail size-thumbnail\" alt=\"MB-Galeb\" srcset=\"https:\/\/www.rijeka.hr\/it\/wp-content\/uploads\/sites\/3\/2020\/04\/MB-Galeb-na-vezu-250x250.jpg 250w, https:\/\/www.rijeka.hr\/it\/wp-content\/uploads\/sites\/3\/2020\/04\/MB-Galeb-na-vezu-250x250-200x200.jpg 200w\" sizes=\"(max-width: 250px) 100vw, 250px\" \/><\/a>\n            <\/dt><\/dl><dl class='gallery-item'>\n            <dt class='gallery-icon landscape'>\n                <a href='https:\/\/www.rijeka.hr\/it\/wp-content\/uploads\/sites\/3\/2020\/04\/MB-Galeb-1-250x250.jpg' title=\"\" data-rl_title=\"\" class=\"rl-gallery-link\" data-rl_caption=\"\" data-rel=\"lightbox-gallery-1\"><img loading=\"lazy\" decoding=\"async\" width=\"250\" height=\"250\" src=\"https:\/\/www.rijeka.hr\/it\/wp-content\/uploads\/sites\/3\/2020\/04\/MB-Galeb-1-250x250.jpg\" class=\"attachment-thumbnail size-thumbnail\" alt=\"\" srcset=\"https:\/\/www.rijeka.hr\/it\/wp-content\/uploads\/sites\/3\/2020\/04\/MB-Galeb-1-250x250.jpg 250w, https:\/\/www.rijeka.hr\/it\/wp-content\/uploads\/sites\/3\/2020\/04\/MB-Galeb-1-250x250-200x200.jpg 200w\" sizes=\"(max-width: 250px) 100vw, 250px\" \/><\/a>\n            <\/dt><\/dl><dl class='gallery-item'>\n            <dt class='gallery-icon landscape'>\n                <a href='https:\/\/www.rijeka.hr\/it\/wp-content\/uploads\/sites\/3\/2020\/04\/MB-Galeb-2.jpg' title=\"\" data-rl_title=\"\" class=\"rl-gallery-link\" data-rl_caption=\"\" data-rel=\"lightbox-gallery-1\"><img loading=\"lazy\" decoding=\"async\" width=\"250\" height=\"250\" src=\"https:\/\/www.rijeka.hr\/it\/wp-content\/uploads\/sites\/3\/2020\/04\/MB-Galeb-2-250x250.jpg\" class=\"attachment-thumbnail size-thumbnail\" alt=\"\" srcset=\"https:\/\/www.rijeka.hr\/it\/wp-content\/uploads\/sites\/3\/2020\/04\/MB-Galeb-2-250x250.jpg 250w, https:\/\/www.rijeka.hr\/it\/wp-content\/uploads\/sites\/3\/2020\/04\/MB-Galeb-2-200x200.jpg 200w\" sizes=\"(max-width: 250px) 100vw, 250px\" \/><\/a>\n            <\/dt><\/dl><br style=\"clear: both\" \/>\n        <\/div>\n\n<p>Al termine della ricostruzione e dell&#8217;equipaggiamento, su progetto elaborato dall\u2019azienda Marine and Energy Solution DIV, la nave Galeb sar\u00e0 principalmente in funzione della cultura, oltre agli spazi dedicati all\u2019allestimento permanente, la nave ospiter\u00e0 allestimenti occasionali, un cinema e spazi per vari laboratori creativi. Alcuni locali a bordo della nave Galeb avranno una funzione commerciale, quindi la nave avr\u00e0 un ostello, un ristorante \/ bar e un negozio di souvenir.<\/p>\n<p>Oltre alle infrastrutture navali, l\u2019allestimento permanente sar\u00e0 arricchito da mostre volte a mostrare la dinamica storia della nave Galeb e della citt\u00e0 di Fiume. Il progetto prevede che la nave rimanga ormeggiata nel porto di Fiume e che i suoi ricchi contenuti si adatteranno alle tendenze culturali e artistiche nella citt\u00e0 di Fiume. Realizzando il progetto, la nave diventer\u00e0 un&#8217;attrazione turistica di carattere culturale. L&#8217;inaugurazione della nave come nuovo contenuto culturale e turistico incoragger\u00e0 la creazione di nuovi posti di lavoro nel settore culturale.<\/p>\n<h3>Durata del progetto: 1 giugno 2017 &#8211; 1 giugno 2020<\/h3>\n<h3>Valore dell&#8217;investimento: 38.543.243,81 kune<\/h3>\n<h3>Co-finanziato da fondi UE: 85%<\/h3>\n<h3>Valore dell&#8217;investimento dopo la gara, IVA inclusa: 58.572.773,64<\/h3>\n<h3>Appaltatore: Dalmont, Kraljevica<\/h3>\n<h3>Il 29 novembre 2019 \u00e8 stato firmato il contratto per l&#8217;esecuzione dei lavori<\/h3>\n<h3>Prevista scadenza per i lavori: gennaio 2023<\/h3>\n<p>Grazie al progetto della trasformazione della nave in nave \/ museo, la nave sar\u00e0 interamente conservata e verr\u00e0 mantenuto anche il carattere fondamentale del suo spazio.<\/p>\n<p>L&#8217;idea \u00e8 quindi quella di trasformare la nave Galeb in un museo che offrir\u00e0 ai visitatori una storia sul regime e sul tempo che la nave simboleggia ancora oggi, non solo nel contesto dell&#8217;ex Jugoslavia, ma anche molto pi\u00f9 ampiamente, e anche racconta la storia marittima in quanto la nave Galeb \u00e8 eccezionalmente interessante in questo senso. Inoltre, la nave avr\u00e0 capacit\u00e0 ricettive e ristorative, occupando una superficie inferiore rispetto agli spazi museali. Vale a dire, si prevede che il museo e i locali pubblici occuperanno circa 4000 metri quadrati della nave, mentre le capacit\u00e0 ricettive e ristorative solo 1000 metri quadrati.<\/p>\n<p>La nave sar\u00e0 un museo che, tematizzando la propria storia, parler\u00e0 senza idolatria di tutti i totalitarismi che Fiume ha attraversato.<\/p>\n<p>Il programma museale corrisponder\u00e0 alla linea programmatica &#8220;L\u2019et\u00e0 del potere&#8221; nell\u2019ambito del progetto Fiume Capitale europea della cultura 2020, che si occupa di una revisione critica di tutti i totalitarismi che hanno lasciato il segno a Fiume. La nave Galeb verr\u00e0 ormeggiata al Molo longo.<\/p>\n<p>La maggior parte dei ponti della nave saranno spazi pubblici destinati ai cittadini, indipendentemente dal fatto se entrino nel museo, \u00e8 prevista inoltre la ristrutturazione degli spazi che verranno utilizzati da associazioni fiumane. Le capacit\u00e0 ricettive e ristorative verranno affidate in concessione.<\/p>\n<p>Il museo sar\u00e0 gestito dal Museo Civico di Fiume. L\u2019allestimento permanente e allestimenti occasionali a bordo della nave Galeb sono stati concepiti in modo tale da risultare interessanti per un vasto pubblico e tutte le fasce d\u2019et\u00e0. Gli autori dell\u2019allestimento permanente sono dipendenti del Museo civico di Fiume Nata\u0161a Babi\u0107 ed Ema Makarun, mentre lo storico Tvrtko Jakovina \u00e8 impegnato come collaboratore per l\u2019allestimento permanente, il cui design firma la pluripremiata designer Nikolina Jelavi\u0107 Mitrovi\u0107. I temi fondamentali dell\u2019allestimento permanente saranno mostrati e illustrati con oggetti originali, fotografie e contenuti multimediali per i quali i materiali video sono realizzati dalla premiata regista Mila Turajli\u0107.<\/p>\n<p>Essendo la nave patrimonio culturale, il Dipartimento per la Conservazione di Fiume ha richiesto che alcuni spazi fossero lasciati nelle condizioni originali, con la necessaria ricostruzione e restauro secondo la documentazione archivistica, con il permesso di collocare negli spazi interni ed esterni protetti elementi non invasivi che descriveranno la funzione e la storia della nave.<\/p>\n<p>Il patrimonio museale includer\u00e0 tutte le attrezzature esistenti della nave, i materiali illustrativi esistenti, come materiali fotografici e video, copie della documentazione relativa alla costruzione e alla storia della nave, archivi di articoli, libri e altri supplementi testuali relativi alla nave Galeb. I visitatori che una volta hanno soggiornato o lavorato a bordo, potranno lasciare un video delle loro esperienze, donare documentazione e reperti.<\/p>\n<p>La collezione conterr\u00e0 una serie di contenuti e domande interattive, e i ponti aperti ripristineranno il loro antico splendore grazie al rinnovamento del pavimento in legno di teak, l\u2019illuminazione e tende, con moderne aggiunte museologiche.<\/p>\n<p>La nave \/ museo sar\u00e0 adattata in modo tale da consentire e rendere sicuro l\u2019accesso anche alle persone disabili, cieche o ipovedenti, la cui circolazione verr\u00e0 facilitata da appositi nastri. Inoltre, nell\u2019ambito della mostra permanente sono provisti dei punti in cui verranno installate delle targhe didascaliche braille, dei punti d\u2019ascolto e targhe in rilievo con illustrazioni e oggetti che possono essere toccati.<\/p>\n<p>I visitatori potranno vedere le parti residenziali pi\u00f9 lussuose, completamente restaurate, come l&#8217;appartamento di Tito e Jovanka, il salone comune, gli appartamenti per gli ospiti, il salone principale, la sala da pranzo e l&#8217;ampio salone per gli ospiti, lo spogliatoio e le camere da letto. Sono previsti anche contenuti interattivi a bordo, in modo che nell&#8217;ex sala da pranzo per gli ospiti verr\u00e0 proiettata la cena con protagonisti personaggi un tempo famosi che hanno soggiornato a bordo.<\/p>\n<p>La nave Galeb ha una lunga storia e il suo restauro in museo sarebbe il suo quarto scopo. La nave originariamente chiamata &#8220;Ramb III&#8221; fu costruita e varata nel 1938 presso i cantieri Ansaldo di Genova, in Italia, funzionando come nave da trasporto. All&#8217;inizio della seconda guerra mondiale, la nave venne convertita in una nave da guerra, prima come incrociatore da battaglia ausiliario. In seguito alla capitolazione dell&#8217;Italia, la nave fu catturata dai tedeschi e rinominata in Kiebitz e convertita in posamine. Nel 1944, la nave pos\u00f2 oltre 5mila mine nel Quarnero e nell\u2019Alto Adriatico. Il 5 novembre 1944, la nave venne affondata nel porto di Fiume colpita nei bombardamenti alleati. \u00c8 stata recuperata dal fondo marino nel 1947 dalla compagnia Brodospas di Spalato. Dopo la ricostruzione presso il cantiere navale \u2018Scoglio Olivi\u2019 di Pola, la nave prese il nome di Galeb ed \u00e8 diventata la nave scuola della Marina militare jugoslava. Nel 1953 la nave divenne l\u2019unit\u00e0 navale di rappresentanza di Tito. La disposizione delle stanze e delle attrezzature \u00e8 stata adattata a questo scopo.<\/p>\n","protected":false},"excerpt":{"rendered":"<p>La valorizzazione turistica dei monumenti rappresentativi del patrimonio industriale di Fiume \u00e8 un progetto triennale attuato dalla Citt\u00e0 di Fiume, in collaborazione con l\u2019Universit\u00e0 degli studi di Fiume e l\u2019Ente per il turismo della citt\u00e0 di Fiume. Il programma viene attuato attraverso la ristrutturazione e la messa in funzione di due monumenti culturali rappresentativi protetti:&#8230;<\/p>\n","protected":false},"author":5,"featured_media":10185,"parent":13027,"menu_order":0,"comment_status":"closed","ping_status":"closed","template":"","meta":{"_acf_changed":false,"_trash_the_other_posts":false,"footnotes":"","_links_to":"","_links_to_target":""},"tags":[],"class_list":["post-10182","page","type-page","status-publish","has-post-thumbnail","hentry"],"acf":[],"yoast_head":"<!-- This site is optimized with the Yoast SEO plugin v24.4 - https:\/\/yoast.com\/wordpress\/plugins\/seo\/ -->\n<title>Trasformazione della nave \u201cGaleb\u201d in museo - Citt\u00e0 di Fiume<\/title>\n<meta name=\"robots\" content=\"index, follow, max-snippet:-1, max-image-preview:large, max-video-preview:-1\" \/>\n<link rel=\"canonical\" href=\"https:\/\/www.rijeka.hr\/it\/amministrazione-cittadina\/progetti-cittadini\/ongoing-projects\/cultura\/il-panfilo-galeb\/\" \/>\n<meta property=\"og:locale\" content=\"it_IT\" \/>\n<meta property=\"og:type\" content=\"article\" \/>\n<meta property=\"og:title\" content=\"Trasformazione della nave \u201cGaleb\u201d in museo - Citt\u00e0 di Fiume\" \/>\n<meta property=\"og:description\" content=\"La valorizzazione turistica dei monumenti rappresentativi del patrimonio industriale di Fiume \u00e8 un progetto triennale attuato dalla Citt\u00e0 di Fiume, in collaborazione con l\u2019Universit\u00e0 degli studi di Fiume e l\u2019Ente per il turismo della citt\u00e0 di Fiume. Il programma viene attuato attraverso la ristrutturazione e la messa in funzione di due monumenti culturali rappresentativi protetti:...\" \/>\n<meta property=\"og:url\" content=\"https:\/\/www.rijeka.hr\/it\/amministrazione-cittadina\/progetti-cittadini\/ongoing-projects\/cultura\/il-panfilo-galeb\/\" \/>\n<meta property=\"og:site_name\" content=\"Citt\u00e0 di Fiume\" \/>\n<meta property=\"article:modified_time\" content=\"2022-10-25T10:19:30+00:00\" \/>\n<meta property=\"og:image\" content=\"https:\/\/www.rijeka.hr\/it\/wp-content\/uploads\/sites\/3\/2020\/04\/MB-Galeb-na-vezu-250x250.jpg\" \/>\n\t<meta property=\"og:image:width\" content=\"250\" \/>\n\t<meta property=\"og:image:height\" content=\"250\" \/>\n\t<meta property=\"og:image:type\" content=\"image\/jpeg\" \/>\n<meta name=\"twitter:card\" content=\"summary_large_image\" \/>\n<meta name=\"twitter:label1\" content=\"Est. reading time\" \/>\n\t<meta name=\"twitter:data1\" content=\"6 minutes\" \/>\n<script type=\"application\/ld+json\" class=\"yoast-schema-graph\">{\"@context\":\"https:\/\/schema.org\",\"@graph\":[{\"@type\":\"WebPage\",\"@id\":\"https:\/\/www.rijeka.hr\/it\/amministrazione-cittadina\/progetti-cittadini\/ongoing-projects\/cultura\/il-panfilo-galeb\/\",\"url\":\"https:\/\/www.rijeka.hr\/it\/amministrazione-cittadina\/progetti-cittadini\/ongoing-projects\/cultura\/il-panfilo-galeb\/\",\"name\":\"Trasformazione della nave \u201cGaleb\u201d in museo - Citt\u00e0 di Fiume\",\"isPartOf\":{\"@id\":\"https:\/\/www.rijeka.hr\/it\/#website\"},\"primaryImageOfPage\":{\"@id\":\"https:\/\/www.rijeka.hr\/it\/amministrazione-cittadina\/progetti-cittadini\/ongoing-projects\/cultura\/il-panfilo-galeb\/#primaryimage\"},\"image\":{\"@id\":\"https:\/\/www.rijeka.hr\/it\/amministrazione-cittadina\/progetti-cittadini\/ongoing-projects\/cultura\/il-panfilo-galeb\/#primaryimage\"},\"thumbnailUrl\":\"https:\/\/www.rijeka.hr\/it\/wp-content\/uploads\/sites\/3\/2020\/04\/MB-Galeb-na-vezu-250x250.jpg\",\"datePublished\":\"2020-04-27T14:21:39+00:00\",\"dateModified\":\"2022-10-25T10:19:30+00:00\",\"breadcrumb\":{\"@id\":\"https:\/\/www.rijeka.hr\/it\/amministrazione-cittadina\/progetti-cittadini\/ongoing-projects\/cultura\/il-panfilo-galeb\/#breadcrumb\"},\"inLanguage\":\"it-IT\",\"potentialAction\":[{\"@type\":\"ReadAction\",\"target\":[\"https:\/\/www.rijeka.hr\/it\/amministrazione-cittadina\/progetti-cittadini\/ongoing-projects\/cultura\/il-panfilo-galeb\/\"]}]},{\"@type\":\"ImageObject\",\"inLanguage\":\"it-IT\",\"@id\":\"https:\/\/www.rijeka.hr\/it\/amministrazione-cittadina\/progetti-cittadini\/ongoing-projects\/cultura\/il-panfilo-galeb\/#primaryimage\",\"url\":\"https:\/\/www.rijeka.hr\/it\/wp-content\/uploads\/sites\/3\/2020\/04\/MB-Galeb-na-vezu-250x250.jpg\",\"contentUrl\":\"https:\/\/www.rijeka.hr\/it\/wp-content\/uploads\/sites\/3\/2020\/04\/MB-Galeb-na-vezu-250x250.jpg\",\"width\":250,\"height\":250,\"caption\":\"MB-Galeb\"},{\"@type\":\"BreadcrumbList\",\"@id\":\"https:\/\/www.rijeka.hr\/it\/amministrazione-cittadina\/progetti-cittadini\/ongoing-projects\/cultura\/il-panfilo-galeb\/#breadcrumb\",\"itemListElement\":[{\"@type\":\"ListItem\",\"position\":1,\"name\":\"Po\u010detna stranica\",\"item\":\"https:\/\/www.rijeka.hr\/it\/\"},{\"@type\":\"ListItem\",\"position\":2,\"name\":\"Amministrazione cittadina\",\"item\":\"https:\/\/www.rijeka.hr\/it\/amministrazione-cittadina\/\"},{\"@type\":\"ListItem\",\"position\":3,\"name\":\"Progetti cittadini\",\"item\":\"https:\/\/www.rijeka.hr\/it\/amministrazione-cittadina\/progetti-cittadini\/\"},{\"@type\":\"ListItem\",\"position\":4,\"name\":\"Progetti in corso\",\"item\":\"https:\/\/www.rijeka.hr\/it\/amministrazione-cittadina\/progetti-cittadini\/ongoing-projects\/\"},{\"@type\":\"ListItem\",\"position\":5,\"name\":\"Cultura\",\"item\":\"https:\/\/www.rijeka.hr\/it\/amministrazione-cittadina\/progetti-cittadini\/ongoing-projects\/cultura\/\"},{\"@type\":\"ListItem\",\"position\":6,\"name\":\"Trasformazione della nave \u201cGaleb\u201d in museo\"}]},{\"@type\":\"WebSite\",\"@id\":\"https:\/\/www.rijeka.hr\/it\/#website\",\"url\":\"https:\/\/www.rijeka.hr\/it\/\",\"name\":\"Citt\u00e0 di Fiume\",\"description\":\"Portale web della Citta&#039; di Fiume\",\"potentialAction\":[{\"@type\":\"SearchAction\",\"target\":{\"@type\":\"EntryPoint\",\"urlTemplate\":\"https:\/\/www.rijeka.hr\/it\/?s={search_term_string}\"},\"query-input\":{\"@type\":\"PropertyValueSpecification\",\"valueRequired\":true,\"valueName\":\"search_term_string\"}}],\"inLanguage\":\"it-IT\"}]}<\/script>\n<!-- \/ Yoast SEO plugin. -->","yoast_head_json":{"title":"Trasformazione della nave \u201cGaleb\u201d in museo - Citt\u00e0 di Fiume","robots":{"index":"index","follow":"follow","max-snippet":"max-snippet:-1","max-image-preview":"max-image-preview:large","max-video-preview":"max-video-preview:-1"},"canonical":"https:\/\/www.rijeka.hr\/it\/amministrazione-cittadina\/progetti-cittadini\/ongoing-projects\/cultura\/il-panfilo-galeb\/","og_locale":"it_IT","og_type":"article","og_title":"Trasformazione della nave \u201cGaleb\u201d in museo - Citt\u00e0 di Fiume","og_description":"La valorizzazione turistica dei monumenti rappresentativi del patrimonio industriale di Fiume \u00e8 un progetto triennale attuato dalla Citt\u00e0 di Fiume, in collaborazione con l\u2019Universit\u00e0 degli studi di Fiume e l\u2019Ente per il turismo della citt\u00e0 di Fiume. Il programma viene attuato attraverso la ristrutturazione e la messa in funzione di due monumenti culturali rappresentativi protetti:...","og_url":"https:\/\/www.rijeka.hr\/it\/amministrazione-cittadina\/progetti-cittadini\/ongoing-projects\/cultura\/il-panfilo-galeb\/","og_site_name":"Citt\u00e0 di Fiume","article_modified_time":"2022-10-25T10:19:30+00:00","og_image":[{"width":250,"height":250,"url":"https:\/\/www.rijeka.hr\/it\/wp-content\/uploads\/sites\/3\/2020\/04\/MB-Galeb-na-vezu-250x250.jpg","type":"image\/jpeg"}],"twitter_card":"summary_large_image","twitter_misc":{"Est. reading time":"6 minutes"},"schema":{"@context":"https:\/\/schema.org","@graph":[{"@type":"WebPage","@id":"https:\/\/www.rijeka.hr\/it\/amministrazione-cittadina\/progetti-cittadini\/ongoing-projects\/cultura\/il-panfilo-galeb\/","url":"https:\/\/www.rijeka.hr\/it\/amministrazione-cittadina\/progetti-cittadini\/ongoing-projects\/cultura\/il-panfilo-galeb\/","name":"Trasformazione della nave \u201cGaleb\u201d in museo - Citt\u00e0 di Fiume","isPartOf":{"@id":"https:\/\/www.rijeka.hr\/it\/#website"},"primaryImageOfPage":{"@id":"https:\/\/www.rijeka.hr\/it\/amministrazione-cittadina\/progetti-cittadini\/ongoing-projects\/cultura\/il-panfilo-galeb\/#primaryimage"},"image":{"@id":"https:\/\/www.rijeka.hr\/it\/amministrazione-cittadina\/progetti-cittadini\/ongoing-projects\/cultura\/il-panfilo-galeb\/#primaryimage"},"thumbnailUrl":"https:\/\/www.rijeka.hr\/it\/wp-content\/uploads\/sites\/3\/2020\/04\/MB-Galeb-na-vezu-250x250.jpg","datePublished":"2020-04-27T14:21:39+00:00","dateModified":"2022-10-25T10:19:30+00:00","breadcrumb":{"@id":"https:\/\/www.rijeka.hr\/it\/amministrazione-cittadina\/progetti-cittadini\/ongoing-projects\/cultura\/il-panfilo-galeb\/#breadcrumb"},"inLanguage":"it-IT","potentialAction":[{"@type":"ReadAction","target":["https:\/\/www.rijeka.hr\/it\/amministrazione-cittadina\/progetti-cittadini\/ongoing-projects\/cultura\/il-panfilo-galeb\/"]}]},{"@type":"ImageObject","inLanguage":"it-IT","@id":"https:\/\/www.rijeka.hr\/it\/amministrazione-cittadina\/progetti-cittadini\/ongoing-projects\/cultura\/il-panfilo-galeb\/#primaryimage","url":"https:\/\/www.rijeka.hr\/it\/wp-content\/uploads\/sites\/3\/2020\/04\/MB-Galeb-na-vezu-250x250.jpg","contentUrl":"https:\/\/www.rijeka.hr\/it\/wp-content\/uploads\/sites\/3\/2020\/04\/MB-Galeb-na-vezu-250x250.jpg","width":250,"height":250,"caption":"MB-Galeb"},{"@type":"BreadcrumbList","@id":"https:\/\/www.rijeka.hr\/it\/amministrazione-cittadina\/progetti-cittadini\/ongoing-projects\/cultura\/il-panfilo-galeb\/#breadcrumb","itemListElement":[{"@type":"ListItem","position":1,"name":"Po\u010detna stranica","item":"https:\/\/www.rijeka.hr\/it\/"},{"@type":"ListItem","position":2,"name":"Amministrazione cittadina","item":"https:\/\/www.rijeka.hr\/it\/amministrazione-cittadina\/"},{"@type":"ListItem","position":3,"name":"Progetti cittadini","item":"https:\/\/www.rijeka.hr\/it\/amministrazione-cittadina\/progetti-cittadini\/"},{"@type":"ListItem","position":4,"name":"Progetti in corso","item":"https:\/\/www.rijeka.hr\/it\/amministrazione-cittadina\/progetti-cittadini\/ongoing-projects\/"},{"@type":"ListItem","position":5,"name":"Cultura","item":"https:\/\/www.rijeka.hr\/it\/amministrazione-cittadina\/progetti-cittadini\/ongoing-projects\/cultura\/"},{"@type":"ListItem","position":6,"name":"Trasformazione della nave \u201cGaleb\u201d in museo"}]},{"@type":"WebSite","@id":"https:\/\/www.rijeka.hr\/it\/#website","url":"https:\/\/www.rijeka.hr\/it\/","name":"Citt\u00e0 di Fiume","description":"Portale web della Citta&#039; di Fiume","potentialAction":[{"@type":"SearchAction","target":{"@type":"EntryPoint","urlTemplate":"https:\/\/www.rijeka.hr\/it\/?s={search_term_string}"},"query-input":{"@type":"PropertyValueSpecification","valueRequired":true,"valueName":"search_term_string"}}],"inLanguage":"it-IT"}]}},"_links":{"self":[{"href":"https:\/\/www.rijeka.hr\/it\/wp-json\/wp\/v2\/pages\/10182","targetHints":{"allow":["GET"]}}],"collection":[{"href":"https:\/\/www.rijeka.hr\/it\/wp-json\/wp\/v2\/pages"}],"about":[{"href":"https:\/\/www.rijeka.hr\/it\/wp-json\/wp\/v2\/types\/page"}],"author":[{"embeddable":true,"href":"https:\/\/www.rijeka.hr\/it\/wp-json\/wp\/v2\/users\/5"}],"replies":[{"embeddable":true,"href":"https:\/\/www.rijeka.hr\/it\/wp-json\/wp\/v2\/comments?post=10182"}],"version-history":[{"count":3,"href":"https:\/\/www.rijeka.hr\/it\/wp-json\/wp\/v2\/pages\/10182\/revisions"}],"predecessor-version":[{"id":16143,"href":"https:\/\/www.rijeka.hr\/it\/wp-json\/wp\/v2\/pages\/10182\/revisions\/16143"}],"up":[{"embeddable":true,"href":"https:\/\/www.rijeka.hr\/it\/wp-json\/wp\/v2\/pages\/13027"}],"wp:featuredmedia":[{"embeddable":true,"href":"https:\/\/www.rijeka.hr\/it\/wp-json\/wp\/v2\/media\/10185"}],"wp:attachment":[{"href":"https:\/\/www.rijeka.hr\/it\/wp-json\/wp\/v2\/media?parent=10182"}],"wp:term":[{"taxonomy":"post_tag","embeddable":true,"href":"https:\/\/www.rijeka.hr\/it\/wp-json\/wp\/v2\/tags?post=10182"}],"curies":[{"name":"wp","href":"https:\/\/api.w.org\/{rel}","templated":true}]}}