{"id":10244,"date":"2020-04-30T19:43:02","date_gmt":"2020-04-30T17:43:02","guid":{"rendered":"https:\/\/www.rijeka.hr\/it\/?page_id=10244"},"modified":"2022-10-25T15:24:36","modified_gmt":"2022-10-25T13:24:36","slug":"la-scuola-dellinfanzia-rastocine","status":"publish","type":"page","link":"https:\/\/www.rijeka.hr\/it\/amministrazione-cittadina\/progetti-cittadini\/ongoing-projects\/scuole-dellinfanzia\/la-scuola-dellinfanzia-rastocine\/","title":{"rendered":"La scuola dell\u2019infanzia Rasto\u010dine"},"content":{"rendered":"<p>Lo scopo del progetto<\/p>\n<p>La scuole dell\u2019infanzia che attualmente opera nel rione di Rasto\u010dine non soddisfa gli standard di un edificio dedicato all\u2019educazione prescolare n\u00e9 le necessit\u00e0 del proprio bacino territoriale. Pertanto, \u00e8 stata avviata la stesura della documentazione progettuale per la costruzione di una nuova scuola dell\u2019infanzia su una superficie libera di 4 356 m\u00b2 nelle immediate vicinanze.<\/p>\n<p><img loading=\"lazy\" decoding=\"async\" width=\"1200\" height=\"675\" class=\"wp-image-10246 size-large aligncenter\" src=\"https:\/\/www.rijeka.hr\/it\/wp-content\/uploads\/sites\/3\/2020\/04\/La-scuola-dell\u2019infanzia-Rasto\u010dine-2-1200x675.jpg\" alt=\"La scuola dell\u2019infanzia Rasto\u010dine\" srcset=\"https:\/\/www.rijeka.hr\/it\/wp-content\/uploads\/sites\/3\/2020\/04\/La-scuola-dell\u2019infanzia-Rasto\u010dine-2-1200x675.jpg 1200w, https:\/\/www.rijeka.hr\/it\/wp-content\/uploads\/sites\/3\/2020\/04\/La-scuola-dell\u2019infanzia-Rasto\u010dine-2-600x338.jpg 600w, https:\/\/www.rijeka.hr\/it\/wp-content\/uploads\/sites\/3\/2020\/04\/La-scuola-dell\u2019infanzia-Rasto\u010dine-2-768x432.jpg 768w, https:\/\/www.rijeka.hr\/it\/wp-content\/uploads\/sites\/3\/2020\/04\/La-scuola-dell\u2019infanzia-Rasto\u010dine-2-1000x563.jpg 1000w, https:\/\/www.rijeka.hr\/it\/wp-content\/uploads\/sites\/3\/2020\/04\/La-scuola-dell\u2019infanzia-Rasto\u010dine-2.jpg 1920w\" sizes=\"(max-width: 1200px) 100vw, 1200px\" \/><\/p>\n<p>La documentazione progettuale della scuola dell\u2019infanzia Rasto\u010dine viene elaborata dall\u2019azienda DIMIDIUM PROJEKT di Nijemci e coordinata dal Dipartimento cittadino dello sviluppo, dell&#8217;urbanistica, dell&#8217;ecologia e della gestione del territorio. La scuola dell\u2019infanzia potr\u00e0 ospitare nove gruppi educativi: tre di asilo nido e sei di asilo d\u2019infanzia, con una capacit\u00e0 totale di 168 bambini. La scuola dell\u2019infanzia avr\u00e0 due piani con una superficie totale edificabile lorda di 2 866 mq, una sala polifunzionale di 180 mq, un garage con 27 posti auto e campi da gioco all&#8217;aperto e terrazze, separatamente per i bambini di asilo nido e di asilo d\u2019infanzia.<\/p>\n<p><img loading=\"lazy\" decoding=\"async\" class=\"aligncenter wp-image-10248 size-large\" src=\"https:\/\/www.rijeka.hr\/it\/wp-content\/uploads\/sites\/3\/2020\/04\/La-scuola-dell\u2019infanzia-Rasto\u010dine-3-1200x675.jpg\" alt=\"La scuola dell\u2019infanzia Rasto\u010dine\" width=\"1200\" height=\"675\" srcset=\"https:\/\/www.rijeka.hr\/it\/wp-content\/uploads\/sites\/3\/2020\/04\/La-scuola-dell\u2019infanzia-Rasto\u010dine-3.jpg 1200w, https:\/\/www.rijeka.hr\/it\/wp-content\/uploads\/sites\/3\/2020\/04\/La-scuola-dell\u2019infanzia-Rasto\u010dine-3-600x338.jpg 600w, https:\/\/www.rijeka.hr\/it\/wp-content\/uploads\/sites\/3\/2020\/04\/La-scuola-dell\u2019infanzia-Rasto\u010dine-3-768x432.jpg 768w, https:\/\/www.rijeka.hr\/it\/wp-content\/uploads\/sites\/3\/2020\/04\/La-scuola-dell\u2019infanzia-Rasto\u010dine-3-1000x563.jpg 1000w\" sizes=\"(max-width: 1200px) 100vw, 1200px\" \/><\/p>\n<p>Il progetto \u00e8 stato avviato a maggio 2018. La Citt\u00e0 di Fiume ha ottenuto mezzi finanziari per la progettazione della nuova scuola dell\u2019infanzia in base a una gara d\u2019appalto nel segmento Progetto d\u2019investimento negli edifici delle scuole dell\u2019infanzia, indetta dal Ministero della demografia, della famiglia, delle politiche sociali e della giovent\u00f9, a cui la Citt\u00e0 di Fiume ha partecipato. Il 17 luglio 2018 \u00e8 stato firmato il contratto con la Citt\u00e0 di Fiume sull&#8217;assegnazione di 119.000,00 kune alla Citt\u00e0 di Fiume per la progettazione della scuola dell\u2019infanzia nel rione di Rasto\u010dine, per la sistemazione dell\u2019area verde circostante alla scuola dell\u2019infanzia Galeb e la sistemazione di un parco giochi nella scuole dell\u2019infanzia Gardelin per bambini che vanno all\u2019asilo nido.<\/p>\n<p>Il permesso di costruire \u00e8 stato concesso a settembre 2019.<\/p>\n","protected":false},"excerpt":{"rendered":"<p>Lo scopo del progetto La scuole dell\u2019infanzia che attualmente opera nel rione di Rasto\u010dine non soddisfa gli standard di un edificio dedicato all\u2019educazione prescolare n\u00e9 le necessit\u00e0 del proprio bacino territoriale. Pertanto, \u00e8 stata avviata la stesura della documentazione progettuale per la costruzione di una nuova scuola dell\u2019infanzia su una superficie libera di 4 356&#8230;<\/p>\n","protected":false},"author":20,"featured_media":10246,"parent":13031,"menu_order":0,"comment_status":"closed","ping_status":"closed","template":"","meta":{"_acf_changed":false,"_trash_the_other_posts":false,"footnotes":"","_links_to":"","_links_to_target":""},"tags":[],"class_list":["post-10244","page","type-page","status-publish","has-post-thumbnail","hentry"],"acf":[],"yoast_head":"<!-- This site is optimized with the Yoast SEO plugin v24.4 - https:\/\/yoast.com\/wordpress\/plugins\/seo\/ -->\n<title>La scuola dell\u2019infanzia Rasto\u010dine - Citt\u00e0 di Fiume<\/title>\n<meta name=\"robots\" content=\"index, follow, max-snippet:-1, max-image-preview:large, max-video-preview:-1\" \/>\n<link rel=\"canonical\" href=\"https:\/\/www.rijeka.hr\/it\/amministrazione-cittadina\/progetti-cittadini\/ongoing-projects\/scuole-dellinfanzia\/la-scuola-dellinfanzia-rastocine\/\" \/>\n<meta property=\"og:locale\" content=\"it_IT\" \/>\n<meta property=\"og:type\" content=\"article\" \/>\n<meta property=\"og:title\" content=\"La scuola dell\u2019infanzia Rasto\u010dine - Citt\u00e0 di Fiume\" \/>\n<meta property=\"og:description\" content=\"Lo scopo del progetto La scuole dell\u2019infanzia che attualmente opera nel rione di Rasto\u010dine non soddisfa gli standard di un edificio dedicato all\u2019educazione prescolare n\u00e9 le necessit\u00e0 del proprio bacino territoriale. Pertanto, \u00e8 stata avviata la stesura della documentazione progettuale per la costruzione di una nuova scuola dell\u2019infanzia su una superficie libera di 4 356...\" \/>\n<meta property=\"og:url\" content=\"https:\/\/www.rijeka.hr\/it\/amministrazione-cittadina\/progetti-cittadini\/ongoing-projects\/scuole-dellinfanzia\/la-scuola-dellinfanzia-rastocine\/\" \/>\n<meta property=\"og:site_name\" content=\"Citt\u00e0 di Fiume\" \/>\n<meta property=\"article:modified_time\" content=\"2022-10-25T13:24:36+00:00\" \/>\n<meta property=\"og:image\" content=\"https:\/\/www.rijeka.hr\/it\/wp-content\/uploads\/sites\/3\/2020\/04\/La-scuola-dell\u2019infanzia-Rasto\u010dine-2.jpg\" \/>\n\t<meta property=\"og:image:width\" content=\"1920\" \/>\n\t<meta property=\"og:image:height\" content=\"1080\" \/>\n\t<meta property=\"og:image:type\" content=\"image\/jpeg\" \/>\n<meta name=\"twitter:card\" content=\"summary_large_image\" \/>\n<meta name=\"twitter:label1\" content=\"Est. reading time\" \/>\n\t<meta name=\"twitter:data1\" content=\"1 minute\" \/>\n<script type=\"application\/ld+json\" class=\"yoast-schema-graph\">{\"@context\":\"https:\/\/schema.org\",\"@graph\":[{\"@type\":\"WebPage\",\"@id\":\"https:\/\/www.rijeka.hr\/it\/amministrazione-cittadina\/progetti-cittadini\/ongoing-projects\/scuole-dellinfanzia\/la-scuola-dellinfanzia-rastocine\/\",\"url\":\"https:\/\/www.rijeka.hr\/it\/amministrazione-cittadina\/progetti-cittadini\/ongoing-projects\/scuole-dellinfanzia\/la-scuola-dellinfanzia-rastocine\/\",\"name\":\"La scuola dell\u2019infanzia Rasto\u010dine - Citt\u00e0 di Fiume\",\"isPartOf\":{\"@id\":\"https:\/\/www.rijeka.hr\/it\/#website\"},\"primaryImageOfPage\":{\"@id\":\"https:\/\/www.rijeka.hr\/it\/amministrazione-cittadina\/progetti-cittadini\/ongoing-projects\/scuole-dellinfanzia\/la-scuola-dellinfanzia-rastocine\/#primaryimage\"},\"image\":{\"@id\":\"https:\/\/www.rijeka.hr\/it\/amministrazione-cittadina\/progetti-cittadini\/ongoing-projects\/scuole-dellinfanzia\/la-scuola-dellinfanzia-rastocine\/#primaryimage\"},\"thumbnailUrl\":\"https:\/\/www.rijeka.hr\/it\/wp-content\/uploads\/sites\/3\/2020\/04\/La-scuola-dell\u2019infanzia-Rasto\u010dine-2.jpg\",\"datePublished\":\"2020-04-30T17:43:02+00:00\",\"dateModified\":\"2022-10-25T13:24:36+00:00\",\"breadcrumb\":{\"@id\":\"https:\/\/www.rijeka.hr\/it\/amministrazione-cittadina\/progetti-cittadini\/ongoing-projects\/scuole-dellinfanzia\/la-scuola-dellinfanzia-rastocine\/#breadcrumb\"},\"inLanguage\":\"it-IT\",\"potentialAction\":[{\"@type\":\"ReadAction\",\"target\":[\"https:\/\/www.rijeka.hr\/it\/amministrazione-cittadina\/progetti-cittadini\/ongoing-projects\/scuole-dellinfanzia\/la-scuola-dellinfanzia-rastocine\/\"]}]},{\"@type\":\"ImageObject\",\"inLanguage\":\"it-IT\",\"@id\":\"https:\/\/www.rijeka.hr\/it\/amministrazione-cittadina\/progetti-cittadini\/ongoing-projects\/scuole-dellinfanzia\/la-scuola-dellinfanzia-rastocine\/#primaryimage\",\"url\":\"https:\/\/www.rijeka.hr\/it\/wp-content\/uploads\/sites\/3\/2020\/04\/La-scuola-dell\u2019infanzia-Rasto\u010dine-2.jpg\",\"contentUrl\":\"https:\/\/www.rijeka.hr\/it\/wp-content\/uploads\/sites\/3\/2020\/04\/La-scuola-dell\u2019infanzia-Rasto\u010dine-2.jpg\",\"width\":1920,\"height\":1080,\"caption\":\"La scuola dell\u2019infanzia Rasto\u010dine\"},{\"@type\":\"BreadcrumbList\",\"@id\":\"https:\/\/www.rijeka.hr\/it\/amministrazione-cittadina\/progetti-cittadini\/ongoing-projects\/scuole-dellinfanzia\/la-scuola-dellinfanzia-rastocine\/#breadcrumb\",\"itemListElement\":[{\"@type\":\"ListItem\",\"position\":1,\"name\":\"Po\u010detna stranica\",\"item\":\"https:\/\/www.rijeka.hr\/it\/\"},{\"@type\":\"ListItem\",\"position\":2,\"name\":\"Amministrazione cittadina\",\"item\":\"https:\/\/www.rijeka.hr\/it\/amministrazione-cittadina\/\"},{\"@type\":\"ListItem\",\"position\":3,\"name\":\"Progetti cittadini\",\"item\":\"https:\/\/www.rijeka.hr\/it\/amministrazione-cittadina\/progetti-cittadini\/\"},{\"@type\":\"ListItem\",\"position\":4,\"name\":\"Progetti in corso\",\"item\":\"https:\/\/www.rijeka.hr\/it\/amministrazione-cittadina\/progetti-cittadini\/ongoing-projects\/\"},{\"@type\":\"ListItem\",\"position\":5,\"name\":\"Scuole dell\u2019infanzia\",\"item\":\"https:\/\/www.rijeka.hr\/it\/amministrazione-cittadina\/progetti-cittadini\/ongoing-projects\/scuole-dellinfanzia\/\"},{\"@type\":\"ListItem\",\"position\":6,\"name\":\"La scuola dell\u2019infanzia Rasto\u010dine\"}]},{\"@type\":\"WebSite\",\"@id\":\"https:\/\/www.rijeka.hr\/it\/#website\",\"url\":\"https:\/\/www.rijeka.hr\/it\/\",\"name\":\"Citt\u00e0 di Fiume\",\"description\":\"Portale web della Citta&#039; di Fiume\",\"potentialAction\":[{\"@type\":\"SearchAction\",\"target\":{\"@type\":\"EntryPoint\",\"urlTemplate\":\"https:\/\/www.rijeka.hr\/it\/?s={search_term_string}\"},\"query-input\":{\"@type\":\"PropertyValueSpecification\",\"valueRequired\":true,\"valueName\":\"search_term_string\"}}],\"inLanguage\":\"it-IT\"}]}<\/script>\n<!-- \/ Yoast SEO plugin. -->","yoast_head_json":{"title":"La scuola dell\u2019infanzia Rasto\u010dine - Citt\u00e0 di Fiume","robots":{"index":"index","follow":"follow","max-snippet":"max-snippet:-1","max-image-preview":"max-image-preview:large","max-video-preview":"max-video-preview:-1"},"canonical":"https:\/\/www.rijeka.hr\/it\/amministrazione-cittadina\/progetti-cittadini\/ongoing-projects\/scuole-dellinfanzia\/la-scuola-dellinfanzia-rastocine\/","og_locale":"it_IT","og_type":"article","og_title":"La scuola dell\u2019infanzia Rasto\u010dine - Citt\u00e0 di Fiume","og_description":"Lo scopo del progetto La scuole dell\u2019infanzia che attualmente opera nel rione di Rasto\u010dine non soddisfa gli standard di un edificio dedicato all\u2019educazione prescolare n\u00e9 le necessit\u00e0 del proprio bacino territoriale. Pertanto, \u00e8 stata avviata la stesura della documentazione progettuale per la costruzione di una nuova scuola dell\u2019infanzia su una superficie libera di 4 356...","og_url":"https:\/\/www.rijeka.hr\/it\/amministrazione-cittadina\/progetti-cittadini\/ongoing-projects\/scuole-dellinfanzia\/la-scuola-dellinfanzia-rastocine\/","og_site_name":"Citt\u00e0 di Fiume","article_modified_time":"2022-10-25T13:24:36+00:00","og_image":[{"width":1920,"height":1080,"url":"https:\/\/www.rijeka.hr\/it\/wp-content\/uploads\/sites\/3\/2020\/04\/La-scuola-dell\u2019infanzia-Rasto\u010dine-2.jpg","type":"image\/jpeg"}],"twitter_card":"summary_large_image","twitter_misc":{"Est. reading time":"1 minute"},"schema":{"@context":"https:\/\/schema.org","@graph":[{"@type":"WebPage","@id":"https:\/\/www.rijeka.hr\/it\/amministrazione-cittadina\/progetti-cittadini\/ongoing-projects\/scuole-dellinfanzia\/la-scuola-dellinfanzia-rastocine\/","url":"https:\/\/www.rijeka.hr\/it\/amministrazione-cittadina\/progetti-cittadini\/ongoing-projects\/scuole-dellinfanzia\/la-scuola-dellinfanzia-rastocine\/","name":"La scuola dell\u2019infanzia Rasto\u010dine - Citt\u00e0 di Fiume","isPartOf":{"@id":"https:\/\/www.rijeka.hr\/it\/#website"},"primaryImageOfPage":{"@id":"https:\/\/www.rijeka.hr\/it\/amministrazione-cittadina\/progetti-cittadini\/ongoing-projects\/scuole-dellinfanzia\/la-scuola-dellinfanzia-rastocine\/#primaryimage"},"image":{"@id":"https:\/\/www.rijeka.hr\/it\/amministrazione-cittadina\/progetti-cittadini\/ongoing-projects\/scuole-dellinfanzia\/la-scuola-dellinfanzia-rastocine\/#primaryimage"},"thumbnailUrl":"https:\/\/www.rijeka.hr\/it\/wp-content\/uploads\/sites\/3\/2020\/04\/La-scuola-dell\u2019infanzia-Rasto\u010dine-2.jpg","datePublished":"2020-04-30T17:43:02+00:00","dateModified":"2022-10-25T13:24:36+00:00","breadcrumb":{"@id":"https:\/\/www.rijeka.hr\/it\/amministrazione-cittadina\/progetti-cittadini\/ongoing-projects\/scuole-dellinfanzia\/la-scuola-dellinfanzia-rastocine\/#breadcrumb"},"inLanguage":"it-IT","potentialAction":[{"@type":"ReadAction","target":["https:\/\/www.rijeka.hr\/it\/amministrazione-cittadina\/progetti-cittadini\/ongoing-projects\/scuole-dellinfanzia\/la-scuola-dellinfanzia-rastocine\/"]}]},{"@type":"ImageObject","inLanguage":"it-IT","@id":"https:\/\/www.rijeka.hr\/it\/amministrazione-cittadina\/progetti-cittadini\/ongoing-projects\/scuole-dellinfanzia\/la-scuola-dellinfanzia-rastocine\/#primaryimage","url":"https:\/\/www.rijeka.hr\/it\/wp-content\/uploads\/sites\/3\/2020\/04\/La-scuola-dell\u2019infanzia-Rasto\u010dine-2.jpg","contentUrl":"https:\/\/www.rijeka.hr\/it\/wp-content\/uploads\/sites\/3\/2020\/04\/La-scuola-dell\u2019infanzia-Rasto\u010dine-2.jpg","width":1920,"height":1080,"caption":"La scuola dell\u2019infanzia Rasto\u010dine"},{"@type":"BreadcrumbList","@id":"https:\/\/www.rijeka.hr\/it\/amministrazione-cittadina\/progetti-cittadini\/ongoing-projects\/scuole-dellinfanzia\/la-scuola-dellinfanzia-rastocine\/#breadcrumb","itemListElement":[{"@type":"ListItem","position":1,"name":"Po\u010detna stranica","item":"https:\/\/www.rijeka.hr\/it\/"},{"@type":"ListItem","position":2,"name":"Amministrazione cittadina","item":"https:\/\/www.rijeka.hr\/it\/amministrazione-cittadina\/"},{"@type":"ListItem","position":3,"name":"Progetti cittadini","item":"https:\/\/www.rijeka.hr\/it\/amministrazione-cittadina\/progetti-cittadini\/"},{"@type":"ListItem","position":4,"name":"Progetti in corso","item":"https:\/\/www.rijeka.hr\/it\/amministrazione-cittadina\/progetti-cittadini\/ongoing-projects\/"},{"@type":"ListItem","position":5,"name":"Scuole dell\u2019infanzia","item":"https:\/\/www.rijeka.hr\/it\/amministrazione-cittadina\/progetti-cittadini\/ongoing-projects\/scuole-dellinfanzia\/"},{"@type":"ListItem","position":6,"name":"La scuola dell\u2019infanzia Rasto\u010dine"}]},{"@type":"WebSite","@id":"https:\/\/www.rijeka.hr\/it\/#website","url":"https:\/\/www.rijeka.hr\/it\/","name":"Citt\u00e0 di Fiume","description":"Portale web della Citta&#039; di Fiume","potentialAction":[{"@type":"SearchAction","target":{"@type":"EntryPoint","urlTemplate":"https:\/\/www.rijeka.hr\/it\/?s={search_term_string}"},"query-input":{"@type":"PropertyValueSpecification","valueRequired":true,"valueName":"search_term_string"}}],"inLanguage":"it-IT"}]}},"_links":{"self":[{"href":"https:\/\/www.rijeka.hr\/it\/wp-json\/wp\/v2\/pages\/10244","targetHints":{"allow":["GET"]}}],"collection":[{"href":"https:\/\/www.rijeka.hr\/it\/wp-json\/wp\/v2\/pages"}],"about":[{"href":"https:\/\/www.rijeka.hr\/it\/wp-json\/wp\/v2\/types\/page"}],"author":[{"embeddable":true,"href":"https:\/\/www.rijeka.hr\/it\/wp-json\/wp\/v2\/users\/20"}],"replies":[{"embeddable":true,"href":"https:\/\/www.rijeka.hr\/it\/wp-json\/wp\/v2\/comments?post=10244"}],"version-history":[{"count":3,"href":"https:\/\/www.rijeka.hr\/it\/wp-json\/wp\/v2\/pages\/10244\/revisions"}],"predecessor-version":[{"id":10250,"href":"https:\/\/www.rijeka.hr\/it\/wp-json\/wp\/v2\/pages\/10244\/revisions\/10250"}],"up":[{"embeddable":true,"href":"https:\/\/www.rijeka.hr\/it\/wp-json\/wp\/v2\/pages\/13031"}],"wp:featuredmedia":[{"embeddable":true,"href":"https:\/\/www.rijeka.hr\/it\/wp-json\/wp\/v2\/media\/10246"}],"wp:attachment":[{"href":"https:\/\/www.rijeka.hr\/it\/wp-json\/wp\/v2\/media?parent=10244"}],"wp:term":[{"taxonomy":"post_tag","embeddable":true,"href":"https:\/\/www.rijeka.hr\/it\/wp-json\/wp\/v2\/tags?post=10244"}],"curies":[{"name":"wp","href":"https:\/\/api.w.org\/{rel}","templated":true}]}}