{"id":10744,"date":"2020-08-03T12:45:34","date_gmt":"2020-08-03T10:45:34","guid":{"rendered":"https:\/\/www.rijeka.hr\/it\/?page_id=10744"},"modified":"2022-11-07T12:43:37","modified_gmt":"2022-11-07T11:43:37","slug":"tefce-verso-un-quadro-europeo-per-limpegno-della-comunita-nellistruzione-superiore","status":"publish","type":"page","link":"https:\/\/www.rijeka.hr\/it\/amministrazione-cittadina\/progetti-dellue\/progetti-chiusi\/tefce-verso-un-quadro-europeo-per-limpegno-della-comunita-nellistruzione-superiore\/","title":{"rendered":"TEFCE &#8211; Verso un quadro europeo per l&#8217;impegno della comunit\u00e0 nell&#8217;istruzione superiore"},"content":{"rendered":"<h3>Titolo del progetto:<\/h3>\n<p>TEFCE &#8211; Verso un quadro europeo per l&#8217;impegno della comunit\u00e0 nell&#8217;istruzione superiore<\/p>\n<h3>Area tematica:<\/h3>\n<p>Impegno sociale degli istituti di istruzione superiore<\/p>\n<h3>Obiettivo del progetto:<\/h3>\n<p>contribuire a rafforzare il coinvolgimento delle universit\u00e0 europee nell&#8217;affrontare le sfide della societ\u00e0 a livello locale e regionale.<\/p>\n<h3>Obiettivo specifico del progetto<\/h3>\n<p>Sviluppare strumenti politici innovativi e realizzabili nelle universit\u00e0 a livello europeo per sostenere, monitorare e valutare l&#8217;impegno delle universit\u00e0 nella comunit\u00e0.<\/p>\n<h3>Durata del progetto: 1 gennaio 2018 &#8211; 30 giugno 2021<\/h3>\n<h3>Descrizione del progetto:<\/h3>\n<p>Il progetto TEFCE contribuir\u00e0 direttamente al nuovo programma dell&#8217;UE proponendo un quadro per un approccio europeo comune per promuovere la missione civile degli istituti di istruzione superiore.<\/p>\n<h3>Risultati chiave del progetto:<\/h3>\n<ul>\n<li>sono stati creati strumenti innovativi e di facile utilizzo per gli istituti di istruzione superiore sull&#8217;impegno sociale nella comunit\u00e0<\/li>\n<li>la pertinenza e la qualit\u00e0 degli strumenti saranno testate e confermate attraverso il pilotaggio da parte di istituti di istruzione superiore ed esperti<\/li>\n<li>raccomandazioni formulate su soluzioni innovative per i responsabili politici e le parti interessate a livello europeo per monitorare, misurare e incoraggiare il coinvolgimento degli istituti di istruzione superiore nella comunit\u00e0<\/li>\n<li>garantire il sostegno delle principali parti interessate a livello europeo come base per influenzare la politica europea e la sostenibilit\u00e0 dei progetti<\/li>\n<li>maggiore consapevolezza delle principali parti interessate a livello europeo sull&#8217;importanza del coinvolgimento della comunit\u00e0 nell&#8217;istruzione superiore e sugli obiettivi e risultati del progetto<\/li>\n<\/ul>\n<h3>Capo progetto: Instituto per lo sviluppo dell&#8217;educazione, Universit\u00e0 tecnica di Dresda<\/h3>\n<h3>Consorzio del progetto:<\/h3>\n<p>Universit\u00e0 tecnica of Dresda \/ Citt\u00e0 of Dresda \/ Universit\u00e0 di Twente &#8211; Centro per l&#8217;istruzione superiore Policy Studies \/ Centro di conoscenze Twente, Regione di Twente \/ Istituto di tecnologia, Dublino \/ Consiglio della citt\u00e0 di Dublino \/ Universit\u00e0 degli studi di Fiume \/ Citt\u00e0 di Fiume \/ Universit\u00e0 di Gent \/ Associazione catalana delle universit\u00e0 pubbliche \/ Istituto per le politiche e la gestione pubblica \/ Consorzio europeo delle universit\u00e0 innovative \/ Istituto per lo sviluppo dell&#8217;istruzione<\/p>\n<h3>Valore del progetto: \u20ac 665.735,00<\/h3>\n<h3>Finanziato con:<\/h3>\n<p>Erasmus +, attivit\u00e0 chiave 3: progetti europei per la futura cooperazione nel campo dell&#8217;istruzione e della formazione<\/p>\n<h3>Autorit\u00e0 competente: Commissione europea<\/h3>\n<h3>Sito ufficiale:<\/h3>\n<p>https:\/\/www.tefce.eu\/<\/p>\n<h3>Persona da contattare per ulteriori informazioni:<\/h3>\n<p><strong>Thomas Farnell<\/strong><br \/>\nSpecialista in politica dell&#8217;istruzione superiore<br \/>\nEmail: &#x74;&#x66;&#x61;&#x72;&#110;&#101;&#108;&#108;&#64;ir&#x6f;&#x2e;&#x68;&#x72;<\/p>\n<p><strong>Lucija Kero<\/strong><br \/>\nDipartimento per l&#8217;educazione e l&#8217;istruzione della Citt\u00e0 di Fiume<br \/>\nEmail: <a role=\"link\" href=\"mailto:l&#117;&#99;&#105;&#106;&#97;&#46;&#107;&#101;&#114;&#111;&#x40;&#x72;&#x69;&#x6a;&#x65;&#x6b;&#x61;&#x2e;&#x68;&#x72;\">&#108;&#x75;c&#105;&#x6a;&#97;&#x2e;k&#101;&#x72;o&#x40;&#x72;&#105;&#x6a;e&#107;&#x61;&#46;&#x68;&#x72;<\/a><br \/>\nTel. 051 209 950<\/p>\n","protected":false},"excerpt":{"rendered":"<p>Titolo del progetto: TEFCE &#8211; Verso un quadro europeo per l&#8217;impegno della comunit\u00e0 nell&#8217;istruzione superiore Area tematica: Impegno sociale degli istituti di istruzione superiore Obiettivo del progetto: contribuire a rafforzare il coinvolgimento delle universit\u00e0 europee nell&#8217;affrontare le sfide della societ\u00e0 a livello locale e regionale. Obiettivo specifico del progetto Sviluppare strumenti politici innovativi e realizzabili&#8230;<\/p>\n","protected":false},"author":22,"featured_media":11630,"parent":2062,"menu_order":0,"comment_status":"closed","ping_status":"closed","template":"","meta":{"_acf_changed":false,"_trash_the_other_posts":false,"footnotes":"","_links_to":"","_links_to_target":""},"tags":[],"class_list":["post-10744","page","type-page","status-publish","has-post-thumbnail","hentry"],"acf":[],"yoast_head":"<!-- This site is optimized with the Yoast SEO plugin v24.4 - https:\/\/yoast.com\/wordpress\/plugins\/seo\/ -->\n<title>TEFCE - Verso un quadro europeo per l&#039;impegno della comunit\u00e0 nell&#039;istruzione superiore - Citt\u00e0 di Fiume<\/title>\n<meta name=\"robots\" content=\"index, follow, max-snippet:-1, max-image-preview:large, max-video-preview:-1\" \/>\n<link rel=\"canonical\" href=\"https:\/\/www.rijeka.hr\/it\/amministrazione-cittadina\/progetti-dellue\/progetti-chiusi\/tefce-verso-un-quadro-europeo-per-limpegno-della-comunita-nellistruzione-superiore\/\" \/>\n<meta property=\"og:locale\" content=\"it_IT\" \/>\n<meta property=\"og:type\" content=\"article\" \/>\n<meta property=\"og:title\" content=\"TEFCE - Verso un quadro europeo per l&#039;impegno della comunit\u00e0 nell&#039;istruzione superiore - Citt\u00e0 di Fiume\" \/>\n<meta property=\"og:description\" content=\"Titolo del progetto: TEFCE &#8211; Verso un quadro europeo per l&#8217;impegno della comunit\u00e0 nell&#8217;istruzione superiore Area tematica: Impegno sociale degli istituti di istruzione superiore Obiettivo del progetto: contribuire a rafforzare il coinvolgimento delle universit\u00e0 europee nell&#8217;affrontare le sfide della societ\u00e0 a livello locale e regionale. Obiettivo specifico del progetto Sviluppare strumenti politici innovativi e realizzabili...\" \/>\n<meta property=\"og:url\" content=\"https:\/\/www.rijeka.hr\/it\/amministrazione-cittadina\/progetti-dellue\/progetti-chiusi\/tefce-verso-un-quadro-europeo-per-limpegno-della-comunita-nellistruzione-superiore\/\" \/>\n<meta property=\"og:site_name\" content=\"Citt\u00e0 di Fiume\" \/>\n<meta property=\"article:modified_time\" content=\"2022-11-07T11:43:37+00:00\" \/>\n<meta property=\"og:image\" content=\"https:\/\/www.rijeka.hr\/it\/wp-content\/uploads\/sites\/3\/2020\/11\/Projekt-TEFCE-logo.png\" \/>\n\t<meta property=\"og:image:width\" content=\"3529\" \/>\n\t<meta property=\"og:image:height\" content=\"975\" \/>\n\t<meta property=\"og:image:type\" content=\"image\/png\" \/>\n<meta name=\"twitter:card\" content=\"summary_large_image\" \/>\n<meta name=\"twitter:label1\" content=\"Est. reading time\" \/>\n\t<meta name=\"twitter:data1\" content=\"2 minutes\" \/>\n<script type=\"application\/ld+json\" class=\"yoast-schema-graph\">{\"@context\":\"https:\/\/schema.org\",\"@graph\":[{\"@type\":\"WebPage\",\"@id\":\"https:\/\/www.rijeka.hr\/it\/amministrazione-cittadina\/progetti-dellue\/progetti-chiusi\/tefce-verso-un-quadro-europeo-per-limpegno-della-comunita-nellistruzione-superiore\/\",\"url\":\"https:\/\/www.rijeka.hr\/it\/amministrazione-cittadina\/progetti-dellue\/progetti-chiusi\/tefce-verso-un-quadro-europeo-per-limpegno-della-comunita-nellistruzione-superiore\/\",\"name\":\"TEFCE - Verso un quadro europeo per l'impegno della comunit\u00e0 nell'istruzione superiore - Citt\u00e0 di Fiume\",\"isPartOf\":{\"@id\":\"https:\/\/www.rijeka.hr\/it\/#website\"},\"primaryImageOfPage\":{\"@id\":\"https:\/\/www.rijeka.hr\/it\/amministrazione-cittadina\/progetti-dellue\/progetti-chiusi\/tefce-verso-un-quadro-europeo-per-limpegno-della-comunita-nellistruzione-superiore\/#primaryimage\"},\"image\":{\"@id\":\"https:\/\/www.rijeka.hr\/it\/amministrazione-cittadina\/progetti-dellue\/progetti-chiusi\/tefce-verso-un-quadro-europeo-per-limpegno-della-comunita-nellistruzione-superiore\/#primaryimage\"},\"thumbnailUrl\":\"https:\/\/www.rijeka.hr\/it\/wp-content\/uploads\/sites\/3\/2020\/11\/Projekt-TEFCE-logo.png\",\"datePublished\":\"2020-08-03T10:45:34+00:00\",\"dateModified\":\"2022-11-07T11:43:37+00:00\",\"breadcrumb\":{\"@id\":\"https:\/\/www.rijeka.hr\/it\/amministrazione-cittadina\/progetti-dellue\/progetti-chiusi\/tefce-verso-un-quadro-europeo-per-limpegno-della-comunita-nellistruzione-superiore\/#breadcrumb\"},\"inLanguage\":\"it-IT\",\"potentialAction\":[{\"@type\":\"ReadAction\",\"target\":[\"https:\/\/www.rijeka.hr\/it\/amministrazione-cittadina\/progetti-dellue\/progetti-chiusi\/tefce-verso-un-quadro-europeo-per-limpegno-della-comunita-nellistruzione-superiore\/\"]}]},{\"@type\":\"ImageObject\",\"inLanguage\":\"it-IT\",\"@id\":\"https:\/\/www.rijeka.hr\/it\/amministrazione-cittadina\/progetti-dellue\/progetti-chiusi\/tefce-verso-un-quadro-europeo-per-limpegno-della-comunita-nellistruzione-superiore\/#primaryimage\",\"url\":\"https:\/\/www.rijeka.hr\/it\/wp-content\/uploads\/sites\/3\/2020\/11\/Projekt-TEFCE-logo.png\",\"contentUrl\":\"https:\/\/www.rijeka.hr\/it\/wp-content\/uploads\/sites\/3\/2020\/11\/Projekt-TEFCE-logo.png\",\"width\":3529,\"height\":975},{\"@type\":\"BreadcrumbList\",\"@id\":\"https:\/\/www.rijeka.hr\/it\/amministrazione-cittadina\/progetti-dellue\/progetti-chiusi\/tefce-verso-un-quadro-europeo-per-limpegno-della-comunita-nellistruzione-superiore\/#breadcrumb\",\"itemListElement\":[{\"@type\":\"ListItem\",\"position\":1,\"name\":\"Po\u010detna stranica\",\"item\":\"https:\/\/www.rijeka.hr\/it\/\"},{\"@type\":\"ListItem\",\"position\":2,\"name\":\"Amministrazione cittadina\",\"item\":\"https:\/\/www.rijeka.hr\/it\/amministrazione-cittadina\/\"},{\"@type\":\"ListItem\",\"position\":3,\"name\":\"Progetti dell&#8217;UE\",\"item\":\"https:\/\/www.rijeka.hr\/it\/amministrazione-cittadina\/progetti-dellue\/\"},{\"@type\":\"ListItem\",\"position\":4,\"name\":\"Progetti chiusi\",\"item\":\"https:\/\/www.rijeka.hr\/it\/amministrazione-cittadina\/progetti-dellue\/progetti-chiusi\/\"},{\"@type\":\"ListItem\",\"position\":5,\"name\":\"TEFCE &#8211; Verso un quadro europeo per l&#8217;impegno della comunit\u00e0 nell&#8217;istruzione superiore\"}]},{\"@type\":\"WebSite\",\"@id\":\"https:\/\/www.rijeka.hr\/it\/#website\",\"url\":\"https:\/\/www.rijeka.hr\/it\/\",\"name\":\"Citt\u00e0 di Fiume\",\"description\":\"Portale web della Citta&#039; di Fiume\",\"potentialAction\":[{\"@type\":\"SearchAction\",\"target\":{\"@type\":\"EntryPoint\",\"urlTemplate\":\"https:\/\/www.rijeka.hr\/it\/?s={search_term_string}\"},\"query-input\":{\"@type\":\"PropertyValueSpecification\",\"valueRequired\":true,\"valueName\":\"search_term_string\"}}],\"inLanguage\":\"it-IT\"}]}<\/script>\n<!-- \/ Yoast SEO plugin. -->","yoast_head_json":{"title":"TEFCE - Verso un quadro europeo per l'impegno della comunit\u00e0 nell'istruzione superiore - Citt\u00e0 di Fiume","robots":{"index":"index","follow":"follow","max-snippet":"max-snippet:-1","max-image-preview":"max-image-preview:large","max-video-preview":"max-video-preview:-1"},"canonical":"https:\/\/www.rijeka.hr\/it\/amministrazione-cittadina\/progetti-dellue\/progetti-chiusi\/tefce-verso-un-quadro-europeo-per-limpegno-della-comunita-nellistruzione-superiore\/","og_locale":"it_IT","og_type":"article","og_title":"TEFCE - Verso un quadro europeo per l'impegno della comunit\u00e0 nell'istruzione superiore - Citt\u00e0 di Fiume","og_description":"Titolo del progetto: TEFCE &#8211; Verso un quadro europeo per l&#8217;impegno della comunit\u00e0 nell&#8217;istruzione superiore Area tematica: Impegno sociale degli istituti di istruzione superiore Obiettivo del progetto: contribuire a rafforzare il coinvolgimento delle universit\u00e0 europee nell&#8217;affrontare le sfide della societ\u00e0 a livello locale e regionale. Obiettivo specifico del progetto Sviluppare strumenti politici innovativi e realizzabili...","og_url":"https:\/\/www.rijeka.hr\/it\/amministrazione-cittadina\/progetti-dellue\/progetti-chiusi\/tefce-verso-un-quadro-europeo-per-limpegno-della-comunita-nellistruzione-superiore\/","og_site_name":"Citt\u00e0 di Fiume","article_modified_time":"2022-11-07T11:43:37+00:00","og_image":[{"width":3529,"height":975,"url":"https:\/\/www.rijeka.hr\/it\/wp-content\/uploads\/sites\/3\/2020\/11\/Projekt-TEFCE-logo.png","type":"image\/png"}],"twitter_card":"summary_large_image","twitter_misc":{"Est. reading time":"2 minutes"},"schema":{"@context":"https:\/\/schema.org","@graph":[{"@type":"WebPage","@id":"https:\/\/www.rijeka.hr\/it\/amministrazione-cittadina\/progetti-dellue\/progetti-chiusi\/tefce-verso-un-quadro-europeo-per-limpegno-della-comunita-nellistruzione-superiore\/","url":"https:\/\/www.rijeka.hr\/it\/amministrazione-cittadina\/progetti-dellue\/progetti-chiusi\/tefce-verso-un-quadro-europeo-per-limpegno-della-comunita-nellistruzione-superiore\/","name":"TEFCE - Verso un quadro europeo per l'impegno della comunit\u00e0 nell'istruzione superiore - Citt\u00e0 di Fiume","isPartOf":{"@id":"https:\/\/www.rijeka.hr\/it\/#website"},"primaryImageOfPage":{"@id":"https:\/\/www.rijeka.hr\/it\/amministrazione-cittadina\/progetti-dellue\/progetti-chiusi\/tefce-verso-un-quadro-europeo-per-limpegno-della-comunita-nellistruzione-superiore\/#primaryimage"},"image":{"@id":"https:\/\/www.rijeka.hr\/it\/amministrazione-cittadina\/progetti-dellue\/progetti-chiusi\/tefce-verso-un-quadro-europeo-per-limpegno-della-comunita-nellistruzione-superiore\/#primaryimage"},"thumbnailUrl":"https:\/\/www.rijeka.hr\/it\/wp-content\/uploads\/sites\/3\/2020\/11\/Projekt-TEFCE-logo.png","datePublished":"2020-08-03T10:45:34+00:00","dateModified":"2022-11-07T11:43:37+00:00","breadcrumb":{"@id":"https:\/\/www.rijeka.hr\/it\/amministrazione-cittadina\/progetti-dellue\/progetti-chiusi\/tefce-verso-un-quadro-europeo-per-limpegno-della-comunita-nellistruzione-superiore\/#breadcrumb"},"inLanguage":"it-IT","potentialAction":[{"@type":"ReadAction","target":["https:\/\/www.rijeka.hr\/it\/amministrazione-cittadina\/progetti-dellue\/progetti-chiusi\/tefce-verso-un-quadro-europeo-per-limpegno-della-comunita-nellistruzione-superiore\/"]}]},{"@type":"ImageObject","inLanguage":"it-IT","@id":"https:\/\/www.rijeka.hr\/it\/amministrazione-cittadina\/progetti-dellue\/progetti-chiusi\/tefce-verso-un-quadro-europeo-per-limpegno-della-comunita-nellistruzione-superiore\/#primaryimage","url":"https:\/\/www.rijeka.hr\/it\/wp-content\/uploads\/sites\/3\/2020\/11\/Projekt-TEFCE-logo.png","contentUrl":"https:\/\/www.rijeka.hr\/it\/wp-content\/uploads\/sites\/3\/2020\/11\/Projekt-TEFCE-logo.png","width":3529,"height":975},{"@type":"BreadcrumbList","@id":"https:\/\/www.rijeka.hr\/it\/amministrazione-cittadina\/progetti-dellue\/progetti-chiusi\/tefce-verso-un-quadro-europeo-per-limpegno-della-comunita-nellistruzione-superiore\/#breadcrumb","itemListElement":[{"@type":"ListItem","position":1,"name":"Po\u010detna stranica","item":"https:\/\/www.rijeka.hr\/it\/"},{"@type":"ListItem","position":2,"name":"Amministrazione cittadina","item":"https:\/\/www.rijeka.hr\/it\/amministrazione-cittadina\/"},{"@type":"ListItem","position":3,"name":"Progetti dell&#8217;UE","item":"https:\/\/www.rijeka.hr\/it\/amministrazione-cittadina\/progetti-dellue\/"},{"@type":"ListItem","position":4,"name":"Progetti chiusi","item":"https:\/\/www.rijeka.hr\/it\/amministrazione-cittadina\/progetti-dellue\/progetti-chiusi\/"},{"@type":"ListItem","position":5,"name":"TEFCE &#8211; Verso un quadro europeo per l&#8217;impegno della comunit\u00e0 nell&#8217;istruzione superiore"}]},{"@type":"WebSite","@id":"https:\/\/www.rijeka.hr\/it\/#website","url":"https:\/\/www.rijeka.hr\/it\/","name":"Citt\u00e0 di Fiume","description":"Portale web della Citta&#039; di Fiume","potentialAction":[{"@type":"SearchAction","target":{"@type":"EntryPoint","urlTemplate":"https:\/\/www.rijeka.hr\/it\/?s={search_term_string}"},"query-input":{"@type":"PropertyValueSpecification","valueRequired":true,"valueName":"search_term_string"}}],"inLanguage":"it-IT"}]}},"_links":{"self":[{"href":"https:\/\/www.rijeka.hr\/it\/wp-json\/wp\/v2\/pages\/10744","targetHints":{"allow":["GET"]}}],"collection":[{"href":"https:\/\/www.rijeka.hr\/it\/wp-json\/wp\/v2\/pages"}],"about":[{"href":"https:\/\/www.rijeka.hr\/it\/wp-json\/wp\/v2\/types\/page"}],"author":[{"embeddable":true,"href":"https:\/\/www.rijeka.hr\/it\/wp-json\/wp\/v2\/users\/22"}],"replies":[{"embeddable":true,"href":"https:\/\/www.rijeka.hr\/it\/wp-json\/wp\/v2\/comments?post=10744"}],"version-history":[{"count":4,"href":"https:\/\/www.rijeka.hr\/it\/wp-json\/wp\/v2\/pages\/10744\/revisions"}],"predecessor-version":[{"id":12268,"href":"https:\/\/www.rijeka.hr\/it\/wp-json\/wp\/v2\/pages\/10744\/revisions\/12268"}],"up":[{"embeddable":true,"href":"https:\/\/www.rijeka.hr\/it\/wp-json\/wp\/v2\/pages\/2062"}],"wp:featuredmedia":[{"embeddable":true,"href":"https:\/\/www.rijeka.hr\/it\/wp-json\/wp\/v2\/media\/11630"}],"wp:attachment":[{"href":"https:\/\/www.rijeka.hr\/it\/wp-json\/wp\/v2\/media?parent=10744"}],"wp:term":[{"taxonomy":"post_tag","embeddable":true,"href":"https:\/\/www.rijeka.hr\/it\/wp-json\/wp\/v2\/tags?post=10744"}],"curies":[{"name":"wp","href":"https:\/\/api.w.org\/{rel}","templated":true}]}}