{"id":10755,"date":"2020-08-04T10:25:07","date_gmt":"2020-08-04T08:25:07","guid":{"rendered":"https:\/\/www.rijeka.hr\/it\/?page_id=10755"},"modified":"2021-01-15T13:55:45","modified_gmt":"2021-01-15T12:55:45","slug":"locall-for-youth","status":"publish","type":"page","link":"https:\/\/www.rijeka.hr\/it\/amministrazione-cittadina\/progetti-dellue\/progetti-chiusi\/locall-for-youth\/","title":{"rendered":"LoCall For YOUth"},"content":{"rendered":"<h3><img loading=\"lazy\" decoding=\"async\" width=\"1200\" height=\"222\" class=\"aligncenter wp-image-10759 size-large\" src=\"https:\/\/www.rijeka.hr\/it\/wp-content\/uploads\/sites\/3\/2020\/08\/Locall-For-Youth-06-1200x222-1200x222.jpg\" alt=\"\" srcset=\"https:\/\/www.rijeka.hr\/it\/wp-content\/uploads\/sites\/3\/2020\/08\/Locall-For-Youth-06-1200x222.jpg 1200w, https:\/\/www.rijeka.hr\/it\/wp-content\/uploads\/sites\/3\/2020\/08\/Locall-For-Youth-06-1200x222-600x111.jpg 600w, https:\/\/www.rijeka.hr\/it\/wp-content\/uploads\/sites\/3\/2020\/08\/Locall-For-Youth-06-1200x222-768x142.jpg 768w, https:\/\/www.rijeka.hr\/it\/wp-content\/uploads\/sites\/3\/2020\/08\/Locall-For-Youth-06-1200x222-1000x185.jpg 1000w\" sizes=\"(max-width: 1200px) 100vw, 1200px\" \/><\/h3>\n<h3>Titolo del progetto: LoCall For YOUth<\/h3>\n<h3>Obiettivo del progetto:<\/h3>\n<p>Rafforzare la cooperazione tra giovani e decisori e rafforzare la capacit\u00e0 per l\u2019implementazione dell&#8217;attuale programma per i giovani.<\/p>\n<h3>Durata: 1 gennaio 2019 &#8211; 31 agosto 2020<\/h3>\n<h3>Descrizione e attivit\u00e0 progettuali:<\/h3>\n<p>Attraverso le attivit\u00e0 progettuali, che includono consultazioni con i giovani, gruppi focalizzati ed eventi pubblici, verr\u00e0 sviluppato un database regionale di associati: organizzazioni ed esperti nel campo delle attivit\u00e0 giovanili provenienti da un territorio pi\u00f9 ampio di Fiume e i membri del Consiglio dei Giovani, come l&#8217;organismo consultivo della Citt\u00e0 di Fiume, saranno educati e rafforzati. Tutti i giovani interessati, dai 15 ai 30 anni, avranno l&#8217;opportunit\u00e0 di conoscere i meccanismi attraverso i quali possono essere attivamente inclusi nella vita sociale e politica di Fiume e contribuire a una vita di alta qualit\u00e0 dei giovani nella comunit\u00e0. Inoltre, attraverso le attivit\u00e0 degli eventi pubblici, i giovani di Fiume e del suo circondario possono includersi nella creazione congiunta di contenuti dedicati ai giovani nella nostra citt\u00e0, contribuendo cos\u00ec, con le proprie idee, alla creazione di tali attivit\u00e0 e contenuti che, a loro avviso, mancano nella comunit\u00e0. Attraverso l&#8217;attuazione di questo progetto, con diversi contenuti sar\u00e0 celebrata la Settimana europea della giovent\u00f9.<\/p>\n<h3>Promotore del progetto: Citt\u00e0 di Fiume, Dipartimento per l\u2019istruzione e l\u2019educazione<\/h3>\n<h3>Partner:<\/h3>\n<ul>\n<li>La Casa dei giovani di Fiume<\/li>\n<li>Il centro per la cultura tecnica di Fiume<\/li>\n<li>L\u2019Associazione Delta<\/li>\n<li>L&#8217;Associazione delle citt\u00e0<\/li>\n<\/ul>\n<h3>Valore del progetto:<\/h3>\n<ul>\n<li>99.581,71 kune, di cui 90.631,71 kune ricevute nell&#8217;ambito di finanziamenti UE,<\/li>\n<li>HRK 8.950,00 dal bilancio della Citt\u00e0 di Fiume.<\/li>\n<\/ul>\n<h3>Finanziato con:<\/h3>\n<p>Erasmus +, attivit\u00e0 chiave 3: sostenere le riforme politiche: dialogo strutturato tra giovani e decisori<\/p>\n<h3>Autorit\u00e0 competente: Agenzia per la mobilit\u00e0 e programmi UE<\/h3>\n<p><strong>Persona di contatto<br \/>\n<\/strong>Mirela Pa\u0161i\u0107<br \/>\nCitt\u00e0 di Fiume<br \/>\nDipartimento di educazione e scolarizzazione<br \/>\nEmail: &#x6d;&#105;r&#x65;&#x6c;&#97;&#46;&#x70;&#x61;&#115;i&#x63;&#x40;&#114;i&#x6a;&#x65;&#107;a&#x2e;&#104;&#114;,<br \/>\nTel: 051 209 950<\/p>\n","protected":false},"excerpt":{"rendered":"<p>Titolo del progetto: LoCall For YOUth Obiettivo del progetto: Rafforzare la cooperazione tra giovani e decisori e rafforzare la capacit\u00e0 per l\u2019implementazione dell&#8217;attuale programma per i giovani. Durata: 1 gennaio 2019 &#8211; 31 agosto 2020 Descrizione e attivit\u00e0 progettuali: Attraverso le attivit\u00e0 progettuali, che includono consultazioni con i giovani, gruppi focalizzati ed eventi pubblici, verr\u00e0&#8230;<\/p>\n","protected":false},"author":22,"featured_media":0,"parent":2062,"menu_order":0,"comment_status":"closed","ping_status":"closed","template":"","meta":{"_acf_changed":false,"_trash_the_other_posts":false,"footnotes":"","_links_to":"","_links_to_target":""},"tags":[],"class_list":["post-10755","page","type-page","status-publish","hentry"],"acf":[],"yoast_head":"<!-- This site is optimized with the Yoast SEO plugin v24.4 - https:\/\/yoast.com\/wordpress\/plugins\/seo\/ -->\n<title>LoCall For YOUth - Citt\u00e0 di Fiume<\/title>\n<meta name=\"robots\" content=\"index, follow, max-snippet:-1, max-image-preview:large, max-video-preview:-1\" \/>\n<link rel=\"canonical\" href=\"https:\/\/www.rijeka.hr\/it\/amministrazione-cittadina\/progetti-dellue\/progetti-chiusi\/locall-for-youth\/\" \/>\n<meta property=\"og:locale\" content=\"it_IT\" \/>\n<meta property=\"og:type\" content=\"article\" \/>\n<meta property=\"og:title\" content=\"LoCall For YOUth - Citt\u00e0 di Fiume\" \/>\n<meta property=\"og:description\" content=\"Titolo del progetto: LoCall For YOUth Obiettivo del progetto: Rafforzare la cooperazione tra giovani e decisori e rafforzare la capacit\u00e0 per l\u2019implementazione dell&#8217;attuale programma per i giovani. Durata: 1 gennaio 2019 &#8211; 31 agosto 2020 Descrizione e attivit\u00e0 progettuali: Attraverso le attivit\u00e0 progettuali, che includono consultazioni con i giovani, gruppi focalizzati ed eventi pubblici, verr\u00e0...\" \/>\n<meta property=\"og:url\" content=\"https:\/\/www.rijeka.hr\/it\/amministrazione-cittadina\/progetti-dellue\/progetti-chiusi\/locall-for-youth\/\" \/>\n<meta property=\"og:site_name\" content=\"Citt\u00e0 di Fiume\" \/>\n<meta property=\"article:modified_time\" content=\"2021-01-15T12:55:45+00:00\" \/>\n<meta property=\"og:image\" content=\"https:\/\/www.rijeka.hr\/it\/wp-content\/uploads\/sites\/3\/2020\/08\/Locall-For-Youth-06-1200x222-1200x222.jpg\" \/>\n<meta name=\"twitter:card\" content=\"summary_large_image\" \/>\n<meta name=\"twitter:label1\" content=\"Est. reading time\" \/>\n\t<meta name=\"twitter:data1\" content=\"1 minute\" \/>\n<script type=\"application\/ld+json\" class=\"yoast-schema-graph\">{\"@context\":\"https:\/\/schema.org\",\"@graph\":[{\"@type\":\"WebPage\",\"@id\":\"https:\/\/www.rijeka.hr\/it\/amministrazione-cittadina\/progetti-dellue\/progetti-chiusi\/locall-for-youth\/\",\"url\":\"https:\/\/www.rijeka.hr\/it\/amministrazione-cittadina\/progetti-dellue\/progetti-chiusi\/locall-for-youth\/\",\"name\":\"LoCall For YOUth - Citt\u00e0 di Fiume\",\"isPartOf\":{\"@id\":\"https:\/\/www.rijeka.hr\/it\/#website\"},\"primaryImageOfPage\":{\"@id\":\"https:\/\/www.rijeka.hr\/it\/amministrazione-cittadina\/progetti-dellue\/progetti-chiusi\/locall-for-youth\/#primaryimage\"},\"image\":{\"@id\":\"https:\/\/www.rijeka.hr\/it\/amministrazione-cittadina\/progetti-dellue\/progetti-chiusi\/locall-for-youth\/#primaryimage\"},\"thumbnailUrl\":\"https:\/\/www.rijeka.hr\/it\/wp-content\/uploads\/sites\/3\/2020\/08\/Locall-For-Youth-06-1200x222-1200x222.jpg\",\"datePublished\":\"2020-08-04T08:25:07+00:00\",\"dateModified\":\"2021-01-15T12:55:45+00:00\",\"breadcrumb\":{\"@id\":\"https:\/\/www.rijeka.hr\/it\/amministrazione-cittadina\/progetti-dellue\/progetti-chiusi\/locall-for-youth\/#breadcrumb\"},\"inLanguage\":\"it-IT\",\"potentialAction\":[{\"@type\":\"ReadAction\",\"target\":[\"https:\/\/www.rijeka.hr\/it\/amministrazione-cittadina\/progetti-dellue\/progetti-chiusi\/locall-for-youth\/\"]}]},{\"@type\":\"ImageObject\",\"inLanguage\":\"it-IT\",\"@id\":\"https:\/\/www.rijeka.hr\/it\/amministrazione-cittadina\/progetti-dellue\/progetti-chiusi\/locall-for-youth\/#primaryimage\",\"url\":\"https:\/\/www.rijeka.hr\/it\/wp-content\/uploads\/sites\/3\/2020\/08\/Locall-For-Youth-06-1200x222.jpg\",\"contentUrl\":\"https:\/\/www.rijeka.hr\/it\/wp-content\/uploads\/sites\/3\/2020\/08\/Locall-For-Youth-06-1200x222.jpg\",\"width\":1200,\"height\":222},{\"@type\":\"BreadcrumbList\",\"@id\":\"https:\/\/www.rijeka.hr\/it\/amministrazione-cittadina\/progetti-dellue\/progetti-chiusi\/locall-for-youth\/#breadcrumb\",\"itemListElement\":[{\"@type\":\"ListItem\",\"position\":1,\"name\":\"Po\u010detna stranica\",\"item\":\"https:\/\/www.rijeka.hr\/it\/\"},{\"@type\":\"ListItem\",\"position\":2,\"name\":\"Amministrazione cittadina\",\"item\":\"https:\/\/www.rijeka.hr\/it\/amministrazione-cittadina\/\"},{\"@type\":\"ListItem\",\"position\":3,\"name\":\"Progetti dell&#8217;UE\",\"item\":\"https:\/\/www.rijeka.hr\/it\/amministrazione-cittadina\/progetti-dellue\/\"},{\"@type\":\"ListItem\",\"position\":4,\"name\":\"Progetti chiusi\",\"item\":\"https:\/\/www.rijeka.hr\/it\/amministrazione-cittadina\/progetti-dellue\/progetti-chiusi\/\"},{\"@type\":\"ListItem\",\"position\":5,\"name\":\"LoCall For YOUth\"}]},{\"@type\":\"WebSite\",\"@id\":\"https:\/\/www.rijeka.hr\/it\/#website\",\"url\":\"https:\/\/www.rijeka.hr\/it\/\",\"name\":\"Citt\u00e0 di Fiume\",\"description\":\"Portale web della Citta&#039; di Fiume\",\"potentialAction\":[{\"@type\":\"SearchAction\",\"target\":{\"@type\":\"EntryPoint\",\"urlTemplate\":\"https:\/\/www.rijeka.hr\/it\/?s={search_term_string}\"},\"query-input\":{\"@type\":\"PropertyValueSpecification\",\"valueRequired\":true,\"valueName\":\"search_term_string\"}}],\"inLanguage\":\"it-IT\"}]}<\/script>\n<!-- \/ Yoast SEO plugin. -->","yoast_head_json":{"title":"LoCall For YOUth - Citt\u00e0 di Fiume","robots":{"index":"index","follow":"follow","max-snippet":"max-snippet:-1","max-image-preview":"max-image-preview:large","max-video-preview":"max-video-preview:-1"},"canonical":"https:\/\/www.rijeka.hr\/it\/amministrazione-cittadina\/progetti-dellue\/progetti-chiusi\/locall-for-youth\/","og_locale":"it_IT","og_type":"article","og_title":"LoCall For YOUth - Citt\u00e0 di Fiume","og_description":"Titolo del progetto: LoCall For YOUth Obiettivo del progetto: Rafforzare la cooperazione tra giovani e decisori e rafforzare la capacit\u00e0 per l\u2019implementazione dell&#8217;attuale programma per i giovani. Durata: 1 gennaio 2019 &#8211; 31 agosto 2020 Descrizione e attivit\u00e0 progettuali: Attraverso le attivit\u00e0 progettuali, che includono consultazioni con i giovani, gruppi focalizzati ed eventi pubblici, verr\u00e0...","og_url":"https:\/\/www.rijeka.hr\/it\/amministrazione-cittadina\/progetti-dellue\/progetti-chiusi\/locall-for-youth\/","og_site_name":"Citt\u00e0 di Fiume","article_modified_time":"2021-01-15T12:55:45+00:00","og_image":[{"url":"https:\/\/www.rijeka.hr\/it\/wp-content\/uploads\/sites\/3\/2020\/08\/Locall-For-Youth-06-1200x222-1200x222.jpg","type":"","width":"","height":""}],"twitter_card":"summary_large_image","twitter_misc":{"Est. reading time":"1 minute"},"schema":{"@context":"https:\/\/schema.org","@graph":[{"@type":"WebPage","@id":"https:\/\/www.rijeka.hr\/it\/amministrazione-cittadina\/progetti-dellue\/progetti-chiusi\/locall-for-youth\/","url":"https:\/\/www.rijeka.hr\/it\/amministrazione-cittadina\/progetti-dellue\/progetti-chiusi\/locall-for-youth\/","name":"LoCall For YOUth - Citt\u00e0 di Fiume","isPartOf":{"@id":"https:\/\/www.rijeka.hr\/it\/#website"},"primaryImageOfPage":{"@id":"https:\/\/www.rijeka.hr\/it\/amministrazione-cittadina\/progetti-dellue\/progetti-chiusi\/locall-for-youth\/#primaryimage"},"image":{"@id":"https:\/\/www.rijeka.hr\/it\/amministrazione-cittadina\/progetti-dellue\/progetti-chiusi\/locall-for-youth\/#primaryimage"},"thumbnailUrl":"https:\/\/www.rijeka.hr\/it\/wp-content\/uploads\/sites\/3\/2020\/08\/Locall-For-Youth-06-1200x222-1200x222.jpg","datePublished":"2020-08-04T08:25:07+00:00","dateModified":"2021-01-15T12:55:45+00:00","breadcrumb":{"@id":"https:\/\/www.rijeka.hr\/it\/amministrazione-cittadina\/progetti-dellue\/progetti-chiusi\/locall-for-youth\/#breadcrumb"},"inLanguage":"it-IT","potentialAction":[{"@type":"ReadAction","target":["https:\/\/www.rijeka.hr\/it\/amministrazione-cittadina\/progetti-dellue\/progetti-chiusi\/locall-for-youth\/"]}]},{"@type":"ImageObject","inLanguage":"it-IT","@id":"https:\/\/www.rijeka.hr\/it\/amministrazione-cittadina\/progetti-dellue\/progetti-chiusi\/locall-for-youth\/#primaryimage","url":"https:\/\/www.rijeka.hr\/it\/wp-content\/uploads\/sites\/3\/2020\/08\/Locall-For-Youth-06-1200x222.jpg","contentUrl":"https:\/\/www.rijeka.hr\/it\/wp-content\/uploads\/sites\/3\/2020\/08\/Locall-For-Youth-06-1200x222.jpg","width":1200,"height":222},{"@type":"BreadcrumbList","@id":"https:\/\/www.rijeka.hr\/it\/amministrazione-cittadina\/progetti-dellue\/progetti-chiusi\/locall-for-youth\/#breadcrumb","itemListElement":[{"@type":"ListItem","position":1,"name":"Po\u010detna stranica","item":"https:\/\/www.rijeka.hr\/it\/"},{"@type":"ListItem","position":2,"name":"Amministrazione cittadina","item":"https:\/\/www.rijeka.hr\/it\/amministrazione-cittadina\/"},{"@type":"ListItem","position":3,"name":"Progetti dell&#8217;UE","item":"https:\/\/www.rijeka.hr\/it\/amministrazione-cittadina\/progetti-dellue\/"},{"@type":"ListItem","position":4,"name":"Progetti chiusi","item":"https:\/\/www.rijeka.hr\/it\/amministrazione-cittadina\/progetti-dellue\/progetti-chiusi\/"},{"@type":"ListItem","position":5,"name":"LoCall For YOUth"}]},{"@type":"WebSite","@id":"https:\/\/www.rijeka.hr\/it\/#website","url":"https:\/\/www.rijeka.hr\/it\/","name":"Citt\u00e0 di Fiume","description":"Portale web della Citta&#039; di Fiume","potentialAction":[{"@type":"SearchAction","target":{"@type":"EntryPoint","urlTemplate":"https:\/\/www.rijeka.hr\/it\/?s={search_term_string}"},"query-input":{"@type":"PropertyValueSpecification","valueRequired":true,"valueName":"search_term_string"}}],"inLanguage":"it-IT"}]}},"_links":{"self":[{"href":"https:\/\/www.rijeka.hr\/it\/wp-json\/wp\/v2\/pages\/10755","targetHints":{"allow":["GET"]}}],"collection":[{"href":"https:\/\/www.rijeka.hr\/it\/wp-json\/wp\/v2\/pages"}],"about":[{"href":"https:\/\/www.rijeka.hr\/it\/wp-json\/wp\/v2\/types\/page"}],"author":[{"embeddable":true,"href":"https:\/\/www.rijeka.hr\/it\/wp-json\/wp\/v2\/users\/22"}],"replies":[{"embeddable":true,"href":"https:\/\/www.rijeka.hr\/it\/wp-json\/wp\/v2\/comments?post=10755"}],"version-history":[{"count":3,"href":"https:\/\/www.rijeka.hr\/it\/wp-json\/wp\/v2\/pages\/10755\/revisions"}],"predecessor-version":[{"id":12165,"href":"https:\/\/www.rijeka.hr\/it\/wp-json\/wp\/v2\/pages\/10755\/revisions\/12165"}],"up":[{"embeddable":true,"href":"https:\/\/www.rijeka.hr\/it\/wp-json\/wp\/v2\/pages\/2062"}],"wp:attachment":[{"href":"https:\/\/www.rijeka.hr\/it\/wp-json\/wp\/v2\/media?parent=10755"}],"wp:term":[{"taxonomy":"post_tag","embeddable":true,"href":"https:\/\/www.rijeka.hr\/it\/wp-json\/wp\/v2\/tags?post=10755"}],"curies":[{"name":"wp","href":"https:\/\/api.w.org\/{rel}","templated":true}]}}