{"id":11052,"date":"2020-09-07T10:15:09","date_gmt":"2020-09-07T08:15:09","guid":{"rendered":"https:\/\/www.rijeka.hr\/it\/?page_id=11052"},"modified":"2020-09-07T10:17:41","modified_gmt":"2020-09-07T08:17:41","slug":"il-quinto-ensemble","status":"publish","type":"page","link":"https:\/\/www.rijeka.hr\/it\/amministrazione-cittadina\/progetti-dellue\/progetti-chiusi\/il-quinto-ensemble\/","title":{"rendered":"Il Quinto ensemble"},"content":{"rendered":"<h3>Titolo del progetto: Il Quinto ensemble<\/h3>\n<p><img loading=\"lazy\" decoding=\"async\" width=\"750\" height=\"242\" class=\"aligncenter wp-image-10766 size-full\" src=\"https:\/\/www.rijeka.hr\/it\/wp-content\/uploads\/sites\/3\/2020\/08\/Europska-unija-i-Europski-socijalni-fond.jpg\" alt=\"\" srcset=\"https:\/\/www.rijeka.hr\/it\/wp-content\/uploads\/sites\/3\/2020\/08\/Europska-unija-i-Europski-socijalni-fond.jpg 750w, https:\/\/www.rijeka.hr\/it\/wp-content\/uploads\/sites\/3\/2020\/08\/Europska-unija-i-Europski-socijalni-fond-600x194.jpg 600w\" sizes=\"(max-width: 750px) 100vw, 750px\" \/><\/p>\n<h3>Obiettivo del progetto:<\/h3>\n<p>L\u2019inclusione attiva dei giovani con disabilit\u00e0 di et\u00e0 compresa tra i 15 e i 25 anni nelle attivit\u00e0 culturali e artistiche e l\u2019informazione e la sensibilizzazione del pubblico in generale sulle possibilit\u00e0 e i benefici dell&#8217;inclusione dei giovani con disabilit\u00e0 nelle attivit\u00e0 culturali e sui benefici del loro sviluppo personale e dell\u2019integrazione sociale.<\/p>\n<h3>Durata del progetto: febbraio 2018 &#8211; agosto 2019<\/h3>\n<h3>Descrizione:<\/h3>\n<p>Il progetto Quinto ensemble incoraggia l&#8217;inclusione dei giovani con disturbi dello sviluppo e disabilit\u00e0 nel mercato del lavoro attraverso attivit\u00e0 culturali e artistiche preparatorie che porterebbero a competenze acquisite, abitudini di lavoro e nuove conoscenze necessarie per il lavoro teatrale.<\/p>\n<p>Il progetto \u00e8 legato all&#8217;implementazione del progetto \u201cCapitale Europea della Cultura\u201d che contribuisce ad una maggiore e attiva partecipazione dei cittadini alle attivit\u00e0 culturali, come uno dei suoi obiettivi, con una particolare enfasi sull&#8217;inclusione delle persone con disabilit\u00e0 e di altri gruppi sociali vulnerabili.<\/p>\n<p>Il concetto progettuale \u00e8 legato al Porto della diversit\u00e0, direzione programmatica Fiume CEC 2020, che a tutti consente il diritto alla personalit\u00e0, alla diversit\u00e0 e all&#8217;inclusione. La direzione del programma &#8220;Cucina&#8221; si occupa della diversit\u00e0, dei membri della societ\u00e0 emarginati ed esclusi e di coloro che sono a rischio di esclusione per qualsiasi motivo (razziale, sessuale, et\u00e0, condizioni economiche, di salute o disabilit\u00e0 ecc.) e il suo obiettivo \u00e8 quello di perseguire l\u2019inclusione di tutti gli esclusi dalla cultura, non solo come pubblico in occasione di eventi culturali, ma anche come creatori attivi di programmi culturali.<\/p>\n<h3>Attivit\u00e0 progettuali:<\/h3>\n<p>Il progetto comprende sei laboratori creativi: il gioco e la creativit\u00e0, il movimento scenico, la recitazione, la voce e il discorso scenico, il disegno di costume e la grafica pubblicitaria.<\/p>\n<p>L&#8217;obiettivo principale dei laboratori creativi \u00e8 quello di battere l&#8217;ansia e la paura da prestazione pubblica con l&#8217;obiettivo di rafforzare la fiducia in se stessi e realizzare le proprie potenzialit\u00e0 e inoltre consente ai partecipanti di conoscere meglio il proprio corpo e di sviluppare le capacit\u00e0 di articolazione e comunicazione, di sviluppare il proprio potenziale creativo e l\u2019identit\u00e0 e acquisire le competenze necessarie per creare future produzioni teatrali.<\/p>\n<p>Alla realizzazione delle attivit\u00e0 parteciperanno numerosi professionisti qualificati e perone a capo di laboratori, che lavoreranno per anni con i giovani formandoli per la partecipazione alle attivit\u00e0 teatrali.<\/p>\n<h3>Partner:<\/h3>\n<ul>\n<li>Citt\u00e0 di Fiume, partner capofila<\/li>\n<li>Teatro Nazionale Croato Ivan de Zajc, partner<\/li>\n<li>Centro per l\u2019educazione Fiume, collaboratore<\/li>\n<\/ul>\n<h3>Finanziato nell&#8217;ambito dei: Fondi strutturali &#8211; Fondo sociale europeo &#8211; Fondo operativo Risorse umane efficienti 2014-2020<\/h3>\n","protected":false},"excerpt":{"rendered":"<p>Titolo del progetto: Il Quinto ensemble Obiettivo del progetto: L\u2019inclusione attiva dei giovani con disabilit\u00e0 di et\u00e0 compresa tra i 15 e i 25 anni nelle attivit\u00e0 culturali e artistiche e l\u2019informazione e la sensibilizzazione del pubblico in generale sulle possibilit\u00e0 e i benefici dell&#8217;inclusione dei giovani con disabilit\u00e0 nelle attivit\u00e0 culturali e sui benefici&#8230;<\/p>\n","protected":false},"author":8,"featured_media":0,"parent":2062,"menu_order":0,"comment_status":"closed","ping_status":"closed","template":"","meta":{"_acf_changed":false,"_trash_the_other_posts":false,"footnotes":"","_links_to":"","_links_to_target":""},"tags":[],"class_list":["post-11052","page","type-page","status-publish","hentry"],"acf":[],"yoast_head":"<!-- This site is optimized with the Yoast SEO plugin v24.4 - https:\/\/yoast.com\/wordpress\/plugins\/seo\/ -->\n<title>Il Quinto ensemble - Citt\u00e0 di Fiume<\/title>\n<meta name=\"robots\" content=\"index, follow, max-snippet:-1, max-image-preview:large, max-video-preview:-1\" \/>\n<link rel=\"canonical\" href=\"https:\/\/www.rijeka.hr\/it\/amministrazione-cittadina\/progetti-dellue\/progetti-chiusi\/il-quinto-ensemble\/\" \/>\n<meta property=\"og:locale\" content=\"it_IT\" \/>\n<meta property=\"og:type\" content=\"article\" \/>\n<meta property=\"og:title\" content=\"Il Quinto ensemble - Citt\u00e0 di Fiume\" \/>\n<meta property=\"og:description\" content=\"Titolo del progetto: Il Quinto ensemble Obiettivo del progetto: L\u2019inclusione attiva dei giovani con disabilit\u00e0 di et\u00e0 compresa tra i 15 e i 25 anni nelle attivit\u00e0 culturali e artistiche e l\u2019informazione e la sensibilizzazione del pubblico in generale sulle possibilit\u00e0 e i benefici dell&#8217;inclusione dei giovani con disabilit\u00e0 nelle attivit\u00e0 culturali e sui benefici...\" \/>\n<meta property=\"og:url\" content=\"https:\/\/www.rijeka.hr\/it\/amministrazione-cittadina\/progetti-dellue\/progetti-chiusi\/il-quinto-ensemble\/\" \/>\n<meta property=\"og:site_name\" content=\"Citt\u00e0 di Fiume\" \/>\n<meta property=\"article:modified_time\" content=\"2020-09-07T08:17:41+00:00\" \/>\n<meta property=\"og:image\" content=\"https:\/\/www.rijeka.hr\/it\/wp-content\/uploads\/sites\/3\/2020\/08\/Europska-unija-i-Europski-socijalni-fond.jpg\" \/>\n<meta name=\"twitter:card\" content=\"summary_large_image\" \/>\n<meta name=\"twitter:label1\" content=\"Est. reading time\" \/>\n\t<meta name=\"twitter:data1\" content=\"2 minutes\" \/>\n<script type=\"application\/ld+json\" class=\"yoast-schema-graph\">{\"@context\":\"https:\/\/schema.org\",\"@graph\":[{\"@type\":\"WebPage\",\"@id\":\"https:\/\/www.rijeka.hr\/it\/amministrazione-cittadina\/progetti-dellue\/progetti-chiusi\/il-quinto-ensemble\/\",\"url\":\"https:\/\/www.rijeka.hr\/it\/amministrazione-cittadina\/progetti-dellue\/progetti-chiusi\/il-quinto-ensemble\/\",\"name\":\"Il Quinto ensemble - Citt\u00e0 di Fiume\",\"isPartOf\":{\"@id\":\"https:\/\/www.rijeka.hr\/it\/#website\"},\"primaryImageOfPage\":{\"@id\":\"https:\/\/www.rijeka.hr\/it\/amministrazione-cittadina\/progetti-dellue\/progetti-chiusi\/il-quinto-ensemble\/#primaryimage\"},\"image\":{\"@id\":\"https:\/\/www.rijeka.hr\/it\/amministrazione-cittadina\/progetti-dellue\/progetti-chiusi\/il-quinto-ensemble\/#primaryimage\"},\"thumbnailUrl\":\"https:\/\/www.rijeka.hr\/it\/wp-content\/uploads\/sites\/3\/2020\/08\/Europska-unija-i-Europski-socijalni-fond.jpg\",\"datePublished\":\"2020-09-07T08:15:09+00:00\",\"dateModified\":\"2020-09-07T08:17:41+00:00\",\"breadcrumb\":{\"@id\":\"https:\/\/www.rijeka.hr\/it\/amministrazione-cittadina\/progetti-dellue\/progetti-chiusi\/il-quinto-ensemble\/#breadcrumb\"},\"inLanguage\":\"it-IT\",\"potentialAction\":[{\"@type\":\"ReadAction\",\"target\":[\"https:\/\/www.rijeka.hr\/it\/amministrazione-cittadina\/progetti-dellue\/progetti-chiusi\/il-quinto-ensemble\/\"]}]},{\"@type\":\"ImageObject\",\"inLanguage\":\"it-IT\",\"@id\":\"https:\/\/www.rijeka.hr\/it\/amministrazione-cittadina\/progetti-dellue\/progetti-chiusi\/il-quinto-ensemble\/#primaryimage\",\"url\":\"https:\/\/www.rijeka.hr\/it\/wp-content\/uploads\/sites\/3\/2020\/08\/Europska-unija-i-Europski-socijalni-fond.jpg\",\"contentUrl\":\"https:\/\/www.rijeka.hr\/it\/wp-content\/uploads\/sites\/3\/2020\/08\/Europska-unija-i-Europski-socijalni-fond.jpg\",\"width\":750,\"height\":242},{\"@type\":\"BreadcrumbList\",\"@id\":\"https:\/\/www.rijeka.hr\/it\/amministrazione-cittadina\/progetti-dellue\/progetti-chiusi\/il-quinto-ensemble\/#breadcrumb\",\"itemListElement\":[{\"@type\":\"ListItem\",\"position\":1,\"name\":\"Po\u010detna stranica\",\"item\":\"https:\/\/www.rijeka.hr\/it\/\"},{\"@type\":\"ListItem\",\"position\":2,\"name\":\"Amministrazione cittadina\",\"item\":\"https:\/\/www.rijeka.hr\/it\/amministrazione-cittadina\/\"},{\"@type\":\"ListItem\",\"position\":3,\"name\":\"Progetti dell&#8217;UE\",\"item\":\"https:\/\/www.rijeka.hr\/it\/amministrazione-cittadina\/progetti-dellue\/\"},{\"@type\":\"ListItem\",\"position\":4,\"name\":\"Progetti chiusi\",\"item\":\"https:\/\/www.rijeka.hr\/it\/amministrazione-cittadina\/progetti-dellue\/progetti-chiusi\/\"},{\"@type\":\"ListItem\",\"position\":5,\"name\":\"Il Quinto ensemble\"}]},{\"@type\":\"WebSite\",\"@id\":\"https:\/\/www.rijeka.hr\/it\/#website\",\"url\":\"https:\/\/www.rijeka.hr\/it\/\",\"name\":\"Citt\u00e0 di Fiume\",\"description\":\"Portale web della Citta&#039; di Fiume\",\"potentialAction\":[{\"@type\":\"SearchAction\",\"target\":{\"@type\":\"EntryPoint\",\"urlTemplate\":\"https:\/\/www.rijeka.hr\/it\/?s={search_term_string}\"},\"query-input\":{\"@type\":\"PropertyValueSpecification\",\"valueRequired\":true,\"valueName\":\"search_term_string\"}}],\"inLanguage\":\"it-IT\"}]}<\/script>\n<!-- \/ Yoast SEO plugin. -->","yoast_head_json":{"title":"Il Quinto ensemble - Citt\u00e0 di Fiume","robots":{"index":"index","follow":"follow","max-snippet":"max-snippet:-1","max-image-preview":"max-image-preview:large","max-video-preview":"max-video-preview:-1"},"canonical":"https:\/\/www.rijeka.hr\/it\/amministrazione-cittadina\/progetti-dellue\/progetti-chiusi\/il-quinto-ensemble\/","og_locale":"it_IT","og_type":"article","og_title":"Il Quinto ensemble - Citt\u00e0 di Fiume","og_description":"Titolo del progetto: Il Quinto ensemble Obiettivo del progetto: L\u2019inclusione attiva dei giovani con disabilit\u00e0 di et\u00e0 compresa tra i 15 e i 25 anni nelle attivit\u00e0 culturali e artistiche e l\u2019informazione e la sensibilizzazione del pubblico in generale sulle possibilit\u00e0 e i benefici dell&#8217;inclusione dei giovani con disabilit\u00e0 nelle attivit\u00e0 culturali e sui benefici...","og_url":"https:\/\/www.rijeka.hr\/it\/amministrazione-cittadina\/progetti-dellue\/progetti-chiusi\/il-quinto-ensemble\/","og_site_name":"Citt\u00e0 di Fiume","article_modified_time":"2020-09-07T08:17:41+00:00","og_image":[{"url":"https:\/\/www.rijeka.hr\/it\/wp-content\/uploads\/sites\/3\/2020\/08\/Europska-unija-i-Europski-socijalni-fond.jpg","type":"","width":"","height":""}],"twitter_card":"summary_large_image","twitter_misc":{"Est. reading time":"2 minutes"},"schema":{"@context":"https:\/\/schema.org","@graph":[{"@type":"WebPage","@id":"https:\/\/www.rijeka.hr\/it\/amministrazione-cittadina\/progetti-dellue\/progetti-chiusi\/il-quinto-ensemble\/","url":"https:\/\/www.rijeka.hr\/it\/amministrazione-cittadina\/progetti-dellue\/progetti-chiusi\/il-quinto-ensemble\/","name":"Il Quinto ensemble - Citt\u00e0 di Fiume","isPartOf":{"@id":"https:\/\/www.rijeka.hr\/it\/#website"},"primaryImageOfPage":{"@id":"https:\/\/www.rijeka.hr\/it\/amministrazione-cittadina\/progetti-dellue\/progetti-chiusi\/il-quinto-ensemble\/#primaryimage"},"image":{"@id":"https:\/\/www.rijeka.hr\/it\/amministrazione-cittadina\/progetti-dellue\/progetti-chiusi\/il-quinto-ensemble\/#primaryimage"},"thumbnailUrl":"https:\/\/www.rijeka.hr\/it\/wp-content\/uploads\/sites\/3\/2020\/08\/Europska-unija-i-Europski-socijalni-fond.jpg","datePublished":"2020-09-07T08:15:09+00:00","dateModified":"2020-09-07T08:17:41+00:00","breadcrumb":{"@id":"https:\/\/www.rijeka.hr\/it\/amministrazione-cittadina\/progetti-dellue\/progetti-chiusi\/il-quinto-ensemble\/#breadcrumb"},"inLanguage":"it-IT","potentialAction":[{"@type":"ReadAction","target":["https:\/\/www.rijeka.hr\/it\/amministrazione-cittadina\/progetti-dellue\/progetti-chiusi\/il-quinto-ensemble\/"]}]},{"@type":"ImageObject","inLanguage":"it-IT","@id":"https:\/\/www.rijeka.hr\/it\/amministrazione-cittadina\/progetti-dellue\/progetti-chiusi\/il-quinto-ensemble\/#primaryimage","url":"https:\/\/www.rijeka.hr\/it\/wp-content\/uploads\/sites\/3\/2020\/08\/Europska-unija-i-Europski-socijalni-fond.jpg","contentUrl":"https:\/\/www.rijeka.hr\/it\/wp-content\/uploads\/sites\/3\/2020\/08\/Europska-unija-i-Europski-socijalni-fond.jpg","width":750,"height":242},{"@type":"BreadcrumbList","@id":"https:\/\/www.rijeka.hr\/it\/amministrazione-cittadina\/progetti-dellue\/progetti-chiusi\/il-quinto-ensemble\/#breadcrumb","itemListElement":[{"@type":"ListItem","position":1,"name":"Po\u010detna stranica","item":"https:\/\/www.rijeka.hr\/it\/"},{"@type":"ListItem","position":2,"name":"Amministrazione cittadina","item":"https:\/\/www.rijeka.hr\/it\/amministrazione-cittadina\/"},{"@type":"ListItem","position":3,"name":"Progetti dell&#8217;UE","item":"https:\/\/www.rijeka.hr\/it\/amministrazione-cittadina\/progetti-dellue\/"},{"@type":"ListItem","position":4,"name":"Progetti chiusi","item":"https:\/\/www.rijeka.hr\/it\/amministrazione-cittadina\/progetti-dellue\/progetti-chiusi\/"},{"@type":"ListItem","position":5,"name":"Il Quinto ensemble"}]},{"@type":"WebSite","@id":"https:\/\/www.rijeka.hr\/it\/#website","url":"https:\/\/www.rijeka.hr\/it\/","name":"Citt\u00e0 di Fiume","description":"Portale web della Citta&#039; di Fiume","potentialAction":[{"@type":"SearchAction","target":{"@type":"EntryPoint","urlTemplate":"https:\/\/www.rijeka.hr\/it\/?s={search_term_string}"},"query-input":{"@type":"PropertyValueSpecification","valueRequired":true,"valueName":"search_term_string"}}],"inLanguage":"it-IT"}]}},"_links":{"self":[{"href":"https:\/\/www.rijeka.hr\/it\/wp-json\/wp\/v2\/pages\/11052","targetHints":{"allow":["GET"]}}],"collection":[{"href":"https:\/\/www.rijeka.hr\/it\/wp-json\/wp\/v2\/pages"}],"about":[{"href":"https:\/\/www.rijeka.hr\/it\/wp-json\/wp\/v2\/types\/page"}],"author":[{"embeddable":true,"href":"https:\/\/www.rijeka.hr\/it\/wp-json\/wp\/v2\/users\/8"}],"replies":[{"embeddable":true,"href":"https:\/\/www.rijeka.hr\/it\/wp-json\/wp\/v2\/comments?post=11052"}],"version-history":[{"count":3,"href":"https:\/\/www.rijeka.hr\/it\/wp-json\/wp\/v2\/pages\/11052\/revisions"}],"predecessor-version":[{"id":11054,"href":"https:\/\/www.rijeka.hr\/it\/wp-json\/wp\/v2\/pages\/11052\/revisions\/11054"}],"up":[{"embeddable":true,"href":"https:\/\/www.rijeka.hr\/it\/wp-json\/wp\/v2\/pages\/2062"}],"wp:attachment":[{"href":"https:\/\/www.rijeka.hr\/it\/wp-json\/wp\/v2\/media?parent=11052"}],"wp:term":[{"taxonomy":"post_tag","embeddable":true,"href":"https:\/\/www.rijeka.hr\/it\/wp-json\/wp\/v2\/tags?post=11052"}],"curies":[{"name":"wp","href":"https:\/\/api.w.org\/{rel}","templated":true}]}}