{"id":12954,"date":"2021-05-05T11:39:01","date_gmt":"2021-05-05T09:39:01","guid":{"rendered":"https:\/\/www.rijeka.hr\/it\/?page_id=12954"},"modified":"2022-11-07T12:28:57","modified_gmt":"2022-11-07T11:28:57","slug":"citta-europee-che-promuovono-il-dialogo-interculturale-e-la-lotta-alla-discriminazione-di-migranti-e-minoranze-progetto-di-dialogo-interculturale","status":"publish","type":"page","link":"https:\/\/www.rijeka.hr\/it\/amministrazione-cittadina\/progetti-dellue\/progetti-chiusi\/citta-europee-che-promuovono-il-dialogo-interculturale-e-la-lotta-alla-discriminazione-di-migranti-e-minoranze-progetto-di-dialogo-interculturale\/","title":{"rendered":"Citt\u00e0 europee che promuovono il dialogo interculturale e la lotta alla discriminazione dei migranti e delle minoranze (progetto di dialogo interculturale)"},"content":{"rendered":"<h2>Obiettivo del progetto<\/h2>\n<p>La Citt\u00e0 di Fiume \u00e8 partner progettuale nel progetto dell&#8217;UE volto a creare e lanciare la rete &#8220;Citt\u00e0 europee che promuovono il dialogo interculturale e la lotta alla discriminazione dei migranti e delle minoranze&#8221;.<\/p>\n<h3>Durata<\/h3>\n<p>20 settembre 2019-19 settembre 2021<\/p>\n<h2>Autorit\u00e0 competente<\/h2>\n<p>Commissione europea, Agenzia esecutiva per l&#8217;istruzione, gli audiovisivi e la cultura (EACEA)<\/p>\n<h3>Descrizione<\/h3>\n<p><img loading=\"lazy\" decoding=\"async\" width=\"408\" height=\"216\" class=\"size-full wp-image-12958 alignleft\" src=\"https:\/\/www.rijeka.hr\/it\/wp-content\/uploads\/sites\/3\/2021\/05\/Ba\u0161tinski-gradovi.jpg\" alt=\"\" \/>Lo scopo del progetto \u00e8 aumentare la consapevolezza della ricchezza dell&#8217;ambiente culturale nell&#8217;UE e promuovere valori europei chiave come il pluralismo e la tolleranza, che sono facilitati dallo scambio interculturale e contribuiscono cos\u00ec allo sviluppo di un ambiente rispettabile, dinamico e multiplo dell\u2019identit\u00e0 europea.<\/p>\n<p>L&#8217;obiettivo specifico del progetto \u00e8 incoraggiare il dialogo interculturale tra le diverse comunit\u00e0 e attori politici in Europa, per prevenire la discriminazione e combattere la stigmatizzazione dei migranti e dei gruppi minoritari. Complessivamente, pi\u00f9 di 3.000 partecipanti prenderanno parte all&#8217;ideazione e all&#8217;attuazione di 5 conferenze internazionali in Croazia, Bulgaria, Lettonia, Polonia e Lituania, nonch\u00e9 a 5 dibattiti civici online che si terranno fino a settembre 2021.<\/p>\n<p>Il progetto dovrebbe promuovere la partecipazione civica attiva su scala transnazionale, sostenere gli sforzi dei politici e dei cittadini locali ed europei per affrontare insieme le sfide del dialogo interculturale e la stigmatizzazione delle minoranze e dei migranti.<\/p>\n<h2>Principali attivit\u00e0 progettuali<\/h2>\n<p>Il progetto include incontri internazionali, dibattiti online ed eventi locali.<\/p>\n<h2>Bilancio<\/h2>\n<ul>\n<li>Valore totale del progetto: 148.680,00 EUR<\/li>\n<li>Cofinanziato dai fondi UE: 148.680,00 EUR<\/li>\n<\/ul>\n<h2>Co-finanziato nell&#8217;ambito del programma<\/h2>\n<p>Europa per i cittadini<\/p>\n<h2>Partner<\/h2>\n<p>Il progetto \u00e8 realizzato in collaborazione con 15 partner di 14 paesi, di cui 10 membri dell&#8217;UE: Lettonia, Polonia, Croazia, Grecia, Lituania, Italia, Spagna, Paesi Bassi, Romania e Bulgaria, Regno Unito e tre paesi confinanti &#8211; Serbia , Macedonia settentrionale e Albania.<\/p>\n<p>Cinque partner sono ex, attuali e futuri rappresentanti delle capitali della cultura: Plovdiv (2019), Fiume (2020), Timisoara (2021), Novi Sad (2021) e Kaunas (2022).<\/p>\n<ul>\n<li>Comune di Carnicava Lettonia &#8211; Capofila<\/li>\n<li>Comune di Iniesta, Spagna<\/li>\n<li>Associazione Albanese dei Comuni, Albania<\/li>\n<li>Associazione Internazionale del Lavoro, Paesi Bassi<\/li>\n<li>Rete macedone dei gruppi di azione locale, Comune di Mogila, Macedonia<\/li>\n<li>Timisoara (Capitale europea della cultura nel 2021), Romania<\/li>\n<li>Aleksandr\u00f3w \u0141\u00f3dzki, Polonia<\/li>\n<li>Novi Sad 2021 (Capitale europea della cultura nel 2021), Serbia<\/li>\n<li>Citt\u00e0 di Fiume (Capitale europea della cultura nel 2020), Croazia<\/li>\n<li>Comune di Polpenazze del Garda, Italia<\/li>\n<li>Rhodopes, Centro per lo sviluppo della comunit\u00e0, Bulgaria<\/li>\n<li>Downpatrick Twinning Partnership, Regno Unito<\/li>\n<li>Agenzia di sviluppo regionale (Capitale europea della cultura 2022) Lituania<\/li>\n<li>ARSI &#8211; Associazione per il sostegno sociale ai giovani (da confermare) Grecia<\/li>\n<\/ul>\n<h2>Sito web del progetto<\/h2>\n<p>http:\/\/www.intercultural-network.eu\/about.html<\/p>\n<h2>Persona da contattare per ulteriori informazioni<\/h2>\n<p>Ingrid Ikanovi\u0107<br \/>\nDipartimento cittadino della Cultura<br \/>\nKorzo 16, Fiume<br \/>\nTel: 051209565<br \/>\nE-mail: &#105;&#x6e;&#x67;r&#105;&#x64;&#46;&#105;&#x6b;&#x61;&#110;&#x6f;&#x76;i&#99;&#x40;r&#105;&#x6a;&#x65;&#107;&#x61;&#x2e;h&#114;<\/p>\n","protected":false},"excerpt":{"rendered":"<p>Obiettivo del progetto La Citt\u00e0 di Fiume \u00e8 partner progettuale nel progetto dell&#8217;UE volto a creare e lanciare la rete &#8220;Citt\u00e0 europee che promuovono il dialogo interculturale e la lotta alla discriminazione dei migranti e delle minoranze&#8221;. Durata 20 settembre 2019-19 settembre 2021 Autorit\u00e0 competente Commissione europea, Agenzia esecutiva per l&#8217;istruzione, gli audiovisivi e la&#8230;<\/p>\n","protected":false},"author":8,"featured_media":0,"parent":2062,"menu_order":0,"comment_status":"closed","ping_status":"closed","template":"","meta":{"_acf_changed":false,"_trash_the_other_posts":false,"footnotes":"","_links_to":"","_links_to_target":""},"tags":[],"class_list":["post-12954","page","type-page","status-publish","hentry"],"acf":[],"yoast_head":"<!-- This site is optimized with the Yoast SEO plugin v24.4 - https:\/\/yoast.com\/wordpress\/plugins\/seo\/ -->\n<title>Citt\u00e0 europee che promuovono il dialogo interculturale e la lotta alla discriminazione dei migranti e delle minoranze (progetto di dialogo interculturale) - Citt\u00e0 di Fiume<\/title>\n<meta name=\"robots\" content=\"index, follow, max-snippet:-1, max-image-preview:large, max-video-preview:-1\" \/>\n<link rel=\"canonical\" href=\"https:\/\/www.rijeka.hr\/it\/amministrazione-cittadina\/progetti-dellue\/progetti-chiusi\/citta-europee-che-promuovono-il-dialogo-interculturale-e-la-lotta-alla-discriminazione-di-migranti-e-minoranze-progetto-di-dialogo-interculturale\/\" \/>\n<meta property=\"og:locale\" content=\"it_IT\" \/>\n<meta property=\"og:type\" content=\"article\" \/>\n<meta property=\"og:title\" content=\"Citt\u00e0 europee che promuovono il dialogo interculturale e la lotta alla discriminazione dei migranti e delle minoranze (progetto di dialogo interculturale) - Citt\u00e0 di Fiume\" \/>\n<meta property=\"og:description\" content=\"Obiettivo del progetto La Citt\u00e0 di Fiume \u00e8 partner progettuale nel progetto dell&#8217;UE volto a creare e lanciare la rete &#8220;Citt\u00e0 europee che promuovono il dialogo interculturale e la lotta alla discriminazione dei migranti e delle minoranze&#8221;. Durata 20 settembre 2019-19 settembre 2021 Autorit\u00e0 competente Commissione europea, Agenzia esecutiva per l&#8217;istruzione, gli audiovisivi e la...\" \/>\n<meta property=\"og:url\" content=\"https:\/\/www.rijeka.hr\/it\/amministrazione-cittadina\/progetti-dellue\/progetti-chiusi\/citta-europee-che-promuovono-il-dialogo-interculturale-e-la-lotta-alla-discriminazione-di-migranti-e-minoranze-progetto-di-dialogo-interculturale\/\" \/>\n<meta property=\"og:site_name\" content=\"Citt\u00e0 di Fiume\" \/>\n<meta property=\"article:modified_time\" content=\"2022-11-07T11:28:57+00:00\" \/>\n<meta name=\"twitter:card\" content=\"summary_large_image\" \/>\n<meta name=\"twitter:label1\" content=\"Est. reading time\" \/>\n\t<meta name=\"twitter:data1\" content=\"2 minutes\" \/>\n<script type=\"application\/ld+json\" class=\"yoast-schema-graph\">{\"@context\":\"https:\/\/schema.org\",\"@graph\":[{\"@type\":\"WebPage\",\"@id\":\"https:\/\/www.rijeka.hr\/it\/amministrazione-cittadina\/progetti-dellue\/progetti-chiusi\/citta-europee-che-promuovono-il-dialogo-interculturale-e-la-lotta-alla-discriminazione-di-migranti-e-minoranze-progetto-di-dialogo-interculturale\/\",\"url\":\"https:\/\/www.rijeka.hr\/it\/amministrazione-cittadina\/progetti-dellue\/progetti-chiusi\/citta-europee-che-promuovono-il-dialogo-interculturale-e-la-lotta-alla-discriminazione-di-migranti-e-minoranze-progetto-di-dialogo-interculturale\/\",\"name\":\"Citt\u00e0 europee che promuovono il dialogo interculturale e la lotta alla discriminazione dei migranti e delle minoranze (progetto di dialogo interculturale) - Citt\u00e0 di Fiume\",\"isPartOf\":{\"@id\":\"https:\/\/www.rijeka.hr\/it\/#website\"},\"datePublished\":\"2021-05-05T09:39:01+00:00\",\"dateModified\":\"2022-11-07T11:28:57+00:00\",\"breadcrumb\":{\"@id\":\"https:\/\/www.rijeka.hr\/it\/amministrazione-cittadina\/progetti-dellue\/progetti-chiusi\/citta-europee-che-promuovono-il-dialogo-interculturale-e-la-lotta-alla-discriminazione-di-migranti-e-minoranze-progetto-di-dialogo-interculturale\/#breadcrumb\"},\"inLanguage\":\"it-IT\",\"potentialAction\":[{\"@type\":\"ReadAction\",\"target\":[\"https:\/\/www.rijeka.hr\/it\/amministrazione-cittadina\/progetti-dellue\/progetti-chiusi\/citta-europee-che-promuovono-il-dialogo-interculturale-e-la-lotta-alla-discriminazione-di-migranti-e-minoranze-progetto-di-dialogo-interculturale\/\"]}]},{\"@type\":\"BreadcrumbList\",\"@id\":\"https:\/\/www.rijeka.hr\/it\/amministrazione-cittadina\/progetti-dellue\/progetti-chiusi\/citta-europee-che-promuovono-il-dialogo-interculturale-e-la-lotta-alla-discriminazione-di-migranti-e-minoranze-progetto-di-dialogo-interculturale\/#breadcrumb\",\"itemListElement\":[{\"@type\":\"ListItem\",\"position\":1,\"name\":\"Po\u010detna stranica\",\"item\":\"https:\/\/www.rijeka.hr\/it\/\"},{\"@type\":\"ListItem\",\"position\":2,\"name\":\"Amministrazione cittadina\",\"item\":\"https:\/\/www.rijeka.hr\/it\/amministrazione-cittadina\/\"},{\"@type\":\"ListItem\",\"position\":3,\"name\":\"Progetti dell&#8217;UE\",\"item\":\"https:\/\/www.rijeka.hr\/it\/amministrazione-cittadina\/progetti-dellue\/\"},{\"@type\":\"ListItem\",\"position\":4,\"name\":\"Progetti chiusi\",\"item\":\"https:\/\/www.rijeka.hr\/it\/amministrazione-cittadina\/progetti-dellue\/progetti-chiusi\/\"},{\"@type\":\"ListItem\",\"position\":5,\"name\":\"Citt\u00e0 europee che promuovono il dialogo interculturale e la lotta alla discriminazione dei migranti e delle minoranze (progetto di dialogo interculturale)\"}]},{\"@type\":\"WebSite\",\"@id\":\"https:\/\/www.rijeka.hr\/it\/#website\",\"url\":\"https:\/\/www.rijeka.hr\/it\/\",\"name\":\"Citt\u00e0 di Fiume\",\"description\":\"Portale web della Citta&#039; di Fiume\",\"potentialAction\":[{\"@type\":\"SearchAction\",\"target\":{\"@type\":\"EntryPoint\",\"urlTemplate\":\"https:\/\/www.rijeka.hr\/it\/?s={search_term_string}\"},\"query-input\":{\"@type\":\"PropertyValueSpecification\",\"valueRequired\":true,\"valueName\":\"search_term_string\"}}],\"inLanguage\":\"it-IT\"}]}<\/script>\n<!-- \/ Yoast SEO plugin. -->","yoast_head_json":{"title":"Citt\u00e0 europee che promuovono il dialogo interculturale e la lotta alla discriminazione dei migranti e delle minoranze (progetto di dialogo interculturale) - Citt\u00e0 di Fiume","robots":{"index":"index","follow":"follow","max-snippet":"max-snippet:-1","max-image-preview":"max-image-preview:large","max-video-preview":"max-video-preview:-1"},"canonical":"https:\/\/www.rijeka.hr\/it\/amministrazione-cittadina\/progetti-dellue\/progetti-chiusi\/citta-europee-che-promuovono-il-dialogo-interculturale-e-la-lotta-alla-discriminazione-di-migranti-e-minoranze-progetto-di-dialogo-interculturale\/","og_locale":"it_IT","og_type":"article","og_title":"Citt\u00e0 europee che promuovono il dialogo interculturale e la lotta alla discriminazione dei migranti e delle minoranze (progetto di dialogo interculturale) - Citt\u00e0 di Fiume","og_description":"Obiettivo del progetto La Citt\u00e0 di Fiume \u00e8 partner progettuale nel progetto dell&#8217;UE volto a creare e lanciare la rete &#8220;Citt\u00e0 europee che promuovono il dialogo interculturale e la lotta alla discriminazione dei migranti e delle minoranze&#8221;. Durata 20 settembre 2019-19 settembre 2021 Autorit\u00e0 competente Commissione europea, Agenzia esecutiva per l&#8217;istruzione, gli audiovisivi e la...","og_url":"https:\/\/www.rijeka.hr\/it\/amministrazione-cittadina\/progetti-dellue\/progetti-chiusi\/citta-europee-che-promuovono-il-dialogo-interculturale-e-la-lotta-alla-discriminazione-di-migranti-e-minoranze-progetto-di-dialogo-interculturale\/","og_site_name":"Citt\u00e0 di Fiume","article_modified_time":"2022-11-07T11:28:57+00:00","twitter_card":"summary_large_image","twitter_misc":{"Est. reading time":"2 minutes"},"schema":{"@context":"https:\/\/schema.org","@graph":[{"@type":"WebPage","@id":"https:\/\/www.rijeka.hr\/it\/amministrazione-cittadina\/progetti-dellue\/progetti-chiusi\/citta-europee-che-promuovono-il-dialogo-interculturale-e-la-lotta-alla-discriminazione-di-migranti-e-minoranze-progetto-di-dialogo-interculturale\/","url":"https:\/\/www.rijeka.hr\/it\/amministrazione-cittadina\/progetti-dellue\/progetti-chiusi\/citta-europee-che-promuovono-il-dialogo-interculturale-e-la-lotta-alla-discriminazione-di-migranti-e-minoranze-progetto-di-dialogo-interculturale\/","name":"Citt\u00e0 europee che promuovono il dialogo interculturale e la lotta alla discriminazione dei migranti e delle minoranze (progetto di dialogo interculturale) - Citt\u00e0 di Fiume","isPartOf":{"@id":"https:\/\/www.rijeka.hr\/it\/#website"},"datePublished":"2021-05-05T09:39:01+00:00","dateModified":"2022-11-07T11:28:57+00:00","breadcrumb":{"@id":"https:\/\/www.rijeka.hr\/it\/amministrazione-cittadina\/progetti-dellue\/progetti-chiusi\/citta-europee-che-promuovono-il-dialogo-interculturale-e-la-lotta-alla-discriminazione-di-migranti-e-minoranze-progetto-di-dialogo-interculturale\/#breadcrumb"},"inLanguage":"it-IT","potentialAction":[{"@type":"ReadAction","target":["https:\/\/www.rijeka.hr\/it\/amministrazione-cittadina\/progetti-dellue\/progetti-chiusi\/citta-europee-che-promuovono-il-dialogo-interculturale-e-la-lotta-alla-discriminazione-di-migranti-e-minoranze-progetto-di-dialogo-interculturale\/"]}]},{"@type":"BreadcrumbList","@id":"https:\/\/www.rijeka.hr\/it\/amministrazione-cittadina\/progetti-dellue\/progetti-chiusi\/citta-europee-che-promuovono-il-dialogo-interculturale-e-la-lotta-alla-discriminazione-di-migranti-e-minoranze-progetto-di-dialogo-interculturale\/#breadcrumb","itemListElement":[{"@type":"ListItem","position":1,"name":"Po\u010detna stranica","item":"https:\/\/www.rijeka.hr\/it\/"},{"@type":"ListItem","position":2,"name":"Amministrazione cittadina","item":"https:\/\/www.rijeka.hr\/it\/amministrazione-cittadina\/"},{"@type":"ListItem","position":3,"name":"Progetti dell&#8217;UE","item":"https:\/\/www.rijeka.hr\/it\/amministrazione-cittadina\/progetti-dellue\/"},{"@type":"ListItem","position":4,"name":"Progetti chiusi","item":"https:\/\/www.rijeka.hr\/it\/amministrazione-cittadina\/progetti-dellue\/progetti-chiusi\/"},{"@type":"ListItem","position":5,"name":"Citt\u00e0 europee che promuovono il dialogo interculturale e la lotta alla discriminazione dei migranti e delle minoranze (progetto di dialogo interculturale)"}]},{"@type":"WebSite","@id":"https:\/\/www.rijeka.hr\/it\/#website","url":"https:\/\/www.rijeka.hr\/it\/","name":"Citt\u00e0 di Fiume","description":"Portale web della Citta&#039; di Fiume","potentialAction":[{"@type":"SearchAction","target":{"@type":"EntryPoint","urlTemplate":"https:\/\/www.rijeka.hr\/it\/?s={search_term_string}"},"query-input":{"@type":"PropertyValueSpecification","valueRequired":true,"valueName":"search_term_string"}}],"inLanguage":"it-IT"}]}},"_links":{"self":[{"href":"https:\/\/www.rijeka.hr\/it\/wp-json\/wp\/v2\/pages\/12954","targetHints":{"allow":["GET"]}}],"collection":[{"href":"https:\/\/www.rijeka.hr\/it\/wp-json\/wp\/v2\/pages"}],"about":[{"href":"https:\/\/www.rijeka.hr\/it\/wp-json\/wp\/v2\/types\/page"}],"author":[{"embeddable":true,"href":"https:\/\/www.rijeka.hr\/it\/wp-json\/wp\/v2\/users\/8"}],"replies":[{"embeddable":true,"href":"https:\/\/www.rijeka.hr\/it\/wp-json\/wp\/v2\/comments?post=12954"}],"version-history":[{"count":3,"href":"https:\/\/www.rijeka.hr\/it\/wp-json\/wp\/v2\/pages\/12954\/revisions"}],"predecessor-version":[{"id":12960,"href":"https:\/\/www.rijeka.hr\/it\/wp-json\/wp\/v2\/pages\/12954\/revisions\/12960"}],"up":[{"embeddable":true,"href":"https:\/\/www.rijeka.hr\/it\/wp-json\/wp\/v2\/pages\/2062"}],"wp:attachment":[{"href":"https:\/\/www.rijeka.hr\/it\/wp-json\/wp\/v2\/media?parent=12954"}],"wp:term":[{"taxonomy":"post_tag","embeddable":true,"href":"https:\/\/www.rijeka.hr\/it\/wp-json\/wp\/v2\/tags?post=12954"}],"curies":[{"name":"wp","href":"https:\/\/api.w.org\/{rel}","templated":true}]}}