{"id":17082,"date":"2022-12-28T09:30:18","date_gmt":"2022-12-28T08:30:18","guid":{"rendered":"https:\/\/www.rijeka.hr\/it\/?page_id=17082"},"modified":"2022-12-28T09:37:44","modified_gmt":"2022-12-28T08:37:44","slug":"rinclusione-modello-della-citta-di-fiume-che-fornisce-sostegno-agli-alunni-con-disabilita-2022-2023","status":"publish","type":"page","link":"https:\/\/www.rijeka.hr\/it\/amministrazione-cittadina\/progetti-dellue\/progetti-in-corso\/rinclusione-modello-della-citta-di-fiume-che-fornisce-sostegno-agli-alunni-con-disabilita-2022-2023\/","title":{"rendered":"RInclusione \u2013 Modello della Citt\u00e0 di Fiume che fornisce sostegno agli alunni con disabilit\u00e0 (2022-2023)"},"content":{"rendered":"<h2><img loading=\"lazy\" decoding=\"async\" width=\"1000\" height=\"377\" class=\"aligncenter wp-image-15614 size-full\" src=\"https:\/\/www.rijeka.hr\/it\/wp-content\/uploads\/sites\/3\/2022\/08\/Europski-socijalni-fond-1000x377-1.jpg\" alt=\"\" srcset=\"https:\/\/www.rijeka.hr\/it\/wp-content\/uploads\/sites\/3\/2022\/08\/Europski-socijalni-fond-1000x377-1.jpg 1000w, https:\/\/www.rijeka.hr\/it\/wp-content\/uploads\/sites\/3\/2022\/08\/Europski-socijalni-fond-1000x377-1-600x226.jpg 600w, https:\/\/www.rijeka.hr\/it\/wp-content\/uploads\/sites\/3\/2022\/08\/Europski-socijalni-fond-1000x377-1-768x290.jpg 768w\" sizes=\"(max-width: 1000px) 100vw, 1000px\" \/><\/h2>\n<h2>Titolo del progetto<\/h2>\n<p>RInclusione \u2013 Modello della Citt\u00e0 di Fiume che fornisce sostegno agli alunni con disabilit\u00e0 (2021-2022)<\/p>\n<h2>Obiettivo del progetto<\/h2>\n<p>Il progetto contribuir\u00e0 all\u2019inclusione sociale e all\u2019integrazione degli alunni con disturbi nello sviluppo nelle scuole regolari e nelle speciali istituzioni educative fondate dalla Citt\u00e0 di Fiume, fornendo assistenti all\u2019insegnamento.<\/p>\n<h2>Durata<\/h2>\n<p>agosto 2021 \u2013 agosto 2022<\/p>\n<h2>Sintesi del progetto<\/h2>\n<p><img loading=\"lazy\" decoding=\"async\" class=\"size-medium wp-image-17086 alignleft\" src=\"https:\/\/www.rijeka.hr\/it\/wp-content\/uploads\/sites\/3\/2022\/12\/RInkluzija-\u2013-Rije\u010dki-model-podr\u0161ke-u\u010denicima-s-te\u0161ko\u0107ama-600x482-600x482.jpg\" alt=\"\" width=\"600\" height=\"482\" srcset=\"https:\/\/www.rijeka.hr\/it\/wp-content\/uploads\/sites\/3\/2022\/12\/RInkluzija-\u2013-Rije\u010dki-model-podr\u0161ke-u\u010denicima-s-te\u0161ko\u0107ama-600x482.jpg 600w, https:\/\/www.rijeka.hr\/it\/wp-content\/uploads\/sites\/3\/2022\/12\/RInkluzija-\u2013-Rije\u010dki-model-podr\u0161ke-u\u010denicima-s-te\u0161ko\u0107ama-600x482-498x400.jpg 498w\" sizes=\"(max-width: 600px) 100vw, 600px\" \/>Il progetto contribuir\u00e0 all\u2019inclusione sociale e all\u2019integrazione degli alunni con disturbi nello sviluppo nelle scuole regolari e in due istituzioni educative speciali, il Centro educativo e il Centro per l\u2019autismo di Fiume, fondate dalla Citt\u00e0 di Fiume, in modo da assicurare assistenti all\u2019insegnamento istruiti che lavoreranno nel processo educativo diretto con alunni con disabilit\u00e0.\u00a0Inoltre, questo progetto contribuir\u00e0 a una visione pi\u00f9 ampia degli sforzi di creare un centro di sostegno per gli alunni con disabilit\u00e0 sul territorio della Regione litoraneo \u2013 montana.<\/p>\n<h2>Attivit\u00e0 chiave:<\/h2>\n<p>Selezione, istruzione e lavoro degli assistenti all\u2019insegnamento che forniranno sostegno agli alunni con disabilit\u00e0 in 24 scuole elementari di Fiume.<\/p>\n<h2>Promotore:<\/h2>\n<p>Citt\u00e0 di Fiume, Dipartimento per l\u2019educazione e l\u2019istruzione<\/p>\n<h2>Partner:<\/h2>\n<ul>\n<li>Centro educativo Fiume<\/li>\n<li>Centro per l\u2019autismo Fiume<\/li>\n<li>SE Belvedere<\/li>\n<li>SE Brajda<\/li>\n<li>SE Centar<\/li>\n<li>SE Dolac<\/li>\n<li>SE Eugen Kumi\u010di\u0107<\/li>\n<li>SE Fran Frankovi\u0107<\/li>\n<li>SE Gornja Ve\u017eica<\/li>\n<li>SE Ivan Zajc<\/li>\n<li>SE Kantrida<\/li>\n<li>SE Kozala<\/li>\n<li>SE Nikola Tesla<\/li>\n<li>SE Pe\u0107ine<\/li>\n<li>SE Pehlin<\/li>\n<li>SE Podmurvice<\/li>\n<li>SE San Nicol\u00f2<\/li>\n<li>SE Srdo\u010di<\/li>\n<li>SE \u0160kurinje<\/li>\n<li>SE Trsat<\/li>\n<li>SE Turni\u0107<\/li>\n<li>SE Ve\u017eica<\/li>\n<li>SE Vladimir Gortan<\/li>\n<li>SE Zamet<\/li>\n<\/ul>\n<h2>Bilancio:<\/h2>\n<ul>\n<li>Valore complessivo del progetto: 2.854.013,40 kune<\/li>\n<li>Finanziato con FSE: 2.425.911,39 kune<\/li>\n<li>Bilancio della Citt\u00e0 di Fiume: 428.102,01 kune<\/li>\n<\/ul>\n<h2>Autorit\u00e0 competente<\/h2>\n<p>Il Ministero della Scienza e dell\u2019Istruzione, con l\u2019invito \u201cFornire assistenti educativi e mediatori professionali della comunicazione agli alunni con disabilit\u00e0 dello sviluppo nelle istituzioni di educazione elementare e secondaria, fase V.\u201d, UP.03.2.1.07.<\/p>\n<h2>Finanziato con:<\/h2>\n<p><a href=\"https:\/\/strukturnifondovi.hr\/\">Fondi strutturali<\/a> \u2013 Fondo sociale europeo \u2013 <a href=\"https:\/\/strukturnifondovi.hr\/eu-fondovi\/esi-fondovi-2014-2020\/op-ucinkoviti-ljudski-potencijali-2014-2020\/\">Programma operativo Risorse umane efficienti 2014-2020<\/a>.<\/p>\n<h2>Persona da contattare per maggiori informazioni:<\/h2>\n<p>Citt\u00e0 di Fiume<br \/>\nDipartimento per l\u2019educazione e l\u2019istruzione<br \/>\nMarija Japund\u017ea Brozni\u0107<br \/>\nE-mail:\u00a0<a href=\"&#x6d;&#x61;&#105;&#108;t&#x6f;&#x3a;&#x6d;&#97;ri&#x6a;&#x61;&#46;&#106;a&#x70;&#x75;&#x6e;&#100;za&#x2d;&#x62;&#114;&#111;z&#x6e;&#x69;&#x63;&#64;ri&#x6a;&#x65;&#107;&#97;&#46;&#x68;&#x72;\">&#x6d;&#97;r&#x69;&#106;a&#x2e;&#106;a&#x70;&#x75;&#110;&#x64;&#x7a;&#97;-&#x62;&#114;o&#x7a;&#110;i&#x63;&#x40;&#114;&#x69;&#x6a;&#101;k&#x61;&#46;h&#x72;<\/a><\/p>\n","protected":false},"excerpt":{"rendered":"<p>Titolo del progetto RInclusione \u2013 Modello della Citt\u00e0 di Fiume che fornisce sostegno agli alunni con disabilit\u00e0 (2021-2022) Obiettivo del progetto Il progetto contribuir\u00e0 all\u2019inclusione sociale e all\u2019integrazione degli alunni con disturbi nello sviluppo nelle scuole regolari e nelle speciali istituzioni educative fondate dalla Citt\u00e0 di Fiume, fornendo assistenti all\u2019insegnamento. Durata agosto 2021 \u2013 agosto&#8230;<\/p>\n","protected":false},"author":8,"featured_media":0,"parent":2059,"menu_order":0,"comment_status":"closed","ping_status":"closed","template":"","meta":{"_acf_changed":false,"_trash_the_other_posts":false,"footnotes":"","_links_to":"","_links_to_target":""},"tags":[],"class_list":["post-17082","page","type-page","status-publish","hentry"],"acf":[],"yoast_head":"<!-- This site is optimized with the Yoast SEO plugin v24.4 - https:\/\/yoast.com\/wordpress\/plugins\/seo\/ -->\n<title>RInclusione \u2013 Modello della Citt\u00e0 di Fiume che fornisce sostegno agli alunni con disabilit\u00e0 (2022-2023) - Citt\u00e0 di Fiume<\/title>\n<meta name=\"robots\" content=\"index, follow, max-snippet:-1, max-image-preview:large, max-video-preview:-1\" \/>\n<link rel=\"canonical\" href=\"https:\/\/www.rijeka.hr\/it\/amministrazione-cittadina\/progetti-dellue\/progetti-in-corso\/rinclusione-modello-della-citta-di-fiume-che-fornisce-sostegno-agli-alunni-con-disabilita-2022-2023\/\" \/>\n<meta property=\"og:locale\" content=\"it_IT\" \/>\n<meta property=\"og:type\" content=\"article\" \/>\n<meta property=\"og:title\" content=\"RInclusione \u2013 Modello della Citt\u00e0 di Fiume che fornisce sostegno agli alunni con disabilit\u00e0 (2022-2023) - Citt\u00e0 di Fiume\" \/>\n<meta property=\"og:description\" content=\"Titolo del progetto RInclusione \u2013 Modello della Citt\u00e0 di Fiume che fornisce sostegno agli alunni con disabilit\u00e0 (2021-2022) Obiettivo del progetto Il progetto contribuir\u00e0 all\u2019inclusione sociale e all\u2019integrazione degli alunni con disturbi nello sviluppo nelle scuole regolari e nelle speciali istituzioni educative fondate dalla Citt\u00e0 di Fiume, fornendo assistenti all\u2019insegnamento. Durata agosto 2021 \u2013 agosto...\" \/>\n<meta property=\"og:url\" content=\"https:\/\/www.rijeka.hr\/it\/amministrazione-cittadina\/progetti-dellue\/progetti-in-corso\/rinclusione-modello-della-citta-di-fiume-che-fornisce-sostegno-agli-alunni-con-disabilita-2022-2023\/\" \/>\n<meta property=\"og:site_name\" content=\"Citt\u00e0 di Fiume\" \/>\n<meta property=\"article:modified_time\" content=\"2022-12-28T08:37:44+00:00\" \/>\n<meta property=\"og:image\" content=\"https:\/\/www.rijeka.hr\/it\/wp-content\/uploads\/sites\/3\/2022\/08\/Europski-socijalni-fond-1000x377-1.jpg\" \/>\n<meta name=\"twitter:card\" content=\"summary_large_image\" \/>\n<meta name=\"twitter:label1\" content=\"Est. reading time\" \/>\n\t<meta name=\"twitter:data1\" content=\"2 minutes\" \/>\n<script type=\"application\/ld+json\" class=\"yoast-schema-graph\">{\"@context\":\"https:\/\/schema.org\",\"@graph\":[{\"@type\":\"WebPage\",\"@id\":\"https:\/\/www.rijeka.hr\/it\/amministrazione-cittadina\/progetti-dellue\/progetti-in-corso\/rinclusione-modello-della-citta-di-fiume-che-fornisce-sostegno-agli-alunni-con-disabilita-2022-2023\/\",\"url\":\"https:\/\/www.rijeka.hr\/it\/amministrazione-cittadina\/progetti-dellue\/progetti-in-corso\/rinclusione-modello-della-citta-di-fiume-che-fornisce-sostegno-agli-alunni-con-disabilita-2022-2023\/\",\"name\":\"RInclusione \u2013 Modello della Citt\u00e0 di Fiume che fornisce sostegno agli alunni con disabilit\u00e0 (2022-2023) - Citt\u00e0 di Fiume\",\"isPartOf\":{\"@id\":\"https:\/\/www.rijeka.hr\/it\/#website\"},\"primaryImageOfPage\":{\"@id\":\"https:\/\/www.rijeka.hr\/it\/amministrazione-cittadina\/progetti-dellue\/progetti-in-corso\/rinclusione-modello-della-citta-di-fiume-che-fornisce-sostegno-agli-alunni-con-disabilita-2022-2023\/#primaryimage\"},\"image\":{\"@id\":\"https:\/\/www.rijeka.hr\/it\/amministrazione-cittadina\/progetti-dellue\/progetti-in-corso\/rinclusione-modello-della-citta-di-fiume-che-fornisce-sostegno-agli-alunni-con-disabilita-2022-2023\/#primaryimage\"},\"thumbnailUrl\":\"https:\/\/www.rijeka.hr\/it\/wp-content\/uploads\/sites\/3\/2022\/08\/Europski-socijalni-fond-1000x377-1.jpg\",\"datePublished\":\"2022-12-28T08:30:18+00:00\",\"dateModified\":\"2022-12-28T08:37:44+00:00\",\"breadcrumb\":{\"@id\":\"https:\/\/www.rijeka.hr\/it\/amministrazione-cittadina\/progetti-dellue\/progetti-in-corso\/rinclusione-modello-della-citta-di-fiume-che-fornisce-sostegno-agli-alunni-con-disabilita-2022-2023\/#breadcrumb\"},\"inLanguage\":\"it-IT\",\"potentialAction\":[{\"@type\":\"ReadAction\",\"target\":[\"https:\/\/www.rijeka.hr\/it\/amministrazione-cittadina\/progetti-dellue\/progetti-in-corso\/rinclusione-modello-della-citta-di-fiume-che-fornisce-sostegno-agli-alunni-con-disabilita-2022-2023\/\"]}]},{\"@type\":\"ImageObject\",\"inLanguage\":\"it-IT\",\"@id\":\"https:\/\/www.rijeka.hr\/it\/amministrazione-cittadina\/progetti-dellue\/progetti-in-corso\/rinclusione-modello-della-citta-di-fiume-che-fornisce-sostegno-agli-alunni-con-disabilita-2022-2023\/#primaryimage\",\"url\":\"https:\/\/www.rijeka.hr\/it\/wp-content\/uploads\/sites\/3\/2022\/08\/Europski-socijalni-fond-1000x377-1.jpg\",\"contentUrl\":\"https:\/\/www.rijeka.hr\/it\/wp-content\/uploads\/sites\/3\/2022\/08\/Europski-socijalni-fond-1000x377-1.jpg\",\"width\":1000,\"height\":377},{\"@type\":\"BreadcrumbList\",\"@id\":\"https:\/\/www.rijeka.hr\/it\/amministrazione-cittadina\/progetti-dellue\/progetti-in-corso\/rinclusione-modello-della-citta-di-fiume-che-fornisce-sostegno-agli-alunni-con-disabilita-2022-2023\/#breadcrumb\",\"itemListElement\":[{\"@type\":\"ListItem\",\"position\":1,\"name\":\"Po\u010detna stranica\",\"item\":\"https:\/\/www.rijeka.hr\/it\/\"},{\"@type\":\"ListItem\",\"position\":2,\"name\":\"Amministrazione cittadina\",\"item\":\"https:\/\/www.rijeka.hr\/it\/amministrazione-cittadina\/\"},{\"@type\":\"ListItem\",\"position\":3,\"name\":\"Progetti dell&#8217;UE\",\"item\":\"https:\/\/www.rijeka.hr\/it\/amministrazione-cittadina\/progetti-dellue\/\"},{\"@type\":\"ListItem\",\"position\":4,\"name\":\"Progetti in corso\",\"item\":\"https:\/\/www.rijeka.hr\/it\/amministrazione-cittadina\/progetti-dellue\/progetti-in-corso\/\"},{\"@type\":\"ListItem\",\"position\":5,\"name\":\"RInclusione \u2013 Modello della Citt\u00e0 di Fiume che fornisce sostegno agli alunni con disabilit\u00e0 (2022-2023)\"}]},{\"@type\":\"WebSite\",\"@id\":\"https:\/\/www.rijeka.hr\/it\/#website\",\"url\":\"https:\/\/www.rijeka.hr\/it\/\",\"name\":\"Citt\u00e0 di Fiume\",\"description\":\"Portale web della Citta&#039; di Fiume\",\"potentialAction\":[{\"@type\":\"SearchAction\",\"target\":{\"@type\":\"EntryPoint\",\"urlTemplate\":\"https:\/\/www.rijeka.hr\/it\/?s={search_term_string}\"},\"query-input\":{\"@type\":\"PropertyValueSpecification\",\"valueRequired\":true,\"valueName\":\"search_term_string\"}}],\"inLanguage\":\"it-IT\"}]}<\/script>\n<!-- \/ Yoast SEO plugin. -->","yoast_head_json":{"title":"RInclusione \u2013 Modello della Citt\u00e0 di Fiume che fornisce sostegno agli alunni con disabilit\u00e0 (2022-2023) - Citt\u00e0 di Fiume","robots":{"index":"index","follow":"follow","max-snippet":"max-snippet:-1","max-image-preview":"max-image-preview:large","max-video-preview":"max-video-preview:-1"},"canonical":"https:\/\/www.rijeka.hr\/it\/amministrazione-cittadina\/progetti-dellue\/progetti-in-corso\/rinclusione-modello-della-citta-di-fiume-che-fornisce-sostegno-agli-alunni-con-disabilita-2022-2023\/","og_locale":"it_IT","og_type":"article","og_title":"RInclusione \u2013 Modello della Citt\u00e0 di Fiume che fornisce sostegno agli alunni con disabilit\u00e0 (2022-2023) - Citt\u00e0 di Fiume","og_description":"Titolo del progetto RInclusione \u2013 Modello della Citt\u00e0 di Fiume che fornisce sostegno agli alunni con disabilit\u00e0 (2021-2022) Obiettivo del progetto Il progetto contribuir\u00e0 all\u2019inclusione sociale e all\u2019integrazione degli alunni con disturbi nello sviluppo nelle scuole regolari e nelle speciali istituzioni educative fondate dalla Citt\u00e0 di Fiume, fornendo assistenti all\u2019insegnamento. Durata agosto 2021 \u2013 agosto...","og_url":"https:\/\/www.rijeka.hr\/it\/amministrazione-cittadina\/progetti-dellue\/progetti-in-corso\/rinclusione-modello-della-citta-di-fiume-che-fornisce-sostegno-agli-alunni-con-disabilita-2022-2023\/","og_site_name":"Citt\u00e0 di Fiume","article_modified_time":"2022-12-28T08:37:44+00:00","og_image":[{"url":"https:\/\/www.rijeka.hr\/it\/wp-content\/uploads\/sites\/3\/2022\/08\/Europski-socijalni-fond-1000x377-1.jpg","type":"","width":"","height":""}],"twitter_card":"summary_large_image","twitter_misc":{"Est. reading time":"2 minutes"},"schema":{"@context":"https:\/\/schema.org","@graph":[{"@type":"WebPage","@id":"https:\/\/www.rijeka.hr\/it\/amministrazione-cittadina\/progetti-dellue\/progetti-in-corso\/rinclusione-modello-della-citta-di-fiume-che-fornisce-sostegno-agli-alunni-con-disabilita-2022-2023\/","url":"https:\/\/www.rijeka.hr\/it\/amministrazione-cittadina\/progetti-dellue\/progetti-in-corso\/rinclusione-modello-della-citta-di-fiume-che-fornisce-sostegno-agli-alunni-con-disabilita-2022-2023\/","name":"RInclusione \u2013 Modello della Citt\u00e0 di Fiume che fornisce sostegno agli alunni con disabilit\u00e0 (2022-2023) - Citt\u00e0 di Fiume","isPartOf":{"@id":"https:\/\/www.rijeka.hr\/it\/#website"},"primaryImageOfPage":{"@id":"https:\/\/www.rijeka.hr\/it\/amministrazione-cittadina\/progetti-dellue\/progetti-in-corso\/rinclusione-modello-della-citta-di-fiume-che-fornisce-sostegno-agli-alunni-con-disabilita-2022-2023\/#primaryimage"},"image":{"@id":"https:\/\/www.rijeka.hr\/it\/amministrazione-cittadina\/progetti-dellue\/progetti-in-corso\/rinclusione-modello-della-citta-di-fiume-che-fornisce-sostegno-agli-alunni-con-disabilita-2022-2023\/#primaryimage"},"thumbnailUrl":"https:\/\/www.rijeka.hr\/it\/wp-content\/uploads\/sites\/3\/2022\/08\/Europski-socijalni-fond-1000x377-1.jpg","datePublished":"2022-12-28T08:30:18+00:00","dateModified":"2022-12-28T08:37:44+00:00","breadcrumb":{"@id":"https:\/\/www.rijeka.hr\/it\/amministrazione-cittadina\/progetti-dellue\/progetti-in-corso\/rinclusione-modello-della-citta-di-fiume-che-fornisce-sostegno-agli-alunni-con-disabilita-2022-2023\/#breadcrumb"},"inLanguage":"it-IT","potentialAction":[{"@type":"ReadAction","target":["https:\/\/www.rijeka.hr\/it\/amministrazione-cittadina\/progetti-dellue\/progetti-in-corso\/rinclusione-modello-della-citta-di-fiume-che-fornisce-sostegno-agli-alunni-con-disabilita-2022-2023\/"]}]},{"@type":"ImageObject","inLanguage":"it-IT","@id":"https:\/\/www.rijeka.hr\/it\/amministrazione-cittadina\/progetti-dellue\/progetti-in-corso\/rinclusione-modello-della-citta-di-fiume-che-fornisce-sostegno-agli-alunni-con-disabilita-2022-2023\/#primaryimage","url":"https:\/\/www.rijeka.hr\/it\/wp-content\/uploads\/sites\/3\/2022\/08\/Europski-socijalni-fond-1000x377-1.jpg","contentUrl":"https:\/\/www.rijeka.hr\/it\/wp-content\/uploads\/sites\/3\/2022\/08\/Europski-socijalni-fond-1000x377-1.jpg","width":1000,"height":377},{"@type":"BreadcrumbList","@id":"https:\/\/www.rijeka.hr\/it\/amministrazione-cittadina\/progetti-dellue\/progetti-in-corso\/rinclusione-modello-della-citta-di-fiume-che-fornisce-sostegno-agli-alunni-con-disabilita-2022-2023\/#breadcrumb","itemListElement":[{"@type":"ListItem","position":1,"name":"Po\u010detna stranica","item":"https:\/\/www.rijeka.hr\/it\/"},{"@type":"ListItem","position":2,"name":"Amministrazione cittadina","item":"https:\/\/www.rijeka.hr\/it\/amministrazione-cittadina\/"},{"@type":"ListItem","position":3,"name":"Progetti dell&#8217;UE","item":"https:\/\/www.rijeka.hr\/it\/amministrazione-cittadina\/progetti-dellue\/"},{"@type":"ListItem","position":4,"name":"Progetti in corso","item":"https:\/\/www.rijeka.hr\/it\/amministrazione-cittadina\/progetti-dellue\/progetti-in-corso\/"},{"@type":"ListItem","position":5,"name":"RInclusione \u2013 Modello della Citt\u00e0 di Fiume che fornisce sostegno agli alunni con disabilit\u00e0 (2022-2023)"}]},{"@type":"WebSite","@id":"https:\/\/www.rijeka.hr\/it\/#website","url":"https:\/\/www.rijeka.hr\/it\/","name":"Citt\u00e0 di Fiume","description":"Portale web della Citta&#039; di Fiume","potentialAction":[{"@type":"SearchAction","target":{"@type":"EntryPoint","urlTemplate":"https:\/\/www.rijeka.hr\/it\/?s={search_term_string}"},"query-input":{"@type":"PropertyValueSpecification","valueRequired":true,"valueName":"search_term_string"}}],"inLanguage":"it-IT"}]}},"_links":{"self":[{"href":"https:\/\/www.rijeka.hr\/it\/wp-json\/wp\/v2\/pages\/17082","targetHints":{"allow":["GET"]}}],"collection":[{"href":"https:\/\/www.rijeka.hr\/it\/wp-json\/wp\/v2\/pages"}],"about":[{"href":"https:\/\/www.rijeka.hr\/it\/wp-json\/wp\/v2\/types\/page"}],"author":[{"embeddable":true,"href":"https:\/\/www.rijeka.hr\/it\/wp-json\/wp\/v2\/users\/8"}],"replies":[{"embeddable":true,"href":"https:\/\/www.rijeka.hr\/it\/wp-json\/wp\/v2\/comments?post=17082"}],"version-history":[{"count":3,"href":"https:\/\/www.rijeka.hr\/it\/wp-json\/wp\/v2\/pages\/17082\/revisions"}],"predecessor-version":[{"id":17087,"href":"https:\/\/www.rijeka.hr\/it\/wp-json\/wp\/v2\/pages\/17082\/revisions\/17087"}],"up":[{"embeddable":true,"href":"https:\/\/www.rijeka.hr\/it\/wp-json\/wp\/v2\/pages\/2059"}],"wp:attachment":[{"href":"https:\/\/www.rijeka.hr\/it\/wp-json\/wp\/v2\/media?parent=17082"}],"wp:term":[{"taxonomy":"post_tag","embeddable":true,"href":"https:\/\/www.rijeka.hr\/it\/wp-json\/wp\/v2\/tags?post=17082"}],"curies":[{"name":"wp","href":"https:\/\/api.w.org\/{rel}","templated":true}]}}