{"id":17159,"date":"2023-01-03T10:28:35","date_gmt":"2023-01-03T09:28:35","guid":{"rendered":"https:\/\/www.rijeka.hr\/it\/?page_id=17159"},"modified":"2025-01-10T14:42:54","modified_gmt":"2025-01-10T13:42:54","slug":"ri4youth-grad-po-mjeri-mladih-una-citta-misura-di-giovani","status":"publish","type":"page","link":"https:\/\/www.rijeka.hr\/it\/amministrazione-cittadina\/progetti-dellue\/progetti-in-corso\/ri4youth-grad-po-mjeri-mladih-una-citta-misura-di-giovani\/","title":{"rendered":"Ri4You(th) \u2013 Grad po mjeRI mladih (Una citt\u00e0 a misura di giovani)"},"content":{"rendered":"<h2>Titolo del progetto<\/h2>\n<p>Ri4You(th) \u2013 Grad po mjeRI mladih (Una citt\u00e0 a misura di giovani)<\/p>\n<h2>Obiettivo del progetto<\/h2>\n<p><img loading=\"lazy\" decoding=\"async\" width=\"600\" height=\"171\" class=\"size-medium wp-image-17163 alignleft\" src=\"https:\/\/www.rijeka.hr\/it\/wp-content\/uploads\/sites\/3\/2023\/01\/Erasmus-600x171-1-600x171.jpg\" alt=\"\" \/>Aumentare la partecipazione dei giovani alla vita della comunit\u00e0 locale rafforzando il dialogo tra i giovani e i decisori a livello della Citt\u00e0 di Fiume nell&#8217;attuazione del Programma per i giovani della Citt\u00e0 di Fiume 2023-2030. In accordo con l&#8217;obiettivo generale, sono stati definiti i seguenti obiettivi specifici del progetto per: sensibilizzare i dipendenti dell&#8217;amministrazione cittadina al dialogo con i giovani, aumentare la conoscenza dei giovani sui processi decisionali, responsabilizzare i membri del Consiglio dei giovani della Citt\u00e0 di Fiume a sostenere politiche di qualit\u00e0 per i giovani e riunire una comunit\u00e0 di professionisti per lavorare con i giovani della Citt\u00e0 di Fiume nell&#8217;attuazione delle attivit\u00e0 del Programma per i giovani della Citt\u00e0 di Fiume 2023-2030.<\/p>\n<h2>Durata<\/h2>\n<p>Gennaio 2023 \u2013 Dicembre 2024 (24 mesi)<\/p>\n<h2>Sintesi del progetto<\/h2>\n<p>I principali risultati previsti di essere implementati per i giovani di Fiume attraverso questo progetto sono di includerli nella creazione dei Piani operativi istituzionali annuali del Programma per i giovani della Citt\u00e0 di Fiume nelle seguenti aree tematiche: Istruzione e (auto)lavoro, Benessere e autonomia dei giovani e Incoraggiamento, responsabilizzazione e dialogo con i giovani che essi stessi realizzeranno e consentiranno loro di acquisire conoscenze e competenze specifiche che li aiuteranno nel loro lavoro successivo.<\/p>\n<p>I principali risultati previsti di essere raggiunti per i membri del Consiglio dei giovani della Citt\u00e0 di Fiume grazie a questo progetto sono di consentire loro di partecipare attivamente al processo decisionale per promuovere politiche di qualit\u00e0 per i giovani come parte del nuovo Programma per i giovani della Citt\u00e0 di Fiume, nonch\u00e9 per realizzare i presupposti per un dialogo di qualit\u00e0 tra i giovani e i decisori con cui collaborano, nell&#8217;ambito del loro perimetro di lavoro, il tutto al fine di rappresentare meglio i giovani nella Citt\u00e0 di Fiume e trasmettere le loro esigenze alle autorit\u00e0 competenti. I principali risultati previsti di essere raggiunti grazie a questo progetto per i membri del consiglio studentesco sono di includerli nei processi decisionali utilizzando strumenti digitali innovativi per la partecipazione all&#8217;applicazione &#8220;Prora\u010dun(ajme)&#8221; della Citt\u00e0 di Fiume e di stabilire un dialogo tra studenti delle scuole medie superiori, membri del Consiglio dei giovani e decisori nelle aree tematiche del Programma per i giovani. I principali risultati previsti di essere raggiunti per i decisori della Citt\u00e0 di Fiume grazie a questo progetto sono di sensibilizzarli per un dialogo significativo con i giovani nell&#8217;attuazione dei piani operativi del Programma per i giovani della Citt\u00e0 di Fiume 2023- 2030.<\/p>\n<h2>Capofila<\/h2>\n<ul>\n<li>Citt\u00e0 di Fiume, Dipartimento per l&#8217;educazione e l\u2019istruzione<\/li>\n<\/ul>\n<h2>Partner<\/h2>\n<ul>\n<li>Centro per la cultura tecnica, Fiume<\/li>\n<li>Associazione Delta<\/li>\n<\/ul>\n<h2>Bilancio<\/h2>\n<ul>\n<li>Valore complessivo del progetto: EUR 41.500,00 (100% finanziato dall&#8217;UE)<\/li>\n<\/ul>\n<h2>Autorit\u00e0 competente<\/h2>\n<p>Agenzia per la Mobilit\u00e0 e i Programmi UE<\/p>\n<h2>Finanziato con<\/h2>\n<p><a href=\"https:\/\/www.mobilnost.hr\/hr\/sadrzaj\/programi\/erasmus\/\">Erasmus+<\/a>, attivit\u00e0 chiave KA154 \u2013 Attivit\u00e0 di partecipazione dei giovani (KA154-YOU)<\/p>\n<h2>Persona da contattare per ulteriori informazioni<\/h2>\n<p>Citt\u00e0 di Fiume<br \/>\nDipartimento per l\u2019educazione e l&#8217;istruzione<br \/>\nLucia Kero<br \/>\nE-mail: <a href=\"&#109;&#x61;&#105;&#x6c;t&#x6f;:&#108;&#x75;&#99;&#x69;j&#x61;&#46;&#107;&#x65;&#114;&#x6f;&#64;&#x72;i&#106;&#x65;&#107;&#x61;&#46;&#x68;r\">l&#117;&#x63;&#x69;j&#97;&#46;&#x6b;&#x65;r&#111;&#x40;&#x72;i&#106;&#101;&#x6b;&#x61;&#46;&#104;&#x72;<\/a><\/p>\n","protected":false},"excerpt":{"rendered":"<p>Titolo del progetto Ri4You(th) \u2013 Grad po mjeRI mladih (Una citt\u00e0 a misura di giovani) Obiettivo del progetto Aumentare la partecipazione dei giovani alla vita della comunit\u00e0 locale rafforzando il dialogo tra i giovani e i decisori a livello della Citt\u00e0 di Fiume nell&#8217;attuazione del Programma per i giovani della Citt\u00e0 di Fiume 2023-2030. In&#8230;<\/p>\n","protected":false},"author":8,"featured_media":0,"parent":2059,"menu_order":0,"comment_status":"closed","ping_status":"closed","template":"","meta":{"_acf_changed":false,"_trash_the_other_posts":false,"footnotes":"","_links_to":"","_links_to_target":""},"tags":[],"class_list":["post-17159","page","type-page","status-publish","hentry"],"acf":[],"yoast_head":"<!-- This site is optimized with the Yoast SEO plugin v24.4 - https:\/\/yoast.com\/wordpress\/plugins\/seo\/ -->\n<title>Ri4You(th) \u2013 Grad po mjeRI mladih (Una citt\u00e0 a misura di giovani) - Citt\u00e0 di Fiume<\/title>\n<meta name=\"robots\" content=\"index, follow, max-snippet:-1, max-image-preview:large, max-video-preview:-1\" \/>\n<link rel=\"canonical\" href=\"https:\/\/www.rijeka.hr\/it\/amministrazione-cittadina\/progetti-dellue\/progetti-in-corso\/ri4youth-grad-po-mjeri-mladih-una-citta-misura-di-giovani\/\" \/>\n<meta property=\"og:locale\" content=\"it_IT\" \/>\n<meta property=\"og:type\" content=\"article\" \/>\n<meta property=\"og:title\" content=\"Ri4You(th) \u2013 Grad po mjeRI mladih (Una citt\u00e0 a misura di giovani) - Citt\u00e0 di Fiume\" \/>\n<meta property=\"og:description\" content=\"Titolo del progetto Ri4You(th) \u2013 Grad po mjeRI mladih (Una citt\u00e0 a misura di giovani) Obiettivo del progetto Aumentare la partecipazione dei giovani alla vita della comunit\u00e0 locale rafforzando il dialogo tra i giovani e i decisori a livello della Citt\u00e0 di Fiume nell&#8217;attuazione del Programma per i giovani della Citt\u00e0 di Fiume 2023-2030. In...\" \/>\n<meta property=\"og:url\" content=\"https:\/\/www.rijeka.hr\/it\/amministrazione-cittadina\/progetti-dellue\/progetti-in-corso\/ri4youth-grad-po-mjeri-mladih-una-citta-misura-di-giovani\/\" \/>\n<meta property=\"og:site_name\" content=\"Citt\u00e0 di Fiume\" \/>\n<meta property=\"article:modified_time\" content=\"2025-01-10T13:42:54+00:00\" \/>\n<meta property=\"og:image\" content=\"https:\/\/www.rijeka.hr\/it\/wp-content\/uploads\/sites\/3\/2023\/01\/Erasmus-600x171-1-600x171.jpg\" \/>\n<meta name=\"twitter:card\" content=\"summary_large_image\" \/>\n<meta name=\"twitter:label1\" content=\"Est. reading time\" \/>\n\t<meta name=\"twitter:data1\" content=\"2 minutes\" \/>\n<script type=\"application\/ld+json\" class=\"yoast-schema-graph\">{\"@context\":\"https:\/\/schema.org\",\"@graph\":[{\"@type\":\"WebPage\",\"@id\":\"https:\/\/www.rijeka.hr\/it\/amministrazione-cittadina\/progetti-dellue\/progetti-in-corso\/ri4youth-grad-po-mjeri-mladih-una-citta-misura-di-giovani\/\",\"url\":\"https:\/\/www.rijeka.hr\/it\/amministrazione-cittadina\/progetti-dellue\/progetti-in-corso\/ri4youth-grad-po-mjeri-mladih-una-citta-misura-di-giovani\/\",\"name\":\"Ri4You(th) \u2013 Grad po mjeRI mladih (Una citt\u00e0 a misura di giovani) - Citt\u00e0 di Fiume\",\"isPartOf\":{\"@id\":\"https:\/\/www.rijeka.hr\/it\/#website\"},\"primaryImageOfPage\":{\"@id\":\"https:\/\/www.rijeka.hr\/it\/amministrazione-cittadina\/progetti-dellue\/progetti-in-corso\/ri4youth-grad-po-mjeri-mladih-una-citta-misura-di-giovani\/#primaryimage\"},\"image\":{\"@id\":\"https:\/\/www.rijeka.hr\/it\/amministrazione-cittadina\/progetti-dellue\/progetti-in-corso\/ri4youth-grad-po-mjeri-mladih-una-citta-misura-di-giovani\/#primaryimage\"},\"thumbnailUrl\":\"https:\/\/www.rijeka.hr\/it\/wp-content\/uploads\/sites\/3\/2023\/01\/Erasmus-600x171-1-600x171.jpg\",\"datePublished\":\"2023-01-03T09:28:35+00:00\",\"dateModified\":\"2025-01-10T13:42:54+00:00\",\"breadcrumb\":{\"@id\":\"https:\/\/www.rijeka.hr\/it\/amministrazione-cittadina\/progetti-dellue\/progetti-in-corso\/ri4youth-grad-po-mjeri-mladih-una-citta-misura-di-giovani\/#breadcrumb\"},\"inLanguage\":\"it-IT\",\"potentialAction\":[{\"@type\":\"ReadAction\",\"target\":[\"https:\/\/www.rijeka.hr\/it\/amministrazione-cittadina\/progetti-dellue\/progetti-in-corso\/ri4youth-grad-po-mjeri-mladih-una-citta-misura-di-giovani\/\"]}]},{\"@type\":\"ImageObject\",\"inLanguage\":\"it-IT\",\"@id\":\"https:\/\/www.rijeka.hr\/it\/amministrazione-cittadina\/progetti-dellue\/progetti-in-corso\/ri4youth-grad-po-mjeri-mladih-una-citta-misura-di-giovani\/#primaryimage\",\"url\":\"https:\/\/www.rijeka.hr\/it\/wp-content\/uploads\/sites\/3\/2023\/01\/Erasmus-600x171-1.jpg\",\"contentUrl\":\"https:\/\/www.rijeka.hr\/it\/wp-content\/uploads\/sites\/3\/2023\/01\/Erasmus-600x171-1.jpg\",\"width\":600,\"height\":171},{\"@type\":\"BreadcrumbList\",\"@id\":\"https:\/\/www.rijeka.hr\/it\/amministrazione-cittadina\/progetti-dellue\/progetti-in-corso\/ri4youth-grad-po-mjeri-mladih-una-citta-misura-di-giovani\/#breadcrumb\",\"itemListElement\":[{\"@type\":\"ListItem\",\"position\":1,\"name\":\"Po\u010detna stranica\",\"item\":\"https:\/\/www.rijeka.hr\/it\/\"},{\"@type\":\"ListItem\",\"position\":2,\"name\":\"Amministrazione cittadina\",\"item\":\"https:\/\/www.rijeka.hr\/it\/amministrazione-cittadina\/\"},{\"@type\":\"ListItem\",\"position\":3,\"name\":\"Progetti dell&#8217;UE\",\"item\":\"https:\/\/www.rijeka.hr\/it\/amministrazione-cittadina\/progetti-dellue\/\"},{\"@type\":\"ListItem\",\"position\":4,\"name\":\"Progetti in corso\",\"item\":\"https:\/\/www.rijeka.hr\/it\/amministrazione-cittadina\/progetti-dellue\/progetti-in-corso\/\"},{\"@type\":\"ListItem\",\"position\":5,\"name\":\"Ri4You(th) \u2013 Grad po mjeRI mladih (Una citt\u00e0 a misura di giovani)\"}]},{\"@type\":\"WebSite\",\"@id\":\"https:\/\/www.rijeka.hr\/it\/#website\",\"url\":\"https:\/\/www.rijeka.hr\/it\/\",\"name\":\"Citt\u00e0 di Fiume\",\"description\":\"Portale web della Citta&#039; di Fiume\",\"potentialAction\":[{\"@type\":\"SearchAction\",\"target\":{\"@type\":\"EntryPoint\",\"urlTemplate\":\"https:\/\/www.rijeka.hr\/it\/?s={search_term_string}\"},\"query-input\":{\"@type\":\"PropertyValueSpecification\",\"valueRequired\":true,\"valueName\":\"search_term_string\"}}],\"inLanguage\":\"it-IT\"}]}<\/script>\n<!-- \/ Yoast SEO plugin. -->","yoast_head_json":{"title":"Ri4You(th) \u2013 Grad po mjeRI mladih (Una citt\u00e0 a misura di giovani) - Citt\u00e0 di Fiume","robots":{"index":"index","follow":"follow","max-snippet":"max-snippet:-1","max-image-preview":"max-image-preview:large","max-video-preview":"max-video-preview:-1"},"canonical":"https:\/\/www.rijeka.hr\/it\/amministrazione-cittadina\/progetti-dellue\/progetti-in-corso\/ri4youth-grad-po-mjeri-mladih-una-citta-misura-di-giovani\/","og_locale":"it_IT","og_type":"article","og_title":"Ri4You(th) \u2013 Grad po mjeRI mladih (Una citt\u00e0 a misura di giovani) - Citt\u00e0 di Fiume","og_description":"Titolo del progetto Ri4You(th) \u2013 Grad po mjeRI mladih (Una citt\u00e0 a misura di giovani) Obiettivo del progetto Aumentare la partecipazione dei giovani alla vita della comunit\u00e0 locale rafforzando il dialogo tra i giovani e i decisori a livello della Citt\u00e0 di Fiume nell&#8217;attuazione del Programma per i giovani della Citt\u00e0 di Fiume 2023-2030. In...","og_url":"https:\/\/www.rijeka.hr\/it\/amministrazione-cittadina\/progetti-dellue\/progetti-in-corso\/ri4youth-grad-po-mjeri-mladih-una-citta-misura-di-giovani\/","og_site_name":"Citt\u00e0 di Fiume","article_modified_time":"2025-01-10T13:42:54+00:00","og_image":[{"url":"https:\/\/www.rijeka.hr\/it\/wp-content\/uploads\/sites\/3\/2023\/01\/Erasmus-600x171-1-600x171.jpg","type":"","width":"","height":""}],"twitter_card":"summary_large_image","twitter_misc":{"Est. reading time":"2 minutes"},"schema":{"@context":"https:\/\/schema.org","@graph":[{"@type":"WebPage","@id":"https:\/\/www.rijeka.hr\/it\/amministrazione-cittadina\/progetti-dellue\/progetti-in-corso\/ri4youth-grad-po-mjeri-mladih-una-citta-misura-di-giovani\/","url":"https:\/\/www.rijeka.hr\/it\/amministrazione-cittadina\/progetti-dellue\/progetti-in-corso\/ri4youth-grad-po-mjeri-mladih-una-citta-misura-di-giovani\/","name":"Ri4You(th) \u2013 Grad po mjeRI mladih (Una citt\u00e0 a misura di giovani) - Citt\u00e0 di Fiume","isPartOf":{"@id":"https:\/\/www.rijeka.hr\/it\/#website"},"primaryImageOfPage":{"@id":"https:\/\/www.rijeka.hr\/it\/amministrazione-cittadina\/progetti-dellue\/progetti-in-corso\/ri4youth-grad-po-mjeri-mladih-una-citta-misura-di-giovani\/#primaryimage"},"image":{"@id":"https:\/\/www.rijeka.hr\/it\/amministrazione-cittadina\/progetti-dellue\/progetti-in-corso\/ri4youth-grad-po-mjeri-mladih-una-citta-misura-di-giovani\/#primaryimage"},"thumbnailUrl":"https:\/\/www.rijeka.hr\/it\/wp-content\/uploads\/sites\/3\/2023\/01\/Erasmus-600x171-1-600x171.jpg","datePublished":"2023-01-03T09:28:35+00:00","dateModified":"2025-01-10T13:42:54+00:00","breadcrumb":{"@id":"https:\/\/www.rijeka.hr\/it\/amministrazione-cittadina\/progetti-dellue\/progetti-in-corso\/ri4youth-grad-po-mjeri-mladih-una-citta-misura-di-giovani\/#breadcrumb"},"inLanguage":"it-IT","potentialAction":[{"@type":"ReadAction","target":["https:\/\/www.rijeka.hr\/it\/amministrazione-cittadina\/progetti-dellue\/progetti-in-corso\/ri4youth-grad-po-mjeri-mladih-una-citta-misura-di-giovani\/"]}]},{"@type":"ImageObject","inLanguage":"it-IT","@id":"https:\/\/www.rijeka.hr\/it\/amministrazione-cittadina\/progetti-dellue\/progetti-in-corso\/ri4youth-grad-po-mjeri-mladih-una-citta-misura-di-giovani\/#primaryimage","url":"https:\/\/www.rijeka.hr\/it\/wp-content\/uploads\/sites\/3\/2023\/01\/Erasmus-600x171-1.jpg","contentUrl":"https:\/\/www.rijeka.hr\/it\/wp-content\/uploads\/sites\/3\/2023\/01\/Erasmus-600x171-1.jpg","width":600,"height":171},{"@type":"BreadcrumbList","@id":"https:\/\/www.rijeka.hr\/it\/amministrazione-cittadina\/progetti-dellue\/progetti-in-corso\/ri4youth-grad-po-mjeri-mladih-una-citta-misura-di-giovani\/#breadcrumb","itemListElement":[{"@type":"ListItem","position":1,"name":"Po\u010detna stranica","item":"https:\/\/www.rijeka.hr\/it\/"},{"@type":"ListItem","position":2,"name":"Amministrazione cittadina","item":"https:\/\/www.rijeka.hr\/it\/amministrazione-cittadina\/"},{"@type":"ListItem","position":3,"name":"Progetti dell&#8217;UE","item":"https:\/\/www.rijeka.hr\/it\/amministrazione-cittadina\/progetti-dellue\/"},{"@type":"ListItem","position":4,"name":"Progetti in corso","item":"https:\/\/www.rijeka.hr\/it\/amministrazione-cittadina\/progetti-dellue\/progetti-in-corso\/"},{"@type":"ListItem","position":5,"name":"Ri4You(th) \u2013 Grad po mjeRI mladih (Una citt\u00e0 a misura di giovani)"}]},{"@type":"WebSite","@id":"https:\/\/www.rijeka.hr\/it\/#website","url":"https:\/\/www.rijeka.hr\/it\/","name":"Citt\u00e0 di Fiume","description":"Portale web della Citta&#039; di Fiume","potentialAction":[{"@type":"SearchAction","target":{"@type":"EntryPoint","urlTemplate":"https:\/\/www.rijeka.hr\/it\/?s={search_term_string}"},"query-input":{"@type":"PropertyValueSpecification","valueRequired":true,"valueName":"search_term_string"}}],"inLanguage":"it-IT"}]}},"_links":{"self":[{"href":"https:\/\/www.rijeka.hr\/it\/wp-json\/wp\/v2\/pages\/17159","targetHints":{"allow":["GET"]}}],"collection":[{"href":"https:\/\/www.rijeka.hr\/it\/wp-json\/wp\/v2\/pages"}],"about":[{"href":"https:\/\/www.rijeka.hr\/it\/wp-json\/wp\/v2\/types\/page"}],"author":[{"embeddable":true,"href":"https:\/\/www.rijeka.hr\/it\/wp-json\/wp\/v2\/users\/8"}],"replies":[{"embeddable":true,"href":"https:\/\/www.rijeka.hr\/it\/wp-json\/wp\/v2\/comments?post=17159"}],"version-history":[{"count":3,"href":"https:\/\/www.rijeka.hr\/it\/wp-json\/wp\/v2\/pages\/17159\/revisions"}],"predecessor-version":[{"id":17164,"href":"https:\/\/www.rijeka.hr\/it\/wp-json\/wp\/v2\/pages\/17159\/revisions\/17164"}],"up":[{"embeddable":true,"href":"https:\/\/www.rijeka.hr\/it\/wp-json\/wp\/v2\/pages\/2059"}],"wp:attachment":[{"href":"https:\/\/www.rijeka.hr\/it\/wp-json\/wp\/v2\/media?parent=17159"}],"wp:term":[{"taxonomy":"post_tag","embeddable":true,"href":"https:\/\/www.rijeka.hr\/it\/wp-json\/wp\/v2\/tags?post=17159"}],"curies":[{"name":"wp","href":"https:\/\/api.w.org\/{rel}","templated":true}]}}