{"id":2037,"date":"2016-11-10T12:30:42","date_gmt":"2016-11-10T11:30:42","guid":{"rendered":"https:\/\/www.rijeka.hr\/it\/?page_id=2037"},"modified":"2025-04-01T12:59:31","modified_gmt":"2025-04-01T10:59:31","slug":"communita-religiose","status":"publish","type":"page","link":"https:\/\/www.rijeka.hr\/it\/amministrazione-cittadina\/minoranze-nazionali-comunita-religiose\/communita-religiose\/","title":{"rendered":"Comunit\u00e0 religiose"},"content":{"rendered":"<p>Nell\u2019ambito delle attivit\u00e0 dell\u2019Dipartimento amministrativo per le attivit\u00e0 del sindaco, del Consiglio cittadino e dell\u2019autogoverno locale, diverse attivit\u00e0 e iniziative delle comunit\u00e0 religiose che operano sul territorio cittadino vengono seguite e finanziate, conformemente alle singole proposte delle stesse comunit\u00e0 religiose, particolarmente quelle che riguardano lo sviluppo dell\u2019ecumenismo e il rafforzamento del dialogo interreligioso e la tolleranza religiosa come pure quelle incentrate sull\u2019attivit\u00e0 caritativa delle comunit\u00e0 religiose.<\/p>\n<h2>Le comunit\u00e0 religiose sul territorio della Citt\u00e0 di Fiume<\/h2>\n<ul>\n<li style=\"margin-bottom: 25px;\"><strong>Chiesa Battista Fiume<\/strong><br \/>\npastore Giorgio Grlj<br \/>\nFiume, Slavko Krautzek n. 76,<br \/>\nE-mail:\u00a0<a href=\"m&#97;&#105;&#x6c;&#x74;o&#58;&#98;&#x63;&#x72;&#x69;j&#101;&#107;&#x61;&#x40;ba&#112;&#x74;&#x69;&#x73;t&#46;&#104;&#x72;\">b&#99;&#114;&#105;&#x6a;&#x65;&#x6b;a&#64;&#98;&#97;&#x70;&#x74;&#x69;&#x73;t&#46;&#104;&#114;<\/a><br \/>\nTel: <a href=\"tel:\/\/+385 51 218 807\">218 807<\/a><\/li>\n<li style=\"margin-bottom: 25px;\"><strong>Chiesa Evangelica Pentecostale di Re Cristo<\/strong><br \/>\npastore Milan \u0160poljari\u0107<br \/>\nFiume, Zametska n. 40,<br \/>\nE-mail:<a href=\"m&#97;&#x69;&#x6c;t&#111;&#x3a;&#x65;p&#99;&#45;&#x72;&#x69;j&#101;&#x6b;&#x61;&#64;&#105;&#x6e;&#x65;t&#46;&#104;&#x72;\">\u00a0e&#x70;&#x63;&#45;r&#x69;&#106;e&#x6b;&#x61;&#64;i&#x6e;&#101;t&#x2e;&#x68;&#114;<\/a><br \/>\nTel: <a href=\"tel:\/\/+385 51 642 239\">642 239<\/a><\/li>\n<li style=\"margin-bottom: 25px;\"><strong>Chiesa Evangelica \u2013 Comune di chiesa Fiume<\/strong><br \/>\n\u0111akonisa Melanie Ivan\u010devi\u0107<br \/>\nFiume, Ivan De\u017eman n. 3,<br \/>\nE-mail:\u00a0<a style=\"color: #333333; transition-property: all; border-bottom-color: #dddddd; outline: 0px;\" href=\"&#x6d;&#97;i&#x6c;&#116;&#111;&#x3a;&#x69;&#118;a&#x6e;&#99;e&#x76;&#x69;&#99;&#46;&#x6d;&#101;l&#x61;&#x6e;&#105;e&#x40;&#103;m&#x61;&#x69;&#108;&#46;&#x63;&#111;m\">&#x69;&#118;&#x61;&#x6e;&#99;&#x65;&#118;i&#x63;&#46;m&#x65;&#108;a&#x6e;&#105;e&#x40;&#103;&#x6d;&#x61;&#105;&#x6c;&#x2e;&#99;&#x6f;&#109;<\/a><br \/>\nTel: <a href=\"tel:\/\/+385 51 331 030\">331 030<\/a><\/li>\n<li style=\"margin-bottom: 25px;\"><strong>Comunit\u00e0 islamica\u00a0di Fiume<\/strong><br \/>\nImam fiumano Hidajet el Hasanovi\u0107<br \/>\nFiume, Ante Mandi\u0107a n 50<br \/>\nE-mail:\u00a0<a href=\"&#x6d;&#97;&#x69;&#x6c;t&#x6f;&#58;m&#x69;&#122;r&#x69;&#106;&#x65;&#x6b;a&#x31;&#64;g&#x6d;&#97;i&#x6c;&#46;&#x63;&#x6f;&#109;\">&#x6d;&#x69;&#122;r&#x69;&#x6a;&#101;&#107;a&#x31;&#x40;&#103;&#109;a&#x69;&#x6c;&#46;co&#x6d;<\/a><br \/>\nTel: <a href=\"tel:\/\/+385 51 212 833\">212 833<\/a><\/li>\n<li style=\"margin-bottom: 25px;\"><strong>Vecchia chiesa cattolica &#8211;\u00a0 Parrocchia di San Cirillo e Metodio Fiume<\/strong><br \/>\npadre Vedran Obu\u0107ina<br \/>\nRijeka, Pilepici 2<br \/>\ntel: <a href=\"tel:+385958949735\">095 8949735<\/a><br \/>\ne-mail:<a href=\"&#109;a&#105;l&#116;o&#x3a;t&#x61;j&#x6e;i&#x6b;&#46;&#x6f;r&#x64;i&#x6e;a&#x72;i&#x6a;a&#x74;&#64;&#x67;&#109;&#x61;&#105;&#x6c;&#46;&#x63;&#111;&#x6d;\"> &#x74;&#97;j&#x6e;&#105;&#107;&#x2e;&#x6f;&#114;d&#x69;&#110;a&#x72;&#x69;&#106;a&#x74;&#64;g&#x6d;&#x61;&#105;l&#x2e;&#99;o&#x6d;<\/a><br \/>\nweb: <a href=\"http:\/\/www.oksc.hr\">www.oksc.hr<\/a><\/li>\n<li style=\"margin-bottom: 25px;\"><strong>Chiesa di Cristo<\/strong><br \/>\nRanko Rebi\u0107<br \/>\nFiume, dr Fran Kresnik n. 31,<br \/>\nE-mail:\u00a0<a href=\"&#x6d;&#x61;&#105;lt&#x6f;&#x3a;&#107;&#114;i&#x73;&#x74;&#111;&#118;a&#x2e;&#x63;&#x72;&#107;va&#x2e;&#x72;&#105;&#106;e&#x6b;&#x61;&#64;&#103;m&#x61;&#x69;&#108;&#46;c&#x6f;&#x6d;\">&#107;&#114;&#x69;s&#116;&#x6f;&#x76;a&#46;&#x63;&#x72;k&#118;&#x61;&#46;&#114;&#x69;&#x6a;e&#107;&#x61;&#x40;g&#109;&#x61;i&#108;&#x2e;&#x63;o&#109;<\/a><br \/>\nTel: <a href=\"tel:\/\/+385 51 672 127\">672 127<\/a><\/li>\n<li style=\"margin-bottom: 25px;\"><strong>Chiesa Cristiana Avventista<\/strong><br \/>\npastore Joao Macedo<br \/>\nFiume, LJ. Gaj n. 5,<br \/>\nE-mail:\u00a0<a href=\"&#x6d;&#97;&#105;l&#x74;&#x6f;&#58;j&#x6f;&#x61;&#111;&#46;m&#x61;&#99;&#101;d&#x6f;&#x40;&#97;d&#x76;&#x65;&#110;&#116;i&#x73;&#x74;&#105;&#46;&#x68;&#x72;\">jo&#97;&#111;&#46;&#x6d;&#x61;&#x63;&#x65;do&#64;&#97;&#100;&#x76;&#x65;&#x6e;&#x74;is&#116;&#105;&#46;&#x68;&#x72;<\/a><br \/>\nTel: <a href=\"tel:\/\/+385 51 452 188\">452 188<\/a><\/li>\n<li style=\"margin-bottom: 25px;\"><strong>Comune della Chiesa ortodossa macedone &#8220;San Costantino Imperatore e l\u2019imperatrice Elena&#8221;<br \/>\n<\/strong>Parroco, padre Dejan Belchovski<br \/>\nFiume, Mata\u010di\u0107 n. 5<br \/>\nTel: <a href=\"tel:\/\/+385 91 669 0538\">091 669 0538<\/a><br \/>\nLe liturgie si svolgono nella chiesa di San Fabiano e San Sebastiano a Fiume<br \/>\nFiume, Marka Maruli\u0107a n. 14,<\/li>\n<li style=\"margin-bottom: 25px;\"><strong>Consiglio spiritual locale Baha\u2019ija di Fiume<\/strong><br \/>\nShirin Fatahani<br \/>\nKumi\u010di\u0107eva 41A<br \/>\nE-mail:\u00a0<a href=\"&#109;a&#x69;l&#x74;&#111;&#x3a;&#114;&#x69;&#106;e&#x6b;a&#x40;&#98;&#x61;&#104;&#x61;&#105;&#x2e;&#104;r\">r&#105;&#x6a;&#x65;k&#97;&#64;&#x62;&#x61;h&#97;&#105;&#x2e;&#x68;r<\/a><br \/>\nTel:\u00a0<a href=\"tel:\/\/+385 91 515 4404\">091 515 4404,\u00a0<\/a><a href=\"tel:\/\/+385 92 500 51 99\">092 500 51 99<\/a><\/li>\n<li style=\"margin-bottom: 25px;\"><strong>Arcidiocesi di Fiume<\/strong><br \/>\narcivescovo e metropolita, Msgr. Mate Uzini\u0107<br \/>\nFiume, Ivana Pavla II n.1<br \/>\n(la sede dalla provincia ecclesiastica e dell\u2019arcidiocesi),<br \/>\nE-mail:\u00a0<a href=\"&#x6d;a&#x69;&#108;&#x74;&#111;:&#x6e;&#97;&#x64;&#98;i&#x73;&#107;&#x75;&#112;o&#x76;&#46;&#x75;&#114;&#x65;&#x64;&#64;&#x72;&#105;&#x2d;&#110;a&#x64;&#98;&#x69;&#115;k&#x75;p&#x69;&#106;a&#x2e;h&#x72;\">&#x6e;a&#x64;&#98;&#x69;&#x73;k&#x75;&#112;&#x6f;&#x76;&#46;&#x75;&#114;&#x65;&#x64;&#64;&#x72;&#105;&#x2d;&#x6e;a&#x64;&#98;&#x69;&#x73;k&#x75;&#112;&#x69;&#x6a;a&#x2e;&#104;&#x72;<\/a><br \/>\nTel <a href=\"tel:\/\/+385 51 337 999\">337 999<\/a><br \/>\n<a href=\"https:\/\/www.ri-nadbiskupija.hr\/\">https:\/\/www.ri-nadbiskupija.hr\/<\/a><\/li>\n<li style=\"margin-bottom: 25px;\"><strong>Comune della Chiesa ortodossa serba<\/strong><br \/>\nparroco di Fiume, fra Mi\u0107o Kosti\u0107<br \/>\nFiume, Ivan Zajc 24\/1,<br \/>\nE-mail:\u00a0<a href=\"&#x6d;a&#x69;&#108;&#x74;&#111;:&#x73;&#112;&#x63;&#111;-&#x6e;&#97;&#x2d;&#114;i&#x6a;e&#x63;&#105;&#x40;&#x72;i&#x2e;&#104;&#x74;&#110;e&#x74;&#46;&#x68;&#114;\">spco-na-&#114;&#105;&#106;&#101;&#99;&#105;&#64;&#114;&#105;&#46;&#x68;&#x74;&#x6e;&#x65;&#x74;&#x2e;&#x68;&#x72;<\/a><br \/>\nTel:\u00a0<a href=\"tel:\/\/+385 51 335 399\">335 399<\/a><\/li>\n<li style=\"margin-bottom: 25px;\"><strong>Comune ebraico di Fiume<\/strong><br \/>\nFiume, Ivan Filipovi\u0107 n. 9,<br \/>\nE-mail:\u00a0<a href=\"mail&#116;&#111;&#58;&#122;&#105;&#x64;&#x6f;&#x76;&#x73;&#x6b;&#x61;&#x6f;pcin&#97;&#46;&#114;&#105;&#106;&#x65;&#x6b;&#x61;&#x40;&#x67;&#x6d;&#x61;&#x69;l&#46;co&#109;\">&#x7a;&#105;&#x64;&#x6f;&#118;&#x73;&#107;a&#x6f;&#112;c&#x69;&#110;a&#x2e;&#114;i&#x6a;&#101;&#x6b;&#x61;&#64;&#x67;&#x6d;&#97;&#x69;&#108;&#46;&#x63;&#111;m<\/a><br \/>\nTel\u00a0<a href=\"tel:+385916025139\">091 6025139<\/a><\/li>\n<\/ul>\n","protected":false},"excerpt":{"rendered":"<p>Nell\u2019ambito delle attivit\u00e0 dell\u2019Dipartimento amministrativo per le attivit\u00e0 del sindaco, del Consiglio cittadino e dell\u2019autogoverno locale, diverse attivit\u00e0 e iniziative delle comunit\u00e0 religiose che operano sul territorio cittadino vengono seguite e finanziate, conformemente alle singole proposte delle stesse comunit\u00e0 religiose, particolarmente quelle che riguardano lo sviluppo dell\u2019ecumenismo e il rafforzamento del dialogo interreligioso e la&#8230;<\/p>\n","protected":false},"author":13,"featured_media":0,"parent":2035,"menu_order":0,"comment_status":"closed","ping_status":"closed","template":"","meta":{"_acf_changed":false,"_trash_the_other_posts":false,"footnotes":"","_links_to":"","_links_to_target":""},"tags":[],"class_list":["post-2037","page","type-page","status-publish","hentry"],"acf":[],"yoast_head":"<!-- This site is optimized with the Yoast SEO plugin v24.4 - https:\/\/yoast.com\/wordpress\/plugins\/seo\/ -->\n<title>Comunit\u00e0 religiose - Citt\u00e0 di Fiume<\/title>\n<meta name=\"robots\" content=\"index, follow, max-snippet:-1, max-image-preview:large, max-video-preview:-1\" \/>\n<link rel=\"canonical\" href=\"https:\/\/www.rijeka.hr\/it\/amministrazione-cittadina\/minoranze-nazionali-comunita-religiose\/communita-religiose\/\" \/>\n<meta property=\"og:locale\" content=\"it_IT\" \/>\n<meta property=\"og:type\" content=\"article\" \/>\n<meta property=\"og:title\" content=\"Comunit\u00e0 religiose - Citt\u00e0 di Fiume\" \/>\n<meta property=\"og:description\" content=\"Nell\u2019ambito delle attivit\u00e0 dell\u2019Dipartimento amministrativo per le attivit\u00e0 del sindaco, del Consiglio cittadino e dell\u2019autogoverno locale, diverse attivit\u00e0 e iniziative delle comunit\u00e0 religiose che operano sul territorio cittadino vengono seguite e finanziate, conformemente alle singole proposte delle stesse comunit\u00e0 religiose, particolarmente quelle che riguardano lo sviluppo dell\u2019ecumenismo e il rafforzamento del dialogo interreligioso e la...\" \/>\n<meta property=\"og:url\" content=\"https:\/\/www.rijeka.hr\/it\/amministrazione-cittadina\/minoranze-nazionali-comunita-religiose\/communita-religiose\/\" \/>\n<meta property=\"og:site_name\" content=\"Citt\u00e0 di Fiume\" \/>\n<meta property=\"article:modified_time\" content=\"2025-04-01T10:59:31+00:00\" \/>\n<meta name=\"twitter:card\" content=\"summary_large_image\" \/>\n<meta name=\"twitter:label1\" content=\"Est. reading time\" \/>\n\t<meta name=\"twitter:data1\" content=\"2 minutes\" \/>\n<script type=\"application\/ld+json\" class=\"yoast-schema-graph\">{\"@context\":\"https:\/\/schema.org\",\"@graph\":[{\"@type\":\"WebPage\",\"@id\":\"https:\/\/www.rijeka.hr\/it\/amministrazione-cittadina\/minoranze-nazionali-comunita-religiose\/communita-religiose\/\",\"url\":\"https:\/\/www.rijeka.hr\/it\/amministrazione-cittadina\/minoranze-nazionali-comunita-religiose\/communita-religiose\/\",\"name\":\"Comunit\u00e0 religiose - Citt\u00e0 di Fiume\",\"isPartOf\":{\"@id\":\"https:\/\/www.rijeka.hr\/it\/#website\"},\"datePublished\":\"2016-11-10T11:30:42+00:00\",\"dateModified\":\"2025-04-01T10:59:31+00:00\",\"breadcrumb\":{\"@id\":\"https:\/\/www.rijeka.hr\/it\/amministrazione-cittadina\/minoranze-nazionali-comunita-religiose\/communita-religiose\/#breadcrumb\"},\"inLanguage\":\"it-IT\",\"potentialAction\":[{\"@type\":\"ReadAction\",\"target\":[\"https:\/\/www.rijeka.hr\/it\/amministrazione-cittadina\/minoranze-nazionali-comunita-religiose\/communita-religiose\/\"]}]},{\"@type\":\"BreadcrumbList\",\"@id\":\"https:\/\/www.rijeka.hr\/it\/amministrazione-cittadina\/minoranze-nazionali-comunita-religiose\/communita-religiose\/#breadcrumb\",\"itemListElement\":[{\"@type\":\"ListItem\",\"position\":1,\"name\":\"Po\u010detna stranica\",\"item\":\"https:\/\/www.rijeka.hr\/it\/\"},{\"@type\":\"ListItem\",\"position\":2,\"name\":\"Amministrazione cittadina\",\"item\":\"https:\/\/www.rijeka.hr\/it\/amministrazione-cittadina\/\"},{\"@type\":\"ListItem\",\"position\":3,\"name\":\"Minoranze nazionali e comunit\u00e0 religiose\",\"item\":\"https:\/\/www.rijeka.hr\/it\/amministrazione-cittadina\/minoranze-nazionali-comunita-religiose\/\"},{\"@type\":\"ListItem\",\"position\":4,\"name\":\"Comunit\u00e0 religiose\"}]},{\"@type\":\"WebSite\",\"@id\":\"https:\/\/www.rijeka.hr\/it\/#website\",\"url\":\"https:\/\/www.rijeka.hr\/it\/\",\"name\":\"Citt\u00e0 di Fiume\",\"description\":\"Portale web della Citta&#039; di Fiume\",\"potentialAction\":[{\"@type\":\"SearchAction\",\"target\":{\"@type\":\"EntryPoint\",\"urlTemplate\":\"https:\/\/www.rijeka.hr\/it\/?s={search_term_string}\"},\"query-input\":{\"@type\":\"PropertyValueSpecification\",\"valueRequired\":true,\"valueName\":\"search_term_string\"}}],\"inLanguage\":\"it-IT\"}]}<\/script>\n<!-- \/ Yoast SEO plugin. -->","yoast_head_json":{"title":"Comunit\u00e0 religiose - Citt\u00e0 di Fiume","robots":{"index":"index","follow":"follow","max-snippet":"max-snippet:-1","max-image-preview":"max-image-preview:large","max-video-preview":"max-video-preview:-1"},"canonical":"https:\/\/www.rijeka.hr\/it\/amministrazione-cittadina\/minoranze-nazionali-comunita-religiose\/communita-religiose\/","og_locale":"it_IT","og_type":"article","og_title":"Comunit\u00e0 religiose - Citt\u00e0 di Fiume","og_description":"Nell\u2019ambito delle attivit\u00e0 dell\u2019Dipartimento amministrativo per le attivit\u00e0 del sindaco, del Consiglio cittadino e dell\u2019autogoverno locale, diverse attivit\u00e0 e iniziative delle comunit\u00e0 religiose che operano sul territorio cittadino vengono seguite e finanziate, conformemente alle singole proposte delle stesse comunit\u00e0 religiose, particolarmente quelle che riguardano lo sviluppo dell\u2019ecumenismo e il rafforzamento del dialogo interreligioso e la...","og_url":"https:\/\/www.rijeka.hr\/it\/amministrazione-cittadina\/minoranze-nazionali-comunita-religiose\/communita-religiose\/","og_site_name":"Citt\u00e0 di Fiume","article_modified_time":"2025-04-01T10:59:31+00:00","twitter_card":"summary_large_image","twitter_misc":{"Est. reading time":"2 minutes"},"schema":{"@context":"https:\/\/schema.org","@graph":[{"@type":"WebPage","@id":"https:\/\/www.rijeka.hr\/it\/amministrazione-cittadina\/minoranze-nazionali-comunita-religiose\/communita-religiose\/","url":"https:\/\/www.rijeka.hr\/it\/amministrazione-cittadina\/minoranze-nazionali-comunita-religiose\/communita-religiose\/","name":"Comunit\u00e0 religiose - Citt\u00e0 di Fiume","isPartOf":{"@id":"https:\/\/www.rijeka.hr\/it\/#website"},"datePublished":"2016-11-10T11:30:42+00:00","dateModified":"2025-04-01T10:59:31+00:00","breadcrumb":{"@id":"https:\/\/www.rijeka.hr\/it\/amministrazione-cittadina\/minoranze-nazionali-comunita-religiose\/communita-religiose\/#breadcrumb"},"inLanguage":"it-IT","potentialAction":[{"@type":"ReadAction","target":["https:\/\/www.rijeka.hr\/it\/amministrazione-cittadina\/minoranze-nazionali-comunita-religiose\/communita-religiose\/"]}]},{"@type":"BreadcrumbList","@id":"https:\/\/www.rijeka.hr\/it\/amministrazione-cittadina\/minoranze-nazionali-comunita-religiose\/communita-religiose\/#breadcrumb","itemListElement":[{"@type":"ListItem","position":1,"name":"Po\u010detna stranica","item":"https:\/\/www.rijeka.hr\/it\/"},{"@type":"ListItem","position":2,"name":"Amministrazione cittadina","item":"https:\/\/www.rijeka.hr\/it\/amministrazione-cittadina\/"},{"@type":"ListItem","position":3,"name":"Minoranze nazionali e comunit\u00e0 religiose","item":"https:\/\/www.rijeka.hr\/it\/amministrazione-cittadina\/minoranze-nazionali-comunita-religiose\/"},{"@type":"ListItem","position":4,"name":"Comunit\u00e0 religiose"}]},{"@type":"WebSite","@id":"https:\/\/www.rijeka.hr\/it\/#website","url":"https:\/\/www.rijeka.hr\/it\/","name":"Citt\u00e0 di Fiume","description":"Portale web della Citta&#039; di Fiume","potentialAction":[{"@type":"SearchAction","target":{"@type":"EntryPoint","urlTemplate":"https:\/\/www.rijeka.hr\/it\/?s={search_term_string}"},"query-input":{"@type":"PropertyValueSpecification","valueRequired":true,"valueName":"search_term_string"}}],"inLanguage":"it-IT"}]}},"_links":{"self":[{"href":"https:\/\/www.rijeka.hr\/it\/wp-json\/wp\/v2\/pages\/2037","targetHints":{"allow":["GET"]}}],"collection":[{"href":"https:\/\/www.rijeka.hr\/it\/wp-json\/wp\/v2\/pages"}],"about":[{"href":"https:\/\/www.rijeka.hr\/it\/wp-json\/wp\/v2\/types\/page"}],"author":[{"embeddable":true,"href":"https:\/\/www.rijeka.hr\/it\/wp-json\/wp\/v2\/users\/13"}],"replies":[{"embeddable":true,"href":"https:\/\/www.rijeka.hr\/it\/wp-json\/wp\/v2\/comments?post=2037"}],"version-history":[{"count":4,"href":"https:\/\/www.rijeka.hr\/it\/wp-json\/wp\/v2\/pages\/2037\/revisions"}],"predecessor-version":[{"id":19513,"href":"https:\/\/www.rijeka.hr\/it\/wp-json\/wp\/v2\/pages\/2037\/revisions\/19513"}],"up":[{"embeddable":true,"href":"https:\/\/www.rijeka.hr\/it\/wp-json\/wp\/v2\/pages\/2035"}],"wp:attachment":[{"href":"https:\/\/www.rijeka.hr\/it\/wp-json\/wp\/v2\/media?parent=2037"}],"wp:term":[{"taxonomy":"post_tag","embeddable":true,"href":"https:\/\/www.rijeka.hr\/it\/wp-json\/wp\/v2\/tags?post=2037"}],"curies":[{"name":"wp","href":"https:\/\/api.w.org\/{rel}","templated":true}]}}