{"id":2309,"date":"2016-11-16T15:44:08","date_gmt":"2016-11-16T14:44:08","guid":{"rendered":"https:\/\/www.rijeka.hr\/it\/?page_id=2309"},"modified":"2022-06-09T15:30:42","modified_gmt":"2022-06-09T13:30:42","slug":"conferenze-stampa","status":"publish","type":"page","link":"https:\/\/www.rijeka.hr\/it\/amministrazione-cittadina\/sindaco\/conferenze-stampa\/","title":{"rendered":"Conferenze stampa"},"content":{"rendered":"\n    \n    \n\n    \n    \n\n        <div class=\"component component-archive\">   \n        <div class=\"component-content\">\n                            \n<article class=\"type-post\">\n\t\t<small class=\"meta date\">mercoled\u00ec, 29 aprile 2026<\/small>\n\t<h3><a href=\"https:\/\/www.rijeka.hr\/it\/rincic-facciamo-ordine-nei-progetti-e-nel-sistema-laccento-e-sulla-qualita-della-vita-dei-cittadini\/\">Rin\u010di\u0107: Facciamo ordine nei progetti e nel sistema, l\u2019accento \u00e8 sulla qualit\u00e0 della vita dei cittadini<\/a><\/h3>\n\t<div class=\"summary\">\n\t\t<p>Nel corso della conferenza stampa ordinaria la sindaca Iva Rin\u010di\u0107 ha rilevato che la Citt\u00e0 di Fiume cambia approccio per quanto attiene alla gestione dei progetti e pone l\u2019accento sulla responsabilit\u00e0, sulla pianificazione fattiva e sulla tutela degli interessi dei cittadini, in particolare per quanto attiene allo svolgimento dei lavori a Pehlin. Ha presentato anche le nuove misure con le quali si intende mettere ordine nel settore della cartellonistica promozionale e garantire una ripartizione pi\u00f9 equa dell\u2019uso degli impianti sportivi e ha invitato i cittadini a celebrare la Festa internazionale del lavoro e la Giornata della liberazione di Fiume dal fascismo.<\/p>\n\t\t<p class=\"more\"><a href=\"https:\/\/www.rijeka.hr\/it\/rincic-facciamo-ordine-nei-progetti-e-nel-sistema-laccento-e-sulla-qualita-della-vita-dei-cittadini\/\" class=\"button\">Continua a leggere<\/a><\/p>\n\t<\/div>\n<\/article>                            \n<article class=\"type-post\">\n\t\t<small class=\"meta date\">mercoled\u00ec, 22 aprile 2026<\/small>\n\t<h3><a href=\"https:\/\/www.rijeka.hr\/it\/presentato-il-progetto-ideale-per-la-costruzione-della-nuova-scuola-fran-frankovic-si-creano-le-condizioni-per-unistruzione-di-qualita-e-al-passo-con-i-tempi\/\">Presentato il progetto ideale per la costruzione della nuova scuola Fran Frankovi\u0107. Si creano le condizioni per un\u2019istruzione di qualit\u00e0 e al passo con i tempi<\/a><\/h3>\n\t<div class=\"summary\">\n\t\t<p>\u201cL\u2019obiettivo \u00e8 predisporre il progetto principale di costruzione del nuovo edificio della SE Fran Frankovi\u0107 in modo tale da poterlo candidare ai bandi per l\u2019ottenimento dei fondi disponibili, in primo luogo quelli previsti nel Piano nazionale di ripresa e resilienza. La soluzione scelta \u00e8 un passo importante verso la creazione delle condizioni necessarie per lo svolgimento dell\u2019insegnamento in un turno unico, ma anche verso l\u2019innalzamento della qualit\u00e0 complessiva dell\u2019istruzione a Fiume \u2013 questo \u00e8 un investimento nel futuro dei nostri bambini e della nostra citt\u00e0\u201d, ha detto la sindaca di Fiume Iva Rin\u010di\u0107 nel corso della conferenza stampa ordinaria.<\/p>\n\t\t<p class=\"more\"><a href=\"https:\/\/www.rijeka.hr\/it\/presentato-il-progetto-ideale-per-la-costruzione-della-nuova-scuola-fran-frankovic-si-creano-le-condizioni-per-unistruzione-di-qualita-e-al-passo-con-i-tempi\/\" class=\"button\">Continua a leggere<\/a><\/p>\n\t<\/div>\n<\/article>                            \n<article class=\"type-post\">\n\t\t<small class=\"meta date\">marted\u00ec, 30 dicembre 2025<\/small>\n\t<h3><a href=\"https:\/\/www.rijeka.hr\/it\/rincic-fiume-entra-con-coraggio-nel-2026\/\">Rin\u010di\u0107: Fiume entra con coraggio nel 2026<\/a><\/h3>\n\t<div class=\"summary\">\n\t\t<p>Fiume entra con coraggio nel 2026. Il 2025 \u00e8 stato l\u2019anno della stabilizzazione del sistema e dell\u2019approvazione di decisioni difficili, ha evidenziato la sindaca Iva Rin\u010di\u0107 nel corso della conferenza stampa di fine anno. Nel corso dell\u2019incontro con i media ha fatto il punto sui primi sette mesi del suo mandato e sulle principali decisioni approvate quest\u2019anno, invitando i cittadini a festeggiare insieme l\u2019Anno Nuovo in Corso.<\/p>\n\t\t<p class=\"more\"><a href=\"https:\/\/www.rijeka.hr\/it\/rincic-fiume-entra-con-coraggio-nel-2026\/\" class=\"button\">Continua a leggere<\/a><\/p>\n\t<\/div>\n<\/article>                            \n<article class=\"type-post\">\n\t\t<small class=\"meta date\">marted\u00ec, 23 dicembre 2025<\/small>\n\t<h3><a href=\"https:\/\/www.rijeka.hr\/it\/progetto-di-costruzione-del-centro-sanitario-rujevica-est-assenso-alla-sottoscrizione-dellaccordo-con-la-rlm\/\">Progetto di costruzione del Centro sanitario Rujevica \u2013 Est. Assenso alla sottoscrizione dell\u2019Accordo con la RLM<\/a><\/h3>\n\t<div class=\"summary\">\n\t\t<p>Nel corso del 25\u00ba Collegio operativo la sindaca di Fiume Iva Rin\u010di\u0107 ha dato l\u2019assenso alla sottoscrizione dell\u2019Accordo sulla definizione dei rapporti reciproci nell\u2019ambito del progetto di costruzione del Centro sanitario Rujevica \u2013 Est con la RLM. Si tratta di un progetto che innalzer\u00e0 ulteriormente il livello di tutela sanitaria e dell\u2019infrastruttura cittadina e regionale.<\/p>\n\t\t<p class=\"more\"><a href=\"https:\/\/www.rijeka.hr\/it\/progetto-di-costruzione-del-centro-sanitario-rujevica-est-assenso-alla-sottoscrizione-dellaccordo-con-la-rlm\/\" class=\"button\">Continua a leggere<\/a><\/p>\n\t<\/div>\n<\/article>                            \n<article class=\"type-post\">\n\t\t<small class=\"meta date\">marted\u00ec, 16 dicembre 2025<\/small>\n\t<h3><a href=\"https:\/\/www.rijeka.hr\/it\/la-sindaca-rincic-95-candidati-a-direttore-delle-societa-municipali-conferma-la-fiducia-nel-messaggio-di-svolta\/\">La sindaca Rin\u010di\u0107: 95 candidati a direttore delle societ\u00e0 municipali conferma la fiducia nel messaggio di svolta<\/a><\/h3>\n\t<div class=\"summary\">\n\t\t<p>\u201cPosso affermare che l\u2019adesione dei candidati ci lascia pi\u00f9 che soddisfatti. L\u2019elevato interesse dimostra in modo evidente che le nuove modalit\u00e0 operative poggianti sui principi di apertura, professionalit\u00e0 e responsabilit\u00e0 sono apprezzate\u201d, ha evidenziato la sindaca Iva Rin\u010di\u0107 durante la conferenza stampa presentando gli esiti dei concorsi pubblici per i direttori delle societ\u00e0 municipalizzate e commerciali della Citt\u00e0 di Fiume.<\/p>\n\t\t<p class=\"more\"><a href=\"https:\/\/www.rijeka.hr\/it\/la-sindaca-rincic-95-candidati-a-direttore-delle-societa-municipali-conferma-la-fiducia-nel-messaggio-di-svolta\/\" class=\"button\">Continua a leggere<\/a><\/p>\n\t<\/div>\n<\/article>                    <\/div>\n        <div class=\"component component-pagination\"><ul class='page-numbers'>\n\t<li><span aria-current=\"page\" class=\"page-numbers current\">1<\/span><\/li>\n\t<li><a class=\"page-numbers\" href=\"https:\/\/www.rijeka.hr\/it\/wp-json\/wp\/v2\/pages\/2309\/page\/2\/\">2<\/a><\/li>\n\t<li><a class=\"page-numbers\" href=\"https:\/\/www.rijeka.hr\/it\/wp-json\/wp\/v2\/pages\/2309\/page\/3\/\">3<\/a><\/li>\n\t<li><span class=\"page-numbers dots\">&hellip;<\/span><\/li>\n\t<li><a class=\"page-numbers\" href=\"https:\/\/www.rijeka.hr\/it\/wp-json\/wp\/v2\/pages\/2309\/page\/5\/\">5<\/a><\/li>\n\t<li><a class=\"next page-numbers\" href=\"https:\/\/www.rijeka.hr\/it\/wp-json\/wp\/v2\/pages\/2309\/page\/2\/\">&gt;<\/a><\/li>\n<\/ul>\n<\/div>    <\/div>\n    \n    \n\n    \n    \n","protected":false},"excerpt":{"rendered":"","protected":false},"author":2,"featured_media":0,"parent":1733,"menu_order":0,"comment_status":"closed","ping_status":"closed","template":"","meta":{"_acf_changed":false,"_trash_the_other_posts":false,"footnotes":"","_links_to":"","_links_to_target":""},"tags":[],"class_list":["post-2309","page","type-page","status-publish","hentry"],"acf":[],"yoast_head":"<!-- This site is optimized with the Yoast SEO plugin v24.4 - https:\/\/yoast.com\/wordpress\/plugins\/seo\/ -->\n<title>Conferenze stampa - Citt\u00e0 di Fiume<\/title>\n<meta name=\"robots\" content=\"index, follow, max-snippet:-1, max-image-preview:large, max-video-preview:-1\" \/>\n<link rel=\"canonical\" href=\"https:\/\/www.rijeka.hr\/it\/amministrazione-cittadina\/sindaco\/conferenze-stampa\/\" \/>\n<meta property=\"og:locale\" content=\"it_IT\" \/>\n<meta property=\"og:type\" content=\"article\" \/>\n<meta property=\"og:title\" content=\"Conferenze stampa - Citt\u00e0 di Fiume\" \/>\n<meta property=\"og:url\" content=\"https:\/\/www.rijeka.hr\/it\/amministrazione-cittadina\/sindaco\/conferenze-stampa\/\" \/>\n<meta property=\"og:site_name\" content=\"Citt\u00e0 di Fiume\" \/>\n<meta property=\"article:modified_time\" content=\"2022-06-09T13:30:42+00:00\" \/>\n<meta name=\"twitter:card\" content=\"summary_large_image\" \/>\n<script type=\"application\/ld+json\" class=\"yoast-schema-graph\">{\"@context\":\"https:\/\/schema.org\",\"@graph\":[{\"@type\":\"WebPage\",\"@id\":\"https:\/\/www.rijeka.hr\/it\/amministrazione-cittadina\/sindaco\/conferenze-stampa\/\",\"url\":\"https:\/\/www.rijeka.hr\/it\/amministrazione-cittadina\/sindaco\/conferenze-stampa\/\",\"name\":\"Conferenze stampa - Citt\u00e0 di Fiume\",\"isPartOf\":{\"@id\":\"https:\/\/www.rijeka.hr\/it\/#website\"},\"datePublished\":\"2016-11-16T14:44:08+00:00\",\"dateModified\":\"2022-06-09T13:30:42+00:00\",\"breadcrumb\":{\"@id\":\"https:\/\/www.rijeka.hr\/it\/amministrazione-cittadina\/sindaco\/conferenze-stampa\/#breadcrumb\"},\"inLanguage\":\"it-IT\",\"potentialAction\":[{\"@type\":\"ReadAction\",\"target\":[\"https:\/\/www.rijeka.hr\/it\/amministrazione-cittadina\/sindaco\/conferenze-stampa\/\"]}]},{\"@type\":\"BreadcrumbList\",\"@id\":\"https:\/\/www.rijeka.hr\/it\/amministrazione-cittadina\/sindaco\/conferenze-stampa\/#breadcrumb\",\"itemListElement\":[{\"@type\":\"ListItem\",\"position\":1,\"name\":\"Po\u010detna stranica\",\"item\":\"https:\/\/www.rijeka.hr\/it\/\"},{\"@type\":\"ListItem\",\"position\":2,\"name\":\"Amministrazione cittadina\",\"item\":\"https:\/\/www.rijeka.hr\/it\/amministrazione-cittadina\/\"},{\"@type\":\"ListItem\",\"position\":3,\"name\":\"Sindaco\",\"item\":\"https:\/\/www.rijeka.hr\/it\/amministrazione-cittadina\/sindaco\/\"},{\"@type\":\"ListItem\",\"position\":4,\"name\":\"Conferenze stampa\"}]},{\"@type\":\"WebSite\",\"@id\":\"https:\/\/www.rijeka.hr\/it\/#website\",\"url\":\"https:\/\/www.rijeka.hr\/it\/\",\"name\":\"Citt\u00e0 di Fiume\",\"description\":\"Portale web della Citta&#039; di Fiume\",\"potentialAction\":[{\"@type\":\"SearchAction\",\"target\":{\"@type\":\"EntryPoint\",\"urlTemplate\":\"https:\/\/www.rijeka.hr\/it\/?s={search_term_string}\"},\"query-input\":{\"@type\":\"PropertyValueSpecification\",\"valueRequired\":true,\"valueName\":\"search_term_string\"}}],\"inLanguage\":\"it-IT\"}]}<\/script>\n<!-- \/ Yoast SEO plugin. -->","yoast_head_json":{"title":"Conferenze stampa - Citt\u00e0 di Fiume","robots":{"index":"index","follow":"follow","max-snippet":"max-snippet:-1","max-image-preview":"max-image-preview:large","max-video-preview":"max-video-preview:-1"},"canonical":"https:\/\/www.rijeka.hr\/it\/amministrazione-cittadina\/sindaco\/conferenze-stampa\/","og_locale":"it_IT","og_type":"article","og_title":"Conferenze stampa - Citt\u00e0 di Fiume","og_url":"https:\/\/www.rijeka.hr\/it\/amministrazione-cittadina\/sindaco\/conferenze-stampa\/","og_site_name":"Citt\u00e0 di Fiume","article_modified_time":"2022-06-09T13:30:42+00:00","twitter_card":"summary_large_image","schema":{"@context":"https:\/\/schema.org","@graph":[{"@type":"WebPage","@id":"https:\/\/www.rijeka.hr\/it\/amministrazione-cittadina\/sindaco\/conferenze-stampa\/","url":"https:\/\/www.rijeka.hr\/it\/amministrazione-cittadina\/sindaco\/conferenze-stampa\/","name":"Conferenze stampa - Citt\u00e0 di Fiume","isPartOf":{"@id":"https:\/\/www.rijeka.hr\/it\/#website"},"datePublished":"2016-11-16T14:44:08+00:00","dateModified":"2022-06-09T13:30:42+00:00","breadcrumb":{"@id":"https:\/\/www.rijeka.hr\/it\/amministrazione-cittadina\/sindaco\/conferenze-stampa\/#breadcrumb"},"inLanguage":"it-IT","potentialAction":[{"@type":"ReadAction","target":["https:\/\/www.rijeka.hr\/it\/amministrazione-cittadina\/sindaco\/conferenze-stampa\/"]}]},{"@type":"BreadcrumbList","@id":"https:\/\/www.rijeka.hr\/it\/amministrazione-cittadina\/sindaco\/conferenze-stampa\/#breadcrumb","itemListElement":[{"@type":"ListItem","position":1,"name":"Po\u010detna stranica","item":"https:\/\/www.rijeka.hr\/it\/"},{"@type":"ListItem","position":2,"name":"Amministrazione cittadina","item":"https:\/\/www.rijeka.hr\/it\/amministrazione-cittadina\/"},{"@type":"ListItem","position":3,"name":"Sindaco","item":"https:\/\/www.rijeka.hr\/it\/amministrazione-cittadina\/sindaco\/"},{"@type":"ListItem","position":4,"name":"Conferenze stampa"}]},{"@type":"WebSite","@id":"https:\/\/www.rijeka.hr\/it\/#website","url":"https:\/\/www.rijeka.hr\/it\/","name":"Citt\u00e0 di Fiume","description":"Portale web della Citta&#039; di Fiume","potentialAction":[{"@type":"SearchAction","target":{"@type":"EntryPoint","urlTemplate":"https:\/\/www.rijeka.hr\/it\/?s={search_term_string}"},"query-input":{"@type":"PropertyValueSpecification","valueRequired":true,"valueName":"search_term_string"}}],"inLanguage":"it-IT"}]}},"_links":{"self":[{"href":"https:\/\/www.rijeka.hr\/it\/wp-json\/wp\/v2\/pages\/2309","targetHints":{"allow":["GET"]}}],"collection":[{"href":"https:\/\/www.rijeka.hr\/it\/wp-json\/wp\/v2\/pages"}],"about":[{"href":"https:\/\/www.rijeka.hr\/it\/wp-json\/wp\/v2\/types\/page"}],"author":[{"embeddable":true,"href":"https:\/\/www.rijeka.hr\/it\/wp-json\/wp\/v2\/users\/2"}],"replies":[{"embeddable":true,"href":"https:\/\/www.rijeka.hr\/it\/wp-json\/wp\/v2\/comments?post=2309"}],"version-history":[{"count":4,"href":"https:\/\/www.rijeka.hr\/it\/wp-json\/wp\/v2\/pages\/2309\/revisions"}],"predecessor-version":[{"id":15150,"href":"https:\/\/www.rijeka.hr\/it\/wp-json\/wp\/v2\/pages\/2309\/revisions\/15150"}],"up":[{"embeddable":true,"href":"https:\/\/www.rijeka.hr\/it\/wp-json\/wp\/v2\/pages\/1733"}],"wp:attachment":[{"href":"https:\/\/www.rijeka.hr\/it\/wp-json\/wp\/v2\/media?parent=2309"}],"wp:term":[{"taxonomy":"post_tag","embeddable":true,"href":"https:\/\/www.rijeka.hr\/it\/wp-json\/wp\/v2\/tags?post=2309"}],"curies":[{"name":"wp","href":"https:\/\/api.w.org\/{rel}","templated":true}]}}